{"id":10602,"date":"2014-09-04T19:01:32","date_gmt":"2014-09-04T19:01:32","guid":{"rendered":"http:\/\/avada.theme-fusion.comxml\/?page_id=10602"},"modified":"2021-07-05T10:45:33","modified_gmt":"2021-07-05T13:45:33","slug":"blog-3","status":"publish","type":"page","link":"https:\/\/www.formularium.com.br\/inform\/","title":{"rendered":"Blog"},"content":{"rendered":"<div class=\"fusion-fullwidth fullwidth-box fusion-builder-row-1 nonhundred-percent-fullwidth non-hundred-percent-height-scrolling\" style=\"--awb-background-position:left top;--awb-border-sizes-top:0px;--awb-border-sizes-bottom:0px;--awb-border-sizes-left:0px;--awb-border-sizes-right:0px;--awb-border-radius-top-left:0px;--awb-border-radius-top-right:0px;--awb-border-radius-bottom-right:0px;--awb-border-radius-bottom-left:0px;--awb-padding-top:15px;--awb-padding-bottom:70px;--awb-flex-wrap:wrap;\" ><div class=\"fusion-builder-row fusion-row\"><div class=\"fusion-layout-column fusion_builder_column fusion-builder-column-0 fusion_builder_column_1_1 1_1 fusion-one-full fusion-column-first fusion-column-last fusion-column-no-min-height\" style=\"--awb-bg-size:cover;--awb-margin-bottom:0px;\"><div class=\"fusion-column-wrapper fusion-flex-column-wrapper-legacy\"><div class=\"fusion-widget-area awb-widget-area-element fusion-widget-area-1 fusion-content-widget-area\" style=\"--awb-title-size:;--awb-title-color:#333333;--awb-padding:0px 0px 0px 0px;\"><div id=\"is_widget-3\" class=\"widget widget_is_search widget_search\" style=\"border-style: solid;border-color:transparent;border-width:0px;\"><form data-min-no-for-search=1 data-result-box-max-height=400 data-form-id=15525 class=\"is-search-form is-form-style is-form-style-3 is-form-id-15525 is-ajax-search\" action=\"https:\/\/www.formularium.com.br\/inform\/\" method=\"get\" role=\"search\" ><label for=\"is-search-input-15525\"><span class=\"is-screen-reader-text\">Search for:<\/span><input  type=\"search\" id=\"is-search-input-15525\" name=\"s\" value=\"\" class=\"is-search-input\" placeholder=\"Pesquisar...\" autocomplete=off \/><span class=\"is-loader-image\" style=\"display: none;background-image:url(https:\/\/www.formularium.com.br\/inform\/wp-content\/plugins\/add-search-to-menu\/public\/images\/spinner.gif);\" ><\/span><\/label><button type=\"submit\" class=\"is-search-submit\"><span class=\"is-screen-reader-text\">Search Button<\/span><span class=\"is-search-icon\"><svg focusable=\"false\" aria-label=\"Search\" xmlns=\"http:\/\/www.w3.org\/2000\/svg\" viewBox=\"0 0 24 24\" width=\"24px\"><path d=\"M15.5 14h-.79l-.28-.27C15.41 12.59 16 11.11 16 9.5 16 5.91 13.09 3 9.5 3S3 5.91 3 9.5 5.91 16 9.5 16c1.61 0 3.09-.59 4.23-1.57l.27.28v.79l5 4.99L20.49 19l-4.99-5zm-6 0C7.01 14 5 11.99 5 9.5S7.01 5 9.5 5 14 7.01 14 9.5 11.99 14 9.5 14z\"><\/path><\/svg><\/span><\/button><input type=\"hidden\" name=\"id\" value=\"15525\" \/><input type=\"hidden\" name=\"post_type\" value=\"post\" \/><\/form><\/div><div class=\"fusion-additional-widget-content\"><\/div><\/div><div class=\"fusion-blog-shortcode fusion-blog-shortcode-1 fusion-blog-archive fusion-blog-layout-grid-wrapper fusion-blog-infinite myGrid\"><style type=\"text\/css\">.fusion-blog-shortcode-1 .fusion-blog-layout-grid .fusion-post-grid{padding:20px;}.fusion-blog-shortcode-1 .fusion-posts-container{margin-left: -20px !important; margin-right:-20px !important;}<\/style><div class=\"fusion-posts-container fusion-posts-container-infinite fusion-blog-rollover fusion-blog-layout-grid fusion-blog-layout-grid-3 isotope\" data-pages=\"276\" data-grid-col-space=\"40\" style=\"margin: -20px -20px 0;min-height:500px;\"><article id=\"blog-1-post-19030\" class=\"fusion-post-grid fusion-sticky post-19030 post type-post status-publish format-standard has-post-thumbnail hentry category-informe-saude tag-agorafobia tag-ansiedade tag-tipos-de-ansiedade\">\n<div class=\"fusion-post-wrapper\" style=\"background-color:rgba(255,255,255,0);border:1px solid #ebeaea;border-bottom-width:3px;\">\n\n\t\t\t<div class=\"fusion-flexslider flexslider fusion-flexslider-loading fusion-post-slideshow\" style=\"border-color:#ebeaea;\">\n\t\t<ul class=\"slides\">\n\t\t\t\n\t\t\t\t\t\t\t\t\t\t\t\t\t\t<li><div  class=\"fusion-image-wrapper\" aria-haspopup=\"true\">\n\t\t\t\t<img decoding=\"async\" width=\"3864\" height=\"2576\" src=\"https:\/\/www.formularium.com.br\/inform\/wp-content\/uploads\/2022\/08\/iStock-1180549288.jpg\" class=\"attachment-full size-full lazyload wp-post-image\" alt=\"Os tipos de ansiedade geram muitas d\u00favidas na maioria das pessoas. Por isso, \u00e9 necess\u00e1rio entender como ela se manifesta, seus tipos e os tratamentos ideais!\" srcset=\"data:image\/svg+xml,%3Csvg%20xmlns%3D%27http%3A%2F%2Fwww.w3.org%2F2000%2Fsvg%27%20width%3D%273864%27%20height%3D%272576%27%20viewBox%3D%270%200%203864%202576%27%3E%3Crect%20width%3D%273864%27%20height%3D%272576%27%20fill-opacity%3D%220%22%2F%3E%3C%2Fsvg%3E\" data-orig-src=\"https:\/\/www.formularium.com.br\/inform\/wp-content\/uploads\/2022\/08\/iStock-1180549288.jpg\" data-srcset=\"https:\/\/www.formularium.com.br\/inform\/wp-content\/uploads\/2022\/08\/iStock-1180549288-200x133.jpg 200w, https:\/\/www.formularium.com.br\/inform\/wp-content\/uploads\/2022\/08\/iStock-1180549288-400x267.jpg 400w, https:\/\/www.formularium.com.br\/inform\/wp-content\/uploads\/2022\/08\/iStock-1180549288-600x400.jpg 600w, https:\/\/www.formularium.com.br\/inform\/wp-content\/uploads\/2022\/08\/iStock-1180549288-800x533.jpg 800w, https:\/\/www.formularium.com.br\/inform\/wp-content\/uploads\/2022\/08\/iStock-1180549288-1200x800.jpg 1200w, https:\/\/www.formularium.com.br\/inform\/wp-content\/uploads\/2022\/08\/iStock-1180549288.jpg 3864w\" data-sizes=\"auto\" \/><div class=\"fusion-rollover\">\n\t<div class=\"fusion-rollover-content\">\n\n\t\t\t\t\t\t\t\t\t\t\t\t\t\t<a class=\"fusion-rollover-link\" href=\"https:\/\/www.formularium.com.br\/inform\/informe-saude\/tipos-de-ansiedade-conheca-os-principais-e-saiba-como-trata-los\/\">Tipos de ansiedade: conhe\u00e7a os principais e saiba como trat\u00e1-los<\/a>\n\t\t\t\n\t\t\t\t\t\t\t\t\n\t\t\n\t\t\t\t\t\t\t\t\t\t\t\t<h4 class=\"fusion-rollover-title\">\n\t\t\t\t\t<a class=\"fusion-rollover-title-link\" href=\"https:\/\/www.formularium.com.br\/inform\/informe-saude\/tipos-de-ansiedade-conheca-os-principais-e-saiba-como-trata-los\/\">\n\t\t\t\t\t\tTipos de ansiedade: conhe\u00e7a os principais e saiba como trat\u00e1-los\t\t\t\t\t<\/a>\n\t\t\t\t<\/h4>\n\t\t\t\n\t\t\t\t\t\t\t\t\t\t<div class=\"fusion-rollover-categories\"><a href=\"https:\/\/www.formularium.com.br\/inform\/categoria\/informe-saude\/\" rel=\"tag\">Informe Sa\u00fade<\/a><\/div>\t\t\t\t\t\n\t\t\n\t\t\t\t\t\t<a class=\"fusion-link-wrapper\" href=\"https:\/\/www.formularium.com.br\/inform\/informe-saude\/tipos-de-ansiedade-conheca-os-principais-e-saiba-como-trata-los\/\" aria-label=\"Tipos de ansiedade: conhe\u00e7a os principais e saiba como trat\u00e1-los\"><\/a>\n\t<\/div>\n<\/div>\n<\/div>\n<\/li>\n\t\t\t\n\t\t\t\n\t\t\t\t\t\t\t\t\t\t\t\t\t\t\t\t\t\t\t\t\t\t\t\t\t\t\t\t\t\t\t\t\t\t\t\t\t\t\t\t\t\t\t\t\t\t\t\t\t\t\t\t\t\t\t\t\t\t\t\t\t\t\t\t\t\t\t\t<\/ul>\n\t<\/div>\n\t<div class=\"fusion-post-content-wrapper\" style=\"padding:30px 25px 20px 25px;\"><div class=\"fusion-post-content post-content\"><h2 class=\"blog-shortcode-post-title entry-title\"><a href=\"https:\/\/www.formularium.com.br\/inform\/informe-saude\/tipos-de-ansiedade-conheca-os-principais-e-saiba-como-trata-los\/\">Tipos de ansiedade: conhe\u00e7a os principais e saiba como trat\u00e1-los<\/a><\/h2><p class=\"fusion-single-line-meta\"><span class=\"vcard\" style=\"display: none;\"><span class=\"fn\"><a href=\"https:\/\/www.formularium.com.br\/inform\/author\/louise\/\" title=\"Posts de Autor\" rel=\"author\">Autor<\/a><\/span><\/span><span class=\"updated\" style=\"display:none;\">2024-07-19T11:55:33-03:00<\/span>Categorias: <a href=\"https:\/\/www.formularium.com.br\/inform\/categoria\/informe-saude\/\" rel=\"category tag\">Informe Sa\u00fade<\/a><span class=\"fusion-inline-sep\">|<\/span><span class=\"meta-tags\">Tags: <a href=\"https:\/\/www.formularium.com.br\/inform\/tag\/agorafobia\/\" rel=\"tag\">agorafobia<\/a>, <a href=\"https:\/\/www.formularium.com.br\/inform\/tag\/ansiedade\/\" rel=\"tag\">Ansiedade<\/a>, <a href=\"https:\/\/www.formularium.com.br\/inform\/tag\/tipos-de-ansiedade\/\" rel=\"tag\">tipos de ansiedade<\/a><\/span><span class=\"fusion-inline-sep\">|<\/span><\/p><div class=\"fusion-content-sep sep-single sep-solid\"><\/div><div class=\"fusion-post-content-container\"><p>  Conhecida como o mal do s\u00e9culo, a ansiedade \u00e9 um tema que gera [...]<\/p><\/div><\/div><div class=\"fusion-meta-info\"><div class=\"fusion-alignleft\"><a class=\"fusion-read-more\" href=\"https:\/\/www.formularium.com.br\/inform\/informe-saude\/tipos-de-ansiedade-conheca-os-principais-e-saiba-como-trata-los\/\" aria-label=\"More on Tipos de ansiedade: conhe\u00e7a os principais e saiba como trat\u00e1-los\">Ler Mais<\/a><\/div><\/div><\/div><div class=\"fusion-clearfix\"><\/div><\/div>\n<\/article>\n<article id=\"blog-1-post-245\" class=\"fusion-post-grid fusion-sticky post-245 post type-post status-publish format-standard has-post-thumbnail hentry category-informe-saude tag-antioxidantes tag-cha-verde tag-vinho\">\n<div class=\"fusion-post-wrapper\" style=\"background-color:rgba(255,255,255,0);border:1px solid #ebeaea;border-bottom-width:3px;\">\n\n\t\t\t<div class=\"fusion-flexslider flexslider fusion-flexslider-loading fusion-post-slideshow\" style=\"border-color:#ebeaea;\">\n\t\t<ul class=\"slides\">\n\t\t\t\n\t\t\t\t\t\t\t\t\t\t\t\t\t\t<li><div  class=\"fusion-image-wrapper\" aria-haspopup=\"true\">\n\t\t\t\t<img decoding=\"async\" width=\"7008\" height=\"4672\" src=\"https:\/\/www.formularium.com.br\/inform\/wp-content\/uploads\/2014\/05\/person-drinking-kombucha-home-kitchen.jpg\" class=\"attachment-full size-full lazyload wp-post-image\" alt=\"antioxidante\" srcset=\"data:image\/svg+xml,%3Csvg%20xmlns%3D%27http%3A%2F%2Fwww.w3.org%2F2000%2Fsvg%27%20width%3D%277008%27%20height%3D%274672%27%20viewBox%3D%270%200%207008%204672%27%3E%3Crect%20width%3D%277008%27%20height%3D%274672%27%20fill-opacity%3D%220%22%2F%3E%3C%2Fsvg%3E\" data-orig-src=\"https:\/\/www.formularium.com.br\/inform\/wp-content\/uploads\/2014\/05\/person-drinking-kombucha-home-kitchen.jpg\" data-srcset=\"https:\/\/www.formularium.com.br\/inform\/wp-content\/uploads\/2014\/05\/person-drinking-kombucha-home-kitchen-200x133.jpg 200w, https:\/\/www.formularium.com.br\/inform\/wp-content\/uploads\/2014\/05\/person-drinking-kombucha-home-kitchen-400x267.jpg 400w, https:\/\/www.formularium.com.br\/inform\/wp-content\/uploads\/2014\/05\/person-drinking-kombucha-home-kitchen-600x400.jpg 600w, https:\/\/www.formularium.com.br\/inform\/wp-content\/uploads\/2014\/05\/person-drinking-kombucha-home-kitchen-800x533.jpg 800w, https:\/\/www.formularium.com.br\/inform\/wp-content\/uploads\/2014\/05\/person-drinking-kombucha-home-kitchen-1200x800.jpg 1200w, https:\/\/www.formularium.com.br\/inform\/wp-content\/uploads\/2014\/05\/person-drinking-kombucha-home-kitchen.jpg 7008w\" data-sizes=\"auto\" \/><div class=\"fusion-rollover\">\n\t<div class=\"fusion-rollover-content\">\n\n\t\t\t\t\t\t\t\t\t\t\t\t\t\t<a class=\"fusion-rollover-link\" href=\"https:\/\/www.formularium.com.br\/inform\/informe-saude\/antioxidantes-que-combatem-a-obesidade\/\">Antioxidantes que combatem a obesidade<\/a>\n\t\t\t\n\t\t\t\t\t\t\t\t\n\t\t\n\t\t\t\t\t\t\t\t\t\t\t\t<h4 class=\"fusion-rollover-title\">\n\t\t\t\t\t<a class=\"fusion-rollover-title-link\" href=\"https:\/\/www.formularium.com.br\/inform\/informe-saude\/antioxidantes-que-combatem-a-obesidade\/\">\n\t\t\t\t\t\tAntioxidantes que combatem a obesidade\t\t\t\t\t<\/a>\n\t\t\t\t<\/h4>\n\t\t\t\n\t\t\t\t\t\t\t\t\t\t<div class=\"fusion-rollover-categories\"><a href=\"https:\/\/www.formularium.com.br\/inform\/categoria\/informe-saude\/\" rel=\"tag\">Informe Sa\u00fade<\/a><\/div>\t\t\t\t\t\n\t\t\n\t\t\t\t\t\t<a class=\"fusion-link-wrapper\" href=\"https:\/\/www.formularium.com.br\/inform\/informe-saude\/antioxidantes-que-combatem-a-obesidade\/\" aria-label=\"Antioxidantes que combatem a obesidade\"><\/a>\n\t<\/div>\n<\/div>\n<\/div>\n<\/li>\n\t\t\t\n\t\t\t\n\t\t\t\t\t\t\t\t\t\t\t\t\t\t\t\t\t\t\t\t\t\t\t\t\t\t\t\t\t\t\t\t\t\t\t\t\t\t\t\t\t\t\t\t\t\t\t\t\t\t\t\t\t\t\t\t\t\t\t\t\t\t\t\t\t\t\t\t<\/ul>\n\t<\/div>\n\t<div class=\"fusion-post-content-wrapper\" style=\"padding:30px 25px 20px 25px;\"><div class=\"fusion-post-content post-content\"><h2 class=\"blog-shortcode-post-title entry-title\"><a href=\"https:\/\/www.formularium.com.br\/inform\/informe-saude\/antioxidantes-que-combatem-a-obesidade\/\">Antioxidantes que combatem a obesidade<\/a><\/h2><p class=\"fusion-single-line-meta\"><span class=\"vcard\" style=\"display: none;\"><span class=\"fn\"><a href=\"https:\/\/www.formularium.com.br\/inform\/author\/admin\/\" title=\"Posts de admin\" rel=\"author\">admin<\/a><\/span><\/span><span class=\"updated\" style=\"display:none;\">2024-06-28T16:20:50-03:00<\/span>Categorias: <a href=\"https:\/\/www.formularium.com.br\/inform\/categoria\/informe-saude\/\" rel=\"category tag\">Informe Sa\u00fade<\/a><span class=\"fusion-inline-sep\">|<\/span><span class=\"meta-tags\">Tags: <a href=\"https:\/\/www.formularium.com.br\/inform\/tag\/antioxidantes\/\" rel=\"tag\">Antioxidantes<\/a>, <a href=\"https:\/\/www.formularium.com.br\/inform\/tag\/cha-verde\/\" rel=\"tag\">Ch\u00e1 verde<\/a>, <a href=\"https:\/\/www.formularium.com.br\/inform\/tag\/vinho\/\" rel=\"tag\">Vinho<\/a><\/span><span class=\"fusion-inline-sep\">|<\/span><\/p><div class=\"fusion-content-sep sep-single sep-solid\"><\/div><div class=\"fusion-post-content-container\"><p> Os antioxidantes t\u00eam ganhado destaque nos debates sobre sa\u00fade e nutri\u00e7\u00e3o devido ao seu [...]<\/p><\/div><\/div><div class=\"fusion-meta-info\"><div class=\"fusion-alignleft\"><a class=\"fusion-read-more\" href=\"https:\/\/www.formularium.com.br\/inform\/informe-saude\/antioxidantes-que-combatem-a-obesidade\/\" aria-label=\"More on Antioxidantes que combatem a obesidade\">Ler Mais<\/a><\/div><\/div><\/div><div class=\"fusion-clearfix\"><\/div><\/div>\n<\/article>\n<article id=\"blog-1-post-19286\" class=\"fusion-post-grid fusion-sticky post-19286 post type-post status-publish format-standard has-post-thumbnail hentry category-informe-saude tag-criancas tag-medicamentos tag-pediatria tag-remedio-para-crianca\">\n<div class=\"fusion-post-wrapper\" style=\"background-color:rgba(255,255,255,0);border:1px solid #ebeaea;border-bottom-width:3px;\">\n\n\t\t\t<div class=\"fusion-flexslider flexslider fusion-flexslider-loading fusion-post-slideshow\" style=\"border-color:#ebeaea;\">\n\t\t<ul class=\"slides\">\n\t\t\t\n\t\t\t\t\t\t\t\t\t\t\t\t\t\t<li><div  class=\"fusion-image-wrapper\" aria-haspopup=\"true\">\n\t\t\t\t<img decoding=\"async\" width=\"3863\" height=\"2578\" src=\"https:\/\/www.formularium.com.br\/inform\/wp-content\/uploads\/2022\/10\/iStock-862156040.jpg\" class=\"attachment-full size-full lazyload wp-post-image\" alt=\"rem\u00e9dio para crian\u00e7a\" srcset=\"data:image\/svg+xml,%3Csvg%20xmlns%3D%27http%3A%2F%2Fwww.w3.org%2F2000%2Fsvg%27%20width%3D%273863%27%20height%3D%272578%27%20viewBox%3D%270%200%203863%202578%27%3E%3Crect%20width%3D%273863%27%20height%3D%272578%27%20fill-opacity%3D%220%22%2F%3E%3C%2Fsvg%3E\" data-orig-src=\"https:\/\/www.formularium.com.br\/inform\/wp-content\/uploads\/2022\/10\/iStock-862156040.jpg\" data-srcset=\"https:\/\/www.formularium.com.br\/inform\/wp-content\/uploads\/2022\/10\/iStock-862156040-200x133.jpg 200w, https:\/\/www.formularium.com.br\/inform\/wp-content\/uploads\/2022\/10\/iStock-862156040-400x267.jpg 400w, https:\/\/www.formularium.com.br\/inform\/wp-content\/uploads\/2022\/10\/iStock-862156040-600x400.jpg 600w, https:\/\/www.formularium.com.br\/inform\/wp-content\/uploads\/2022\/10\/iStock-862156040-800x534.jpg 800w, https:\/\/www.formularium.com.br\/inform\/wp-content\/uploads\/2022\/10\/iStock-862156040-1200x801.jpg 1200w, https:\/\/www.formularium.com.br\/inform\/wp-content\/uploads\/2022\/10\/iStock-862156040.jpg 3863w\" data-sizes=\"auto\" \/><div class=\"fusion-rollover\">\n\t<div class=\"fusion-rollover-content\">\n\n\t\t\t\t\t\t\t\t\t\t\t\t\t\t<a class=\"fusion-rollover-link\" href=\"https:\/\/www.formularium.com.br\/inform\/informe-saude\/como-dar-remedio-para-crianca\/\">Como dar rem\u00e9dio para crian\u00e7a?<\/a>\n\t\t\t\n\t\t\t\t\t\t\t\t\n\t\t\n\t\t\t\t\t\t\t\t\t\t\t\t<h4 class=\"fusion-rollover-title\">\n\t\t\t\t\t<a class=\"fusion-rollover-title-link\" href=\"https:\/\/www.formularium.com.br\/inform\/informe-saude\/como-dar-remedio-para-crianca\/\">\n\t\t\t\t\t\tComo dar rem\u00e9dio para crian\u00e7a?\t\t\t\t\t<\/a>\n\t\t\t\t<\/h4>\n\t\t\t\n\t\t\t\t\t\t\t\t\t\t<div class=\"fusion-rollover-categories\"><a href=\"https:\/\/www.formularium.com.br\/inform\/categoria\/informe-saude\/\" rel=\"tag\">Informe Sa\u00fade<\/a><\/div>\t\t\t\t\t\n\t\t\n\t\t\t\t\t\t<a class=\"fusion-link-wrapper\" href=\"https:\/\/www.formularium.com.br\/inform\/informe-saude\/como-dar-remedio-para-crianca\/\" aria-label=\"Como dar rem\u00e9dio para crian\u00e7a?\"><\/a>\n\t<\/div>\n<\/div>\n<\/div>\n<\/li>\n\t\t\t\n\t\t\t\n\t\t\t\t\t\t\t\t\t\t\t\t\t\t\t\t\t\t\t\t\t\t\t\t\t\t\t\t\t\t\t\t\t\t\t\t\t\t\t\t\t\t\t\t\t\t\t\t\t\t\t\t\t\t\t\t\t\t\t\t\t\t\t\t\t\t\t\t<\/ul>\n\t<\/div>\n\t<div class=\"fusion-post-content-wrapper\" style=\"padding:30px 25px 20px 25px;\"><div class=\"fusion-post-content post-content\"><h2 class=\"blog-shortcode-post-title entry-title\"><a href=\"https:\/\/www.formularium.com.br\/inform\/informe-saude\/como-dar-remedio-para-crianca\/\">Como dar rem\u00e9dio para crian\u00e7a?<\/a><\/h2><p class=\"fusion-single-line-meta\"><span class=\"vcard\" style=\"display: none;\"><span class=\"fn\"><a href=\"https:\/\/www.formularium.com.br\/inform\/author\/admin\/\" title=\"Posts de admin\" rel=\"author\">admin<\/a><\/span><\/span><span class=\"updated\" style=\"display:none;\">2024-06-06T10:17:52-03:00<\/span>Categorias: <a href=\"https:\/\/www.formularium.com.br\/inform\/categoria\/informe-saude\/\" rel=\"category tag\">Informe Sa\u00fade<\/a><span class=\"fusion-inline-sep\">|<\/span><span class=\"meta-tags\">Tags: <a href=\"https:\/\/www.formularium.com.br\/inform\/tag\/criancas\/\" rel=\"tag\">Crian\u00e7as<\/a>, <a href=\"https:\/\/www.formularium.com.br\/inform\/tag\/medicamentos\/\" rel=\"tag\">Medicamentos<\/a>, <a href=\"https:\/\/www.formularium.com.br\/inform\/tag\/pediatria\/\" rel=\"tag\">Pediatria<\/a>, <a href=\"https:\/\/www.formularium.com.br\/inform\/tag\/remedio-para-crianca\/\" rel=\"tag\">rem\u00e9dio para crian\u00e7a<\/a><\/span><span class=\"fusion-inline-sep\">|<\/span><\/p><div class=\"fusion-content-sep sep-single sep-solid\"><\/div><div class=\"fusion-post-content-container\"><p> Nem sempre \u00e9 f\u00e1cil oferecer rem\u00e9dio para crian\u00e7a prescritos pelo pediatra.\u00a0 Muitas vezes, a [...]<\/p><\/div><\/div><div class=\"fusion-meta-info\"><div class=\"fusion-alignleft\"><a class=\"fusion-read-more\" href=\"https:\/\/www.formularium.com.br\/inform\/informe-saude\/como-dar-remedio-para-crianca\/\" aria-label=\"More on Como dar rem\u00e9dio para crian\u00e7a?\">Ler Mais<\/a><\/div><\/div><\/div><div class=\"fusion-clearfix\"><\/div><\/div>\n<\/article>\n<article id=\"blog-1-post-194\" class=\"fusion-post-grid fusion-sticky post-194 post type-post status-publish format-image has-post-thumbnail hentry category-informe-saude tag-alimentacao tag-longevidade tag-saude post_format-post-format-image\">\n<div class=\"fusion-post-wrapper\" style=\"background-color:rgba(255,255,255,0);border:1px solid #ebeaea;border-bottom-width:3px;\">\n\n\t\t\t<div class=\"fusion-flexslider flexslider fusion-flexslider-loading fusion-post-slideshow\" style=\"border-color:#ebeaea;\">\n\t\t<ul class=\"slides\">\n\t\t\t\n\t\t\t\t\t\t\t\t\t\t\t\t\t\t<li><div  class=\"fusion-image-wrapper\" aria-haspopup=\"true\">\n\t\t\t\t<img decoding=\"async\" width=\"4928\" height=\"3264\" src=\"https:\/\/www.formularium.com.br\/inform\/wp-content\/uploads\/2024\/04\/close-up-hyaluronic-acid-tratment.jpg\" class=\"attachment-full size-full lazyload wp-post-image\" alt=\"\u00c1cido graxo\" srcset=\"data:image\/svg+xml,%3Csvg%20xmlns%3D%27http%3A%2F%2Fwww.w3.org%2F2000%2Fsvg%27%20width%3D%274928%27%20height%3D%273264%27%20viewBox%3D%270%200%204928%203264%27%3E%3Crect%20width%3D%274928%27%20height%3D%273264%27%20fill-opacity%3D%220%22%2F%3E%3C%2Fsvg%3E\" data-orig-src=\"https:\/\/www.formularium.com.br\/inform\/wp-content\/uploads\/2024\/04\/close-up-hyaluronic-acid-tratment.jpg\" data-srcset=\"https:\/\/www.formularium.com.br\/inform\/wp-content\/uploads\/2024\/04\/close-up-hyaluronic-acid-tratment-200x132.jpg 200w, https:\/\/www.formularium.com.br\/inform\/wp-content\/uploads\/2024\/04\/close-up-hyaluronic-acid-tratment-400x265.jpg 400w, https:\/\/www.formularium.com.br\/inform\/wp-content\/uploads\/2024\/04\/close-up-hyaluronic-acid-tratment-600x397.jpg 600w, https:\/\/www.formularium.com.br\/inform\/wp-content\/uploads\/2024\/04\/close-up-hyaluronic-acid-tratment-800x530.jpg 800w, https:\/\/www.formularium.com.br\/inform\/wp-content\/uploads\/2024\/04\/close-up-hyaluronic-acid-tratment-1200x795.jpg 1200w, https:\/\/www.formularium.com.br\/inform\/wp-content\/uploads\/2024\/04\/close-up-hyaluronic-acid-tratment.jpg 4928w\" data-sizes=\"auto\" \/><div class=\"fusion-rollover\">\n\t<div class=\"fusion-rollover-content\">\n\n\t\t\t\t\t\t\t\t\t\t\t\t\t\t<a class=\"fusion-rollover-link\" href=\"https:\/\/www.formularium.com.br\/inform\/informe-saude\/a-energia-dos-acidos-graxos-de-cadeia-media-tcm\/\">O que s\u00e3o \u00e1cidos graxos e qual sua fun\u00e7\u00e3o no corpo?<\/a>\n\t\t\t\n\t\t\t\t\t\t\t\t\n\t\t\n\t\t\t\t\t\t\t\t\t\t\t\t<h4 class=\"fusion-rollover-title\">\n\t\t\t\t\t<a class=\"fusion-rollover-title-link\" href=\"https:\/\/www.formularium.com.br\/inform\/informe-saude\/a-energia-dos-acidos-graxos-de-cadeia-media-tcm\/\">\n\t\t\t\t\t\tO que s\u00e3o \u00e1cidos graxos e qual sua fun\u00e7\u00e3o no corpo?\t\t\t\t\t<\/a>\n\t\t\t\t<\/h4>\n\t\t\t\n\t\t\t\t\t\t\t\t\t\t<div class=\"fusion-rollover-categories\"><a href=\"https:\/\/www.formularium.com.br\/inform\/categoria\/informe-saude\/\" rel=\"tag\">Informe Sa\u00fade<\/a><\/div>\t\t\t\t\t\n\t\t\n\t\t\t\t\t\t<a class=\"fusion-link-wrapper\" href=\"https:\/\/www.formularium.com.br\/inform\/informe-saude\/a-energia-dos-acidos-graxos-de-cadeia-media-tcm\/\" aria-label=\"O que s\u00e3o \u00e1cidos graxos e qual sua fun\u00e7\u00e3o no corpo?\"><\/a>\n\t<\/div>\n<\/div>\n<\/div>\n<\/li>\n\t\t\t\n\t\t\t\n\t\t\t\t\t\t\t\t\t\t\t\t\t\t\t\t\t\t\t\t\t\t\t\t\t\t\t\t\t\t\t\t\t\t\t\t\t\t\t\t\t\t\t\t\t\t\t\t\t\t\t\t\t\t\t\t\t\t\t\t\t\t\t\t\t\t\t\t<\/ul>\n\t<\/div>\n\t<div class=\"fusion-post-content-wrapper\" style=\"padding:30px 25px 20px 25px;\"><div class=\"fusion-post-content post-content\"><h2 class=\"blog-shortcode-post-title entry-title\"><a href=\"https:\/\/www.formularium.com.br\/inform\/informe-saude\/a-energia-dos-acidos-graxos-de-cadeia-media-tcm\/\">O que s\u00e3o \u00e1cidos graxos e qual sua fun\u00e7\u00e3o no corpo?<\/a><\/h2><p class=\"fusion-single-line-meta\"><span class=\"vcard\" style=\"display: none;\"><span class=\"fn\"><a href=\"https:\/\/www.formularium.com.br\/inform\/author\/admin\/\" title=\"Posts de admin\" rel=\"author\">admin<\/a><\/span><\/span><span class=\"updated\" style=\"display:none;\">2024-04-24T11:46:28-03:00<\/span>Categorias: <a href=\"https:\/\/www.formularium.com.br\/inform\/categoria\/informe-saude\/\" rel=\"category tag\">Informe Sa\u00fade<\/a><span class=\"fusion-inline-sep\">|<\/span><span class=\"meta-tags\">Tags: <a href=\"https:\/\/www.formularium.com.br\/inform\/tag\/alimentacao\/\" rel=\"tag\">Alimenta\u00e7\u00e3o<\/a>, <a href=\"https:\/\/www.formularium.com.br\/inform\/tag\/longevidade\/\" rel=\"tag\">Longevidade<\/a>, <a href=\"https:\/\/www.formularium.com.br\/inform\/tag\/saude\/\" rel=\"tag\">Sa\u00fade<\/a><\/span><span class=\"fusion-inline-sep\">|<\/span><\/p><div class=\"fusion-content-sep sep-single sep-solid\"><\/div><div class=\"fusion-post-content-container\"><p> Os \u00e1cidos graxos servem como fonte de energia, transportam vitaminas lipossol\u00faveis e regulam processos [...]<\/p><\/div><\/div><div class=\"fusion-meta-info\"><div class=\"fusion-alignleft\"><a class=\"fusion-read-more\" href=\"https:\/\/www.formularium.com.br\/inform\/informe-saude\/a-energia-dos-acidos-graxos-de-cadeia-media-tcm\/\" aria-label=\"More on O que s\u00e3o \u00e1cidos graxos e qual sua fun\u00e7\u00e3o no corpo?\">Ler Mais<\/a><\/div><\/div><\/div><div class=\"fusion-clearfix\"><\/div><\/div>\n<\/article>\n<article id=\"blog-1-post-13028\" class=\"fusion-post-grid fusion-sticky post-13028 post type-post status-publish format-standard has-post-thumbnail hentry category-profissionais-da-saude\">\n<div class=\"fusion-post-wrapper\" style=\"background-color:rgba(255,255,255,0);border:1px solid #ebeaea;border-bottom-width:3px;\">\n\n\t\t\t<div class=\"fusion-flexslider flexslider fusion-flexslider-loading fusion-post-slideshow\" style=\"border-color:#ebeaea;\">\n\t\t<ul class=\"slides\">\n\t\t\t\n\t\t\t\t\t\t\t\t\t\t\t\t\t\t<li><div  class=\"fusion-image-wrapper\" aria-haspopup=\"true\">\n\t\t\t\t<img decoding=\"async\" width=\"794\" height=\"418\" src=\"https:\/\/www.formularium.com.br\/inform\/wp-content\/uploads\/2018\/11\/bundas.png\" class=\"attachment-full size-full lazyload wp-post-image\" alt=\"Tratamento da Celulite - Estrat\u00e9gias com A\u00e7\u00e3o na Fibrose do Tecido Conjuntivo\" srcset=\"data:image\/svg+xml,%3Csvg%20xmlns%3D%27http%3A%2F%2Fwww.w3.org%2F2000%2Fsvg%27%20width%3D%27794%27%20height%3D%27418%27%20viewBox%3D%270%200%20794%20418%27%3E%3Crect%20width%3D%27794%27%20height%3D%27418%27%20fill-opacity%3D%220%22%2F%3E%3C%2Fsvg%3E\" data-orig-src=\"https:\/\/www.formularium.com.br\/inform\/wp-content\/uploads\/2018\/11\/bundas.png\" data-srcset=\"https:\/\/www.formularium.com.br\/inform\/wp-content\/uploads\/2018\/11\/bundas-200x105.png 200w, https:\/\/www.formularium.com.br\/inform\/wp-content\/uploads\/2018\/11\/bundas-400x211.png 400w, https:\/\/www.formularium.com.br\/inform\/wp-content\/uploads\/2018\/11\/bundas-600x316.png 600w, https:\/\/www.formularium.com.br\/inform\/wp-content\/uploads\/2018\/11\/bundas.png 794w\" data-sizes=\"auto\" \/><div class=\"fusion-rollover\">\n\t<div class=\"fusion-rollover-content\">\n\n\t\t\t\t\t\t\t\t\t\t\t\t\t\t<a class=\"fusion-rollover-link\" href=\"https:\/\/www.formularium.com.br\/inform\/profissionais-da-saude\/tratamentos-que-reduzem-a-aparencia-da-celulite-em-ate-30-dias\/\">7 tratamentos para celulite que proporcionam resultados em at\u00e9 30 dias<\/a>\n\t\t\t\n\t\t\t\t\t\t\t\t\n\t\t\n\t\t\t\t\t\t\t\t\t\t\t\t<h4 class=\"fusion-rollover-title\">\n\t\t\t\t\t<a class=\"fusion-rollover-title-link\" href=\"https:\/\/www.formularium.com.br\/inform\/profissionais-da-saude\/tratamentos-que-reduzem-a-aparencia-da-celulite-em-ate-30-dias\/\">\n\t\t\t\t\t\t7 tratamentos para celulite que proporcionam resultados em at\u00e9 30 dias\t\t\t\t\t<\/a>\n\t\t\t\t<\/h4>\n\t\t\t\n\t\t\t\t\t\t\t\t\t\t<div class=\"fusion-rollover-categories\"><a href=\"https:\/\/www.formularium.com.br\/inform\/categoria\/profissionais-da-saude\/\" rel=\"tag\">Profissionais da Sa\u00fade<\/a><\/div>\t\t\t\t\t\n\t\t\n\t\t\t\t\t\t<a class=\"fusion-link-wrapper\" href=\"https:\/\/www.formularium.com.br\/inform\/profissionais-da-saude\/tratamentos-que-reduzem-a-aparencia-da-celulite-em-ate-30-dias\/\" aria-label=\"7 tratamentos para celulite que proporcionam resultados em at\u00e9 30 dias\"><\/a>\n\t<\/div>\n<\/div>\n<\/div>\n<\/li>\n\t\t\t\n\t\t\t\n\t\t\t\t\t\t\t\t\t\t\t\t\t\t\t\t\t\t\t\t\t\t\t\t\t\t\t\t\t\t\t\t\t\t\t\t\t\t\t\t\t\t\t\t\t\t\t\t\t\t\t\t\t\t\t\t\t\t\t\t\t\t\t\t\t\t\t\t<\/ul>\n\t<\/div>\n\t<div class=\"fusion-post-content-wrapper\" style=\"padding:30px 25px 20px 25px;\"><div class=\"fusion-post-content post-content\"><h2 class=\"blog-shortcode-post-title entry-title\"><a href=\"https:\/\/www.formularium.com.br\/inform\/profissionais-da-saude\/tratamentos-que-reduzem-a-aparencia-da-celulite-em-ate-30-dias\/\">7 tratamentos para celulite que proporcionam resultados em at\u00e9 30 dias<\/a><\/h2><p class=\"fusion-single-line-meta\"><span class=\"vcard\" style=\"display: none;\"><span class=\"fn\"><a href=\"https:\/\/www.formularium.com.br\/inform\/author\/louise\/\" title=\"Posts de Autor\" rel=\"author\">Autor<\/a><\/span><\/span><span class=\"updated\" style=\"display:none;\">2024-03-20T14:23:07-03:00<\/span>Categorias: <a href=\"https:\/\/www.formularium.com.br\/inform\/categoria\/profissionais-da-saude\/\" rel=\"category tag\">Profissionais da Sa\u00fade<\/a><span class=\"fusion-inline-sep\">|<\/span><\/p><div class=\"fusion-content-sep sep-single sep-solid\"><\/div><div class=\"fusion-post-content-container\"><p> A celulite \u00e9 um tipo de lipodistrofia amplamente considerada como desordem est\u00e9tica, que afeta [...]<\/p><\/div><\/div><div class=\"fusion-meta-info\"><div class=\"fusion-alignleft\"><a class=\"fusion-read-more\" href=\"https:\/\/www.formularium.com.br\/inform\/profissionais-da-saude\/tratamentos-que-reduzem-a-aparencia-da-celulite-em-ate-30-dias\/\" aria-label=\"More on 7 tratamentos para celulite que proporcionam resultados em at\u00e9 30 dias\">Ler Mais<\/a><\/div><\/div><\/div><div class=\"fusion-clearfix\"><\/div><\/div>\n<\/article>\n<article id=\"blog-1-post-180\" class=\"fusion-post-grid fusion-sticky post-180 post type-post status-publish format-standard has-post-thumbnail hentry category-informe-saude tag-alimentacao tag-suco tag-suco-de-fruta tag-vitaminas\">\n<div class=\"fusion-post-wrapper\" style=\"background-color:rgba(255,255,255,0);border:1px solid #ebeaea;border-bottom-width:3px;\">\n\n\t\t\t<div class=\"fusion-flexslider flexslider fusion-flexslider-loading fusion-post-slideshow\" style=\"border-color:#ebeaea;\">\n\t\t<ul class=\"slides\">\n\t\t\t\n\t\t\t\t\t\t\t\t\t\t\t\t\t\t<li><div  class=\"fusion-image-wrapper\" aria-haspopup=\"true\">\n\t\t\t\t<img decoding=\"async\" width=\"4994\" height=\"3486\" src=\"https:\/\/www.formularium.com.br\/inform\/wp-content\/uploads\/2013\/11\/drink-bottles-wooden-crate.jpg\" class=\"attachment-full size-full lazyload wp-post-image\" alt=\"suco de fruta\" srcset=\"data:image\/svg+xml,%3Csvg%20xmlns%3D%27http%3A%2F%2Fwww.w3.org%2F2000%2Fsvg%27%20width%3D%274994%27%20height%3D%273486%27%20viewBox%3D%270%200%204994%203486%27%3E%3Crect%20width%3D%274994%27%20height%3D%273486%27%20fill-opacity%3D%220%22%2F%3E%3C%2Fsvg%3E\" data-orig-src=\"https:\/\/www.formularium.com.br\/inform\/wp-content\/uploads\/2013\/11\/drink-bottles-wooden-crate.jpg\" data-srcset=\"https:\/\/www.formularium.com.br\/inform\/wp-content\/uploads\/2013\/11\/drink-bottles-wooden-crate-200x140.jpg 200w, https:\/\/www.formularium.com.br\/inform\/wp-content\/uploads\/2013\/11\/drink-bottles-wooden-crate-400x279.jpg 400w, https:\/\/www.formularium.com.br\/inform\/wp-content\/uploads\/2013\/11\/drink-bottles-wooden-crate-600x419.jpg 600w, https:\/\/www.formularium.com.br\/inform\/wp-content\/uploads\/2013\/11\/drink-bottles-wooden-crate-800x558.jpg 800w, https:\/\/www.formularium.com.br\/inform\/wp-content\/uploads\/2013\/11\/drink-bottles-wooden-crate-1200x838.jpg 1200w, https:\/\/www.formularium.com.br\/inform\/wp-content\/uploads\/2013\/11\/drink-bottles-wooden-crate.jpg 4994w\" data-sizes=\"auto\" \/><div class=\"fusion-rollover\">\n\t<div class=\"fusion-rollover-content\">\n\n\t\t\t\t\t\t\t\t\t\t\t\t\t\t<a class=\"fusion-rollover-link\" href=\"https:\/\/www.formularium.com.br\/inform\/informe-saude\/suco-de-fruta-o-grande-amigo-do-verao\/\">Conhe\u00e7a os benef\u00edcios de cada suco de fruta para sa\u00fade!<\/a>\n\t\t\t\n\t\t\t\t\t\t\t\t\n\t\t\n\t\t\t\t\t\t\t\t\t\t\t\t<h4 class=\"fusion-rollover-title\">\n\t\t\t\t\t<a class=\"fusion-rollover-title-link\" href=\"https:\/\/www.formularium.com.br\/inform\/informe-saude\/suco-de-fruta-o-grande-amigo-do-verao\/\">\n\t\t\t\t\t\tConhe\u00e7a os benef\u00edcios de cada suco de fruta para sa\u00fade!\t\t\t\t\t<\/a>\n\t\t\t\t<\/h4>\n\t\t\t\n\t\t\t\t\t\t\t\t\t\t<div class=\"fusion-rollover-categories\"><a href=\"https:\/\/www.formularium.com.br\/inform\/categoria\/informe-saude\/\" rel=\"tag\">Informe Sa\u00fade<\/a><\/div>\t\t\t\t\t\n\t\t\n\t\t\t\t\t\t<a class=\"fusion-link-wrapper\" href=\"https:\/\/www.formularium.com.br\/inform\/informe-saude\/suco-de-fruta-o-grande-amigo-do-verao\/\" aria-label=\"Conhe\u00e7a os benef\u00edcios de cada suco de fruta para sa\u00fade!\"><\/a>\n\t<\/div>\n<\/div>\n<\/div>\n<\/li>\n\t\t\t\n\t\t\t\n\t\t\t\t\t\t\t\t\t\t\t\t\t\t\t\t\t\t\t\t\t\t\t\t\t\t\t\t\t\t\t\t\t\t\t\t\t\t\t\t\t\t\t\t\t\t\t\t\t\t\t\t\t\t\t\t\t\t\t\t\t\t\t\t\t\t\t\t<\/ul>\n\t<\/div>\n\t<div class=\"fusion-post-content-wrapper\" style=\"padding:30px 25px 20px 25px;\"><div class=\"fusion-post-content post-content\"><h2 class=\"blog-shortcode-post-title entry-title\"><a href=\"https:\/\/www.formularium.com.br\/inform\/informe-saude\/suco-de-fruta-o-grande-amigo-do-verao\/\">Conhe\u00e7a os benef\u00edcios de cada suco de fruta para sa\u00fade!<\/a><\/h2><p class=\"fusion-single-line-meta\"><span class=\"vcard\" style=\"display: none;\"><span class=\"fn\"><a href=\"https:\/\/www.formularium.com.br\/inform\/author\/admin\/\" title=\"Posts de admin\" rel=\"author\">admin<\/a><\/span><\/span><span class=\"updated\" style=\"display:none;\">2024-04-09T11:06:47-03:00<\/span>Categorias: <a href=\"https:\/\/www.formularium.com.br\/inform\/categoria\/informe-saude\/\" rel=\"category tag\">Informe Sa\u00fade<\/a><span class=\"fusion-inline-sep\">|<\/span><span class=\"meta-tags\">Tags: <a href=\"https:\/\/www.formularium.com.br\/inform\/tag\/alimentacao\/\" rel=\"tag\">Alimenta\u00e7\u00e3o<\/a>, <a href=\"https:\/\/www.formularium.com.br\/inform\/tag\/suco\/\" rel=\"tag\">suco<\/a>, <a href=\"https:\/\/www.formularium.com.br\/inform\/tag\/suco-de-fruta\/\" rel=\"tag\">suco de fruta<\/a>, <a href=\"https:\/\/www.formularium.com.br\/inform\/tag\/vitaminas\/\" rel=\"tag\">Vitaminas<\/a><\/span><span class=\"fusion-inline-sep\">|<\/span><\/p><div class=\"fusion-content-sep sep-single sep-solid\"><\/div><div class=\"fusion-post-content-container\"><p>O ver\u00e3o traz com ele a necessidade de beber muito l\u00edquido para manter o corpo [...]<\/p><\/div><\/div><div class=\"fusion-meta-info\"><div class=\"fusion-alignleft\"><a class=\"fusion-read-more\" href=\"https:\/\/www.formularium.com.br\/inform\/informe-saude\/suco-de-fruta-o-grande-amigo-do-verao\/\" aria-label=\"More on Conhe\u00e7a os benef\u00edcios de cada suco de fruta para sa\u00fade!\">Ler Mais<\/a><\/div><\/div><\/div><div class=\"fusion-clearfix\"><\/div><\/div>\n<\/article>\n<article id=\"blog-1-post-1407\" class=\"fusion-post-grid fusion-sticky post-1407 post type-post status-publish format-standard has-post-thumbnail hentry category-profissionais-da-saude\">\n<div class=\"fusion-post-wrapper\" style=\"background-color:rgba(255,255,255,0);border:1px solid #ebeaea;border-bottom-width:3px;\">\n\n\t\t\t<div class=\"fusion-flexslider flexslider fusion-flexslider-loading fusion-post-slideshow\" style=\"border-color:#ebeaea;\">\n\t\t<ul class=\"slides\">\n\t\t\t\n\t\t\t\t\t\t\t\t\t\t\t\t\t\t<li><div  class=\"fusion-image-wrapper\" aria-haspopup=\"true\">\n\t\t\t\t<img decoding=\"async\" width=\"1000\" height=\"599\" src=\"data:image\/svg+xml,%3Csvg%20xmlns%3D%27http%3A%2F%2Fwww.w3.org%2F2000%2Fsvg%27%20width%3D%271000%27%20height%3D%27599%27%20viewBox%3D%270%200%201000%20599%27%3E%3Crect%20width%3D%271000%27%20height%3D%27599%27%20fill-opacity%3D%220%22%2F%3E%3C%2Fsvg%3E\" class=\"attachment-full size-full lazyload wp-post-image\" alt=\"extrato de gengibre\" data-orig-src=\"https:\/\/www.formularium.com.br\/inform\/wp-content\/uploads\/2017\/05\/Blog-b2c-7-1.png\" \/><div class=\"fusion-rollover\">\n\t<div class=\"fusion-rollover-content\">\n\n\t\t\t\t\t\t\t\t\t\t\t\t\t\t<a class=\"fusion-rollover-link\" href=\"https:\/\/www.formularium.com.br\/inform\/profissionais-da-saude\/reducao-da-inflamacao-na-osteoartrite-modula-mediadores-inflamatorios-reduzindo-a-dor\/\">Benef\u00edcios do extrato de gengibre no tratamento de doen\u00e7as articulares<\/a>\n\t\t\t\n\t\t\t\t\t\t\t\t\n\t\t\n\t\t\t\t\t\t\t\t\t\t\t\t<h4 class=\"fusion-rollover-title\">\n\t\t\t\t\t<a class=\"fusion-rollover-title-link\" href=\"https:\/\/www.formularium.com.br\/inform\/profissionais-da-saude\/reducao-da-inflamacao-na-osteoartrite-modula-mediadores-inflamatorios-reduzindo-a-dor\/\">\n\t\t\t\t\t\tBenef\u00edcios do extrato de gengibre no tratamento de doen\u00e7as articulares\t\t\t\t\t<\/a>\n\t\t\t\t<\/h4>\n\t\t\t\n\t\t\t\t\t\t\t\t\t\t<div class=\"fusion-rollover-categories\"><a href=\"https:\/\/www.formularium.com.br\/inform\/categoria\/profissionais-da-saude\/\" rel=\"tag\">Profissionais da Sa\u00fade<\/a><\/div>\t\t\t\t\t\n\t\t\n\t\t\t\t\t\t<a class=\"fusion-link-wrapper\" href=\"https:\/\/www.formularium.com.br\/inform\/profissionais-da-saude\/reducao-da-inflamacao-na-osteoartrite-modula-mediadores-inflamatorios-reduzindo-a-dor\/\" aria-label=\"Benef\u00edcios do extrato de gengibre no tratamento de doen\u00e7as articulares\"><\/a>\n\t<\/div>\n<\/div>\n<\/div>\n<\/li>\n\t\t\t\n\t\t\t\n\t\t\t\t\t\t\t\t\t\t\t\t\t\t\t\t\t\t\t\t\t\t\t\t\t\t\t\t\t\t\t\t\t\t\t\t\t\t\t\t\t\t\t\t\t\t\t\t\t\t\t\t\t\t\t\t\t\t\t\t\t\t\t\t\t\t\t\t<\/ul>\n\t<\/div>\n\t<div class=\"fusion-post-content-wrapper\" style=\"padding:30px 25px 20px 25px;\"><div class=\"fusion-post-content post-content\"><h2 class=\"blog-shortcode-post-title entry-title\"><a href=\"https:\/\/www.formularium.com.br\/inform\/profissionais-da-saude\/reducao-da-inflamacao-na-osteoartrite-modula-mediadores-inflamatorios-reduzindo-a-dor\/\">Benef\u00edcios do extrato de gengibre no tratamento de doen\u00e7as articulares<\/a><\/h2><p class=\"fusion-single-line-meta\"><span class=\"vcard\" style=\"display: none;\"><span class=\"fn\"><a href=\"https:\/\/www.formularium.com.br\/inform\/author\/louise\/\" title=\"Posts de Autor\" rel=\"author\">Autor<\/a><\/span><\/span><span class=\"updated\" style=\"display:none;\">2024-03-20T12:12:11-03:00<\/span>Categorias: <a href=\"https:\/\/www.formularium.com.br\/inform\/categoria\/profissionais-da-saude\/\" rel=\"category tag\">Profissionais da Sa\u00fade<\/a><span class=\"fusion-inline-sep\">|<\/span><\/p><div class=\"fusion-content-sep sep-single sep-solid\"><\/div><div class=\"fusion-post-content-container\"><p>Entre todas as formas de artrite, a osteoartrite \u00e9 a doen\u00e7a osteoarticular mais comum na [...]<\/p><\/div><\/div><div class=\"fusion-meta-info\"><div class=\"fusion-alignleft\"><a class=\"fusion-read-more\" href=\"https:\/\/www.formularium.com.br\/inform\/profissionais-da-saude\/reducao-da-inflamacao-na-osteoartrite-modula-mediadores-inflamatorios-reduzindo-a-dor\/\" aria-label=\"More on Benef\u00edcios do extrato de gengibre no tratamento de doen\u00e7as articulares\">Ler Mais<\/a><\/div><\/div><\/div><div class=\"fusion-clearfix\"><\/div><\/div>\n<\/article>\n<article id=\"blog-1-post-19870\" class=\"fusion-post-grid fusion-sticky post-19870 post type-post status-publish format-standard has-post-thumbnail hentry category-informe-saude tag-ansiedade tag-bem-estar tag-cha tag-estresse tag-passiflora tag-saude-mental\">\n<div class=\"fusion-post-wrapper\" style=\"background-color:rgba(255,255,255,0);border:1px solid #ebeaea;border-bottom-width:3px;\">\n\n\t\t\t<div class=\"fusion-flexslider flexslider fusion-flexslider-loading fusion-post-slideshow\" style=\"border-color:#ebeaea;\">\n\t\t<ul class=\"slides\">\n\t\t\t\n\t\t\t\t\t\t\t\t\t\t\t\t\t\t<li><div  class=\"fusion-image-wrapper\" aria-haspopup=\"true\">\n\t\t\t\t<img decoding=\"async\" width=\"4608\" height=\"3456\" src=\"https:\/\/www.formularium.com.br\/inform\/wp-content\/uploads\/2024\/02\/linda-passiflora-de-petalas-roxas-com-folhas-verdes-1.jpg\" class=\"attachment-full size-full lazyload wp-post-image\" alt=\"passiflora funciona\" srcset=\"data:image\/svg+xml,%3Csvg%20xmlns%3D%27http%3A%2F%2Fwww.w3.org%2F2000%2Fsvg%27%20width%3D%274608%27%20height%3D%273456%27%20viewBox%3D%270%200%204608%203456%27%3E%3Crect%20width%3D%274608%27%20height%3D%273456%27%20fill-opacity%3D%220%22%2F%3E%3C%2Fsvg%3E\" data-orig-src=\"https:\/\/www.formularium.com.br\/inform\/wp-content\/uploads\/2024\/02\/linda-passiflora-de-petalas-roxas-com-folhas-verdes-1.jpg\" data-srcset=\"https:\/\/www.formularium.com.br\/inform\/wp-content\/uploads\/2024\/02\/linda-passiflora-de-petalas-roxas-com-folhas-verdes-1-200x150.jpg 200w, https:\/\/www.formularium.com.br\/inform\/wp-content\/uploads\/2024\/02\/linda-passiflora-de-petalas-roxas-com-folhas-verdes-1-400x300.jpg 400w, https:\/\/www.formularium.com.br\/inform\/wp-content\/uploads\/2024\/02\/linda-passiflora-de-petalas-roxas-com-folhas-verdes-1-600x450.jpg 600w, https:\/\/www.formularium.com.br\/inform\/wp-content\/uploads\/2024\/02\/linda-passiflora-de-petalas-roxas-com-folhas-verdes-1-800x600.jpg 800w, https:\/\/www.formularium.com.br\/inform\/wp-content\/uploads\/2024\/02\/linda-passiflora-de-petalas-roxas-com-folhas-verdes-1-1200x900.jpg 1200w, https:\/\/www.formularium.com.br\/inform\/wp-content\/uploads\/2024\/02\/linda-passiflora-de-petalas-roxas-com-folhas-verdes-1.jpg 4608w\" data-sizes=\"auto\" \/><div class=\"fusion-rollover\">\n\t<div class=\"fusion-rollover-content\">\n\n\t\t\t\t\t\t\t\t\t\t\t\t\t\t<a class=\"fusion-rollover-link\" href=\"https:\/\/www.formularium.com.br\/inform\/informe-saude\/passiflora-funciona-saiba-tudo-sobre-o-composto\/\">Passiflora funciona? Saiba tudo sobre o composto<\/a>\n\t\t\t\n\t\t\t\t\t\t\t\t\n\t\t\n\t\t\t\t\t\t\t\t\t\t\t\t<h4 class=\"fusion-rollover-title\">\n\t\t\t\t\t<a class=\"fusion-rollover-title-link\" href=\"https:\/\/www.formularium.com.br\/inform\/informe-saude\/passiflora-funciona-saiba-tudo-sobre-o-composto\/\">\n\t\t\t\t\t\tPassiflora funciona? Saiba tudo sobre o composto\t\t\t\t\t<\/a>\n\t\t\t\t<\/h4>\n\t\t\t\n\t\t\t\t\t\t\t\t\t\t<div class=\"fusion-rollover-categories\"><a href=\"https:\/\/www.formularium.com.br\/inform\/categoria\/informe-saude\/\" rel=\"tag\">Informe Sa\u00fade<\/a><\/div>\t\t\t\t\t\n\t\t\n\t\t\t\t\t\t<a class=\"fusion-link-wrapper\" href=\"https:\/\/www.formularium.com.br\/inform\/informe-saude\/passiflora-funciona-saiba-tudo-sobre-o-composto\/\" aria-label=\"Passiflora funciona? Saiba tudo sobre o composto\"><\/a>\n\t<\/div>\n<\/div>\n<\/div>\n<\/li>\n\t\t\t\n\t\t\t\n\t\t\t\t\t\t\t\t\t\t\t\t\t\t\t\t\t\t\t\t\t\t\t\t\t\t\t\t\t\t\t\t\t\t\t\t\t\t\t\t\t\t\t\t\t\t\t\t\t\t\t\t\t\t\t\t\t\t\t\t\t\t\t\t\t\t\t\t<\/ul>\n\t<\/div>\n\t<div class=\"fusion-post-content-wrapper\" style=\"padding:30px 25px 20px 25px;\"><div class=\"fusion-post-content post-content\"><h2 class=\"blog-shortcode-post-title entry-title\"><a href=\"https:\/\/www.formularium.com.br\/inform\/informe-saude\/passiflora-funciona-saiba-tudo-sobre-o-composto\/\">Passiflora funciona? Saiba tudo sobre o composto<\/a><\/h2><p class=\"fusion-single-line-meta\"><span class=\"vcard\" style=\"display: none;\"><span class=\"fn\"><a href=\"https:\/\/www.formularium.com.br\/inform\/author\/admin\/\" title=\"Posts de admin\" rel=\"author\">admin<\/a><\/span><\/span><span class=\"updated\" style=\"display:none;\">2024-02-21T10:21:07-03:00<\/span>Categorias: <a href=\"https:\/\/www.formularium.com.br\/inform\/categoria\/informe-saude\/\" rel=\"category tag\">Informe Sa\u00fade<\/a><span class=\"fusion-inline-sep\">|<\/span><span class=\"meta-tags\">Tags: <a href=\"https:\/\/www.formularium.com.br\/inform\/tag\/ansiedade\/\" rel=\"tag\">Ansiedade<\/a>, <a href=\"https:\/\/www.formularium.com.br\/inform\/tag\/bem-estar\/\" rel=\"tag\">bem-estar<\/a>, <a href=\"https:\/\/www.formularium.com.br\/inform\/tag\/cha\/\" rel=\"tag\">ch\u00e1<\/a>, <a href=\"https:\/\/www.formularium.com.br\/inform\/tag\/estresse\/\" rel=\"tag\">Estresse<\/a>, <a href=\"https:\/\/www.formularium.com.br\/inform\/tag\/passiflora\/\" rel=\"tag\">Passiflora<\/a>, <a href=\"https:\/\/www.formularium.com.br\/inform\/tag\/saude-mental\/\" rel=\"tag\">Sa\u00fade Mental<\/a><\/span><span class=\"fusion-inline-sep\">|<\/span><\/p><div class=\"fusion-content-sep sep-single sep-solid\"><\/div><div class=\"fusion-post-content-container\"><p>Passiflora funciona? No cen\u00e1rio agitado de nossas vidas modernas, muitas pessoas enfrentam desafios para diminuir [...]<\/p><\/div><\/div><div class=\"fusion-meta-info\"><div class=\"fusion-alignleft\"><a class=\"fusion-read-more\" href=\"https:\/\/www.formularium.com.br\/inform\/informe-saude\/passiflora-funciona-saiba-tudo-sobre-o-composto\/\" aria-label=\"More on Passiflora funciona? Saiba tudo sobre o composto\">Ler Mais<\/a><\/div><\/div><\/div><div class=\"fusion-clearfix\"><\/div><\/div>\n<\/article>\n<article id=\"blog-1-post-19862\" class=\"fusion-post-grid fusion-sticky post-19862 post type-post status-publish format-standard has-post-thumbnail hentry category-informe-saude tag-cabelo tag-queda-de-cabelo tag-suplementos\">\n<div class=\"fusion-post-wrapper\" style=\"background-color:rgba(255,255,255,0);border:1px solid #ebeaea;border-bottom-width:3px;\">\n\n\t\t\t<div class=\"fusion-flexslider flexslider fusion-flexslider-loading fusion-post-slideshow\" style=\"border-color:#ebeaea;\">\n\t\t<ul class=\"slides\">\n\t\t\t\n\t\t\t\t\t\t\t\t\t\t\t\t\t\t<li><div  class=\"fusion-image-wrapper\" aria-haspopup=\"true\">\n\t\t\t\t<img decoding=\"async\" width=\"7000\" height=\"4667\" src=\"https:\/\/www.formularium.com.br\/inform\/wp-content\/uploads\/2024\/01\/mulher-descontente-olhando-para-pontas-duplas-do-cabelo-1.jpg\" class=\"attachment-full size-full lazyload wp-post-image\" alt=\"queda de cabelo\" srcset=\"data:image\/svg+xml,%3Csvg%20xmlns%3D%27http%3A%2F%2Fwww.w3.org%2F2000%2Fsvg%27%20width%3D%277000%27%20height%3D%274667%27%20viewBox%3D%270%200%207000%204667%27%3E%3Crect%20width%3D%277000%27%20height%3D%274667%27%20fill-opacity%3D%220%22%2F%3E%3C%2Fsvg%3E\" data-orig-src=\"https:\/\/www.formularium.com.br\/inform\/wp-content\/uploads\/2024\/01\/mulher-descontente-olhando-para-pontas-duplas-do-cabelo-1.jpg\" data-srcset=\"https:\/\/www.formularium.com.br\/inform\/wp-content\/uploads\/2024\/01\/mulher-descontente-olhando-para-pontas-duplas-do-cabelo-1-200x133.jpg 200w, https:\/\/www.formularium.com.br\/inform\/wp-content\/uploads\/2024\/01\/mulher-descontente-olhando-para-pontas-duplas-do-cabelo-1-400x267.jpg 400w, https:\/\/www.formularium.com.br\/inform\/wp-content\/uploads\/2024\/01\/mulher-descontente-olhando-para-pontas-duplas-do-cabelo-1-600x400.jpg 600w, https:\/\/www.formularium.com.br\/inform\/wp-content\/uploads\/2024\/01\/mulher-descontente-olhando-para-pontas-duplas-do-cabelo-1-800x533.jpg 800w, https:\/\/www.formularium.com.br\/inform\/wp-content\/uploads\/2024\/01\/mulher-descontente-olhando-para-pontas-duplas-do-cabelo-1-1200x800.jpg 1200w, https:\/\/www.formularium.com.br\/inform\/wp-content\/uploads\/2024\/01\/mulher-descontente-olhando-para-pontas-duplas-do-cabelo-1.jpg 7000w\" data-sizes=\"auto\" \/><div class=\"fusion-rollover\">\n\t<div class=\"fusion-rollover-content\">\n\n\t\t\t\t\t\t\t\t\t\t\t\t\t\t<a class=\"fusion-rollover-link\" href=\"https:\/\/www.formularium.com.br\/inform\/informe-saude\/queda-de-cabelo\/\">Queda de cabelo: principais causas e tratamentos dispon\u00edveis<\/a>\n\t\t\t\n\t\t\t\t\t\t\t\t\n\t\t\n\t\t\t\t\t\t\t\t\t\t\t\t<h4 class=\"fusion-rollover-title\">\n\t\t\t\t\t<a class=\"fusion-rollover-title-link\" href=\"https:\/\/www.formularium.com.br\/inform\/informe-saude\/queda-de-cabelo\/\">\n\t\t\t\t\t\tQueda de cabelo: principais causas e tratamentos dispon\u00edveis\t\t\t\t\t<\/a>\n\t\t\t\t<\/h4>\n\t\t\t\n\t\t\t\t\t\t\t\t\t\t<div class=\"fusion-rollover-categories\"><a href=\"https:\/\/www.formularium.com.br\/inform\/categoria\/informe-saude\/\" rel=\"tag\">Informe Sa\u00fade<\/a><\/div>\t\t\t\t\t\n\t\t\n\t\t\t\t\t\t<a class=\"fusion-link-wrapper\" href=\"https:\/\/www.formularium.com.br\/inform\/informe-saude\/queda-de-cabelo\/\" aria-label=\"Queda de cabelo: principais causas e tratamentos dispon\u00edveis\"><\/a>\n\t<\/div>\n<\/div>\n<\/div>\n<\/li>\n\t\t\t\n\t\t\t\n\t\t\t\t\t\t\t\t\t\t\t\t\t\t\t\t\t\t\t\t\t\t\t\t\t\t\t\t\t\t\t\t\t\t\t\t\t\t\t\t\t\t\t\t\t\t\t\t\t\t\t\t\t\t\t\t\t\t\t\t\t\t\t\t\t\t\t\t<\/ul>\n\t<\/div>\n\t<div class=\"fusion-post-content-wrapper\" style=\"padding:30px 25px 20px 25px;\"><div class=\"fusion-post-content post-content\"><h2 class=\"blog-shortcode-post-title entry-title\"><a href=\"https:\/\/www.formularium.com.br\/inform\/informe-saude\/queda-de-cabelo\/\">Queda de cabelo: principais causas e tratamentos dispon\u00edveis<\/a><\/h2><p class=\"fusion-single-line-meta\"><span class=\"vcard\" style=\"display: none;\"><span class=\"fn\"><a href=\"https:\/\/www.formularium.com.br\/inform\/author\/admin\/\" title=\"Posts de admin\" rel=\"author\">admin<\/a><\/span><\/span><span class=\"updated\" style=\"display:none;\">2024-03-20T12:12:39-03:00<\/span>Categorias: <a href=\"https:\/\/www.formularium.com.br\/inform\/categoria\/informe-saude\/\" rel=\"category tag\">Informe Sa\u00fade<\/a><span class=\"fusion-inline-sep\">|<\/span><span class=\"meta-tags\">Tags: <a href=\"https:\/\/www.formularium.com.br\/inform\/tag\/cabelo\/\" rel=\"tag\">Cabelo<\/a>, <a href=\"https:\/\/www.formularium.com.br\/inform\/tag\/queda-de-cabelo\/\" rel=\"tag\">Queda de Cabelo<\/a>, <a href=\"https:\/\/www.formularium.com.br\/inform\/tag\/suplementos\/\" rel=\"tag\">Suplementos<\/a><\/span><span class=\"fusion-inline-sep\">|<\/span><\/p><div class=\"fusion-content-sep sep-single sep-solid\"><\/div><div class=\"fusion-post-content-container\"><p> A queda de cabelo \u00e9 um problema que afeta muitas pessoas, independente do g\u00eanero [...]<\/p><\/div><\/div><div class=\"fusion-meta-info\"><div class=\"fusion-alignleft\"><a class=\"fusion-read-more\" href=\"https:\/\/www.formularium.com.br\/inform\/informe-saude\/queda-de-cabelo\/\" aria-label=\"More on Queda de cabelo: principais causas e tratamentos dispon\u00edveis\">Ler Mais<\/a><\/div><\/div><\/div><div class=\"fusion-clearfix\"><\/div><\/div>\n<\/article>\n<article id=\"blog-1-post-65\" class=\"fusion-post-grid fusion-sticky post-65 post type-post status-publish format-standard has-post-thumbnail hentry category-informe-saude tag-beleza tag-pele tag-tratamentos\">\n<div class=\"fusion-post-wrapper\" style=\"background-color:rgba(255,255,255,0);border:1px solid #ebeaea;border-bottom-width:3px;\">\n\n\t\t\t<div class=\"fusion-flexslider flexslider fusion-flexslider-loading fusion-post-slideshow\" style=\"border-color:#ebeaea;\">\n\t\t<ul class=\"slides\">\n\t\t\t\n\t\t\t\t\t\t\t\t\t\t\t\t\t\t<li><div  class=\"fusion-image-wrapper\" aria-haspopup=\"true\">\n\t\t\t\t<img decoding=\"async\" width=\"5181\" height=\"3447\" src=\"https:\/\/www.formularium.com.br\/inform\/wp-content\/uploads\/2013\/11\/mulher-jovem-fazendo-tratamento-para-a-pele-do-rosto-no-spa.jpg\" class=\"attachment-full size-full lazyload wp-post-image\" alt=\"\" srcset=\"data:image\/svg+xml,%3Csvg%20xmlns%3D%27http%3A%2F%2Fwww.w3.org%2F2000%2Fsvg%27%20width%3D%275181%27%20height%3D%273447%27%20viewBox%3D%270%200%205181%203447%27%3E%3Crect%20width%3D%275181%27%20height%3D%273447%27%20fill-opacity%3D%220%22%2F%3E%3C%2Fsvg%3E\" data-orig-src=\"https:\/\/www.formularium.com.br\/inform\/wp-content\/uploads\/2013\/11\/mulher-jovem-fazendo-tratamento-para-a-pele-do-rosto-no-spa.jpg\" data-srcset=\"https:\/\/www.formularium.com.br\/inform\/wp-content\/uploads\/2013\/11\/mulher-jovem-fazendo-tratamento-para-a-pele-do-rosto-no-spa-200x133.jpg 200w, https:\/\/www.formularium.com.br\/inform\/wp-content\/uploads\/2013\/11\/mulher-jovem-fazendo-tratamento-para-a-pele-do-rosto-no-spa-400x266.jpg 400w, https:\/\/www.formularium.com.br\/inform\/wp-content\/uploads\/2013\/11\/mulher-jovem-fazendo-tratamento-para-a-pele-do-rosto-no-spa-600x399.jpg 600w, https:\/\/www.formularium.com.br\/inform\/wp-content\/uploads\/2013\/11\/mulher-jovem-fazendo-tratamento-para-a-pele-do-rosto-no-spa-800x532.jpg 800w, https:\/\/www.formularium.com.br\/inform\/wp-content\/uploads\/2013\/11\/mulher-jovem-fazendo-tratamento-para-a-pele-do-rosto-no-spa-1200x798.jpg 1200w, https:\/\/www.formularium.com.br\/inform\/wp-content\/uploads\/2013\/11\/mulher-jovem-fazendo-tratamento-para-a-pele-do-rosto-no-spa.jpg 5181w\" data-sizes=\"auto\" \/><div class=\"fusion-rollover\">\n\t<div class=\"fusion-rollover-content\">\n\n\t\t\t\t\t\t\t\t\t\t\t\t\t\t<a class=\"fusion-rollover-link\" href=\"https:\/\/www.formularium.com.br\/inform\/informe-saude\/procedimentos-esteticos-que-melhoram-seu-visual-e-sua-auto-estima\/\">5 procedimentos est\u00e9ticos para elevar o seu bem-estar e beleza<\/a>\n\t\t\t\n\t\t\t\t\t\t\t\t\n\t\t\n\t\t\t\t\t\t\t\t\t\t\t\t<h4 class=\"fusion-rollover-title\">\n\t\t\t\t\t<a class=\"fusion-rollover-title-link\" href=\"https:\/\/www.formularium.com.br\/inform\/informe-saude\/procedimentos-esteticos-que-melhoram-seu-visual-e-sua-auto-estima\/\">\n\t\t\t\t\t\t5 procedimentos est\u00e9ticos para elevar o seu bem-estar e beleza\t\t\t\t\t<\/a>\n\t\t\t\t<\/h4>\n\t\t\t\n\t\t\t\t\t\t\t\t\t\t<div class=\"fusion-rollover-categories\"><a href=\"https:\/\/www.formularium.com.br\/inform\/categoria\/informe-saude\/\" rel=\"tag\">Informe Sa\u00fade<\/a><\/div>\t\t\t\t\t\n\t\t\n\t\t\t\t\t\t<a class=\"fusion-link-wrapper\" href=\"https:\/\/www.formularium.com.br\/inform\/informe-saude\/procedimentos-esteticos-que-melhoram-seu-visual-e-sua-auto-estima\/\" aria-label=\"5 procedimentos est\u00e9ticos para elevar o seu bem-estar e beleza\"><\/a>\n\t<\/div>\n<\/div>\n<\/div>\n<\/li>\n\t\t\t\n\t\t\t\n\t\t\t\t\t\t\t\t\t\t\t\t\t\t\t\t\t\t\t\t\t\t\t\t\t\t\t\t\t\t\t\t\t\t\t\t\t\t\t\t\t\t\t\t\t\t\t\t\t\t\t\t\t\t\t\t\t\t\t\t\t\t\t\t\t\t\t\t<\/ul>\n\t<\/div>\n\t<div class=\"fusion-post-content-wrapper\" style=\"padding:30px 25px 20px 25px;\"><div class=\"fusion-post-content post-content\"><h2 class=\"blog-shortcode-post-title entry-title\"><a href=\"https:\/\/www.formularium.com.br\/inform\/informe-saude\/procedimentos-esteticos-que-melhoram-seu-visual-e-sua-auto-estima\/\">5 procedimentos est\u00e9ticos para elevar o seu bem-estar e beleza<\/a><\/h2><p class=\"fusion-single-line-meta\"><span class=\"vcard\" style=\"display: none;\"><span class=\"fn\"><a href=\"https:\/\/www.formularium.com.br\/inform\/author\/admin\/\" title=\"Posts de admin\" rel=\"author\">admin<\/a><\/span><\/span><span class=\"updated\" style=\"display:none;\">2024-03-20T12:12:22-03:00<\/span>Categorias: <a href=\"https:\/\/www.formularium.com.br\/inform\/categoria\/informe-saude\/\" rel=\"category tag\">Informe Sa\u00fade<\/a><span class=\"fusion-inline-sep\">|<\/span><span class=\"meta-tags\">Tags: <a href=\"https:\/\/www.formularium.com.br\/inform\/tag\/beleza\/\" rel=\"tag\">Beleza<\/a>, <a href=\"https:\/\/www.formularium.com.br\/inform\/tag\/pele\/\" rel=\"tag\">Pele<\/a>, <a href=\"https:\/\/www.formularium.com.br\/inform\/tag\/tratamentos\/\" rel=\"tag\">Tratamentos<\/a><\/span><span class=\"fusion-inline-sep\">|<\/span><\/p><div class=\"fusion-content-sep sep-single sep-solid\"><\/div><div class=\"fusion-post-content-container\"><p> Novos procedimentos est\u00e9ticos surgem todos os dias e est\u00e3o cada vez mais sofisticados. Dessa [...]<\/p><\/div><\/div><div class=\"fusion-meta-info\"><div class=\"fusion-alignleft\"><a class=\"fusion-read-more\" href=\"https:\/\/www.formularium.com.br\/inform\/informe-saude\/procedimentos-esteticos-que-melhoram-seu-visual-e-sua-auto-estima\/\" aria-label=\"More on 5 procedimentos est\u00e9ticos para elevar o seu bem-estar e beleza\">Ler Mais<\/a><\/div><\/div><\/div><div class=\"fusion-clearfix\"><\/div><\/div>\n<\/article>\n<article id=\"blog-1-post-380\" class=\"fusion-post-grid fusion-sticky post-380 post type-post status-publish format-standard has-post-thumbnail hentry category-profissionais-da-saude tag-alimentacao tag-diabetes tag-fatores-de-risco tag-suplementos\">\n<div class=\"fusion-post-wrapper\" style=\"background-color:rgba(255,255,255,0);border:1px solid #ebeaea;border-bottom-width:3px;\">\n\n\t\t\t<div class=\"fusion-flexslider flexslider fusion-flexslider-loading fusion-post-slideshow\" style=\"border-color:#ebeaea;\">\n\t\t<ul class=\"slides\">\n\t\t\t\n\t\t\t\t\t\t\t\t\t\t\t\t\t\t<li><div  class=\"fusion-image-wrapper\" aria-haspopup=\"true\">\n\t\t\t\t<img decoding=\"async\" width=\"1000\" height=\"601\" src=\"data:image\/svg+xml,%3Csvg%20xmlns%3D%27http%3A%2F%2Fwww.w3.org%2F2000%2Fsvg%27%20width%3D%271000%27%20height%3D%27601%27%20viewBox%3D%270%200%201000%20601%27%3E%3Crect%20width%3D%271000%27%20height%3D%27601%27%20fill-opacity%3D%220%22%2F%3E%3C%2Fsvg%3E\" class=\"attachment-full size-full lazyload wp-post-image\" alt=\"diabetes tipo 2\" data-orig-src=\"https:\/\/www.formularium.com.br\/inform\/wp-content\/uploads\/2015\/06\/dieta.jpg\" \/><div class=\"fusion-rollover\">\n\t<div class=\"fusion-rollover-content\">\n\n\t\t\t\t\t\t\t\t\t\t\t\t\t\t<a class=\"fusion-rollover-link\" href=\"https:\/\/www.formularium.com.br\/inform\/profissionais-da-saude\/qualidade-da-dieta-e-risco-de-desenvolvimento-de-diabetes-tipo-2\/\">Dieta para diabetes tipo 2: estrat\u00e9gias avan\u00e7adas na abordagem cl\u00ednica e nutricional<\/a>\n\t\t\t\n\t\t\t\t\t\t\t\t\n\t\t\n\t\t\t\t\t\t\t\t\t\t\t\t<h4 class=\"fusion-rollover-title\">\n\t\t\t\t\t<a class=\"fusion-rollover-title-link\" href=\"https:\/\/www.formularium.com.br\/inform\/profissionais-da-saude\/qualidade-da-dieta-e-risco-de-desenvolvimento-de-diabetes-tipo-2\/\">\n\t\t\t\t\t\tDieta para diabetes tipo 2: estrat\u00e9gias avan\u00e7adas na abordagem cl\u00ednica e nutricional\t\t\t\t\t<\/a>\n\t\t\t\t<\/h4>\n\t\t\t\n\t\t\t\t\t\t\t\t\t\t<div class=\"fusion-rollover-categories\"><a href=\"https:\/\/www.formularium.com.br\/inform\/categoria\/profissionais-da-saude\/\" rel=\"tag\">Profissionais da Sa\u00fade<\/a><\/div>\t\t\t\t\t\n\t\t\n\t\t\t\t\t\t<a class=\"fusion-link-wrapper\" href=\"https:\/\/www.formularium.com.br\/inform\/profissionais-da-saude\/qualidade-da-dieta-e-risco-de-desenvolvimento-de-diabetes-tipo-2\/\" aria-label=\"Dieta para diabetes tipo 2: estrat\u00e9gias avan\u00e7adas na abordagem cl\u00ednica e nutricional\"><\/a>\n\t<\/div>\n<\/div>\n<\/div>\n<\/li>\n\t\t\t\n\t\t\t\n\t\t\t\t\t\t\t\t\t\t\t\t\t\t\t\t\t\t\t\t\t\t\t\t\t\t\t\t\t\t\t\t\t\t\t\t\t\t\t\t\t\t\t\t\t\t\t\t\t\t\t\t\t\t\t\t\t\t\t\t\t\t\t\t\t\t\t\t<\/ul>\n\t<\/div>\n\t<div class=\"fusion-post-content-wrapper\" style=\"padding:30px 25px 20px 25px;\"><div class=\"fusion-post-content post-content\"><h2 class=\"blog-shortcode-post-title entry-title\"><a href=\"https:\/\/www.formularium.com.br\/inform\/profissionais-da-saude\/qualidade-da-dieta-e-risco-de-desenvolvimento-de-diabetes-tipo-2\/\">Dieta para diabetes tipo 2: estrat\u00e9gias avan\u00e7adas na abordagem cl\u00ednica e nutricional<\/a><\/h2><p class=\"fusion-single-line-meta\"><span class=\"vcard\" style=\"display: none;\"><span class=\"fn\"><a href=\"https:\/\/www.formularium.com.br\/inform\/author\/admin\/\" title=\"Posts de admin\" rel=\"author\">admin<\/a><\/span><\/span><span class=\"updated\" style=\"display:none;\">2024-03-20T12:12:28-03:00<\/span>Categorias: <a href=\"https:\/\/www.formularium.com.br\/inform\/categoria\/profissionais-da-saude\/\" rel=\"category tag\">Profissionais da Sa\u00fade<\/a><span class=\"fusion-inline-sep\">|<\/span><span class=\"meta-tags\">Tags: <a href=\"https:\/\/www.formularium.com.br\/inform\/tag\/alimentacao\/\" rel=\"tag\">Alimenta\u00e7\u00e3o<\/a>, <a href=\"https:\/\/www.formularium.com.br\/inform\/tag\/diabetes\/\" rel=\"tag\">Diabetes<\/a>, <a href=\"https:\/\/www.formularium.com.br\/inform\/tag\/fatores-de-risco\/\" rel=\"tag\">Fatores de Risco<\/a>, <a href=\"https:\/\/www.formularium.com.br\/inform\/tag\/suplementos\/\" rel=\"tag\">Suplementos<\/a><\/span><span class=\"fusion-inline-sep\">|<\/span><\/p><div class=\"fusion-content-sep sep-single sep-solid\"><\/div><div class=\"fusion-post-content-container\"><p>O sobrepeso e as dietas inadequadas s\u00e3o amplamente conhecidos como fatores de risco para o [...]<\/p><\/div><\/div><div class=\"fusion-meta-info\"><div class=\"fusion-alignleft\"><a class=\"fusion-read-more\" href=\"https:\/\/www.formularium.com.br\/inform\/profissionais-da-saude\/qualidade-da-dieta-e-risco-de-desenvolvimento-de-diabetes-tipo-2\/\" aria-label=\"More on Dieta para diabetes tipo 2: estrat\u00e9gias avan\u00e7adas na abordagem cl\u00ednica e nutricional\">Ler Mais<\/a><\/div><\/div><\/div><div class=\"fusion-clearfix\"><\/div><\/div>\n<\/article>\n<article id=\"blog-1-post-19840\" class=\"fusion-post-grid fusion-sticky post-19840 post type-post status-publish format-standard has-post-thumbnail hentry category-informe-saude tag-colageno tag-nutricao tag-suplementacao tag-suplementos\">\n<div class=\"fusion-post-wrapper\" style=\"background-color:rgba(255,255,255,0);border:1px solid #ebeaea;border-bottom-width:3px;\">\n\n\t\t\t<div class=\"fusion-flexslider flexslider fusion-flexslider-loading fusion-post-slideshow\" style=\"border-color:#ebeaea;\">\n\t\t<ul class=\"slides\">\n\t\t\t\n\t\t\t\t\t\t\t\t\t\t\t\t\t\t<li><div  class=\"fusion-image-wrapper\" aria-haspopup=\"true\">\n\t\t\t\t<img decoding=\"async\" width=\"6720\" height=\"4480\" src=\"https:\/\/www.formularium.com.br\/inform\/wp-content\/uploads\/2024\/01\/mulher-aplicando-creme-facial-vista-frontal-1.jpg\" class=\"attachment-full size-full lazyload wp-post-image\" alt=\"melhor hor\u00e1rio para tomar col\u00e1geno\" srcset=\"data:image\/svg+xml,%3Csvg%20xmlns%3D%27http%3A%2F%2Fwww.w3.org%2F2000%2Fsvg%27%20width%3D%276720%27%20height%3D%274480%27%20viewBox%3D%270%200%206720%204480%27%3E%3Crect%20width%3D%276720%27%20height%3D%274480%27%20fill-opacity%3D%220%22%2F%3E%3C%2Fsvg%3E\" data-orig-src=\"https:\/\/www.formularium.com.br\/inform\/wp-content\/uploads\/2024\/01\/mulher-aplicando-creme-facial-vista-frontal-1.jpg\" data-srcset=\"https:\/\/www.formularium.com.br\/inform\/wp-content\/uploads\/2024\/01\/mulher-aplicando-creme-facial-vista-frontal-1-200x133.jpg 200w, https:\/\/www.formularium.com.br\/inform\/wp-content\/uploads\/2024\/01\/mulher-aplicando-creme-facial-vista-frontal-1-400x267.jpg 400w, https:\/\/www.formularium.com.br\/inform\/wp-content\/uploads\/2024\/01\/mulher-aplicando-creme-facial-vista-frontal-1-600x400.jpg 600w, https:\/\/www.formularium.com.br\/inform\/wp-content\/uploads\/2024\/01\/mulher-aplicando-creme-facial-vista-frontal-1-800x533.jpg 800w, https:\/\/www.formularium.com.br\/inform\/wp-content\/uploads\/2024\/01\/mulher-aplicando-creme-facial-vista-frontal-1-1200x800.jpg 1200w, https:\/\/www.formularium.com.br\/inform\/wp-content\/uploads\/2024\/01\/mulher-aplicando-creme-facial-vista-frontal-1.jpg 6720w\" data-sizes=\"auto\" \/><div class=\"fusion-rollover\">\n\t<div class=\"fusion-rollover-content\">\n\n\t\t\t\t\t\t\t\t\t\t\t\t\t\t<a class=\"fusion-rollover-link\" href=\"https:\/\/www.formularium.com.br\/inform\/informe-saude\/melhor-horario-para-tomar-colageno\/\">Qual o melhor hor\u00e1rio para tomar col\u00e1geno?<\/a>\n\t\t\t\n\t\t\t\t\t\t\t\t\n\t\t\n\t\t\t\t\t\t\t\t\t\t\t\t<h4 class=\"fusion-rollover-title\">\n\t\t\t\t\t<a class=\"fusion-rollover-title-link\" href=\"https:\/\/www.formularium.com.br\/inform\/informe-saude\/melhor-horario-para-tomar-colageno\/\">\n\t\t\t\t\t\tQual o melhor hor\u00e1rio para tomar col\u00e1geno?\t\t\t\t\t<\/a>\n\t\t\t\t<\/h4>\n\t\t\t\n\t\t\t\t\t\t\t\t\t\t<div class=\"fusion-rollover-categories\"><a href=\"https:\/\/www.formularium.com.br\/inform\/categoria\/informe-saude\/\" rel=\"tag\">Informe Sa\u00fade<\/a><\/div>\t\t\t\t\t\n\t\t\n\t\t\t\t\t\t<a class=\"fusion-link-wrapper\" href=\"https:\/\/www.formularium.com.br\/inform\/informe-saude\/melhor-horario-para-tomar-colageno\/\" aria-label=\"Qual o melhor hor\u00e1rio para tomar col\u00e1geno?\"><\/a>\n\t<\/div>\n<\/div>\n<\/div>\n<\/li>\n\t\t\t\n\t\t\t\n\t\t\t\t\t\t\t\t\t\t\t\t\t\t\t\t\t\t\t\t\t\t\t\t\t\t\t\t\t\t\t\t\t\t\t\t\t\t\t\t\t\t\t\t\t\t\t\t\t\t\t\t\t\t\t\t\t\t\t\t\t\t\t\t\t\t\t\t<\/ul>\n\t<\/div>\n\t<div class=\"fusion-post-content-wrapper\" style=\"padding:30px 25px 20px 25px;\"><div class=\"fusion-post-content post-content\"><h2 class=\"blog-shortcode-post-title entry-title\"><a href=\"https:\/\/www.formularium.com.br\/inform\/informe-saude\/melhor-horario-para-tomar-colageno\/\">Qual o melhor hor\u00e1rio para tomar col\u00e1geno?<\/a><\/h2><p class=\"fusion-single-line-meta\"><span class=\"vcard\" style=\"display: none;\"><span class=\"fn\"><a href=\"https:\/\/www.formularium.com.br\/inform\/author\/admin\/\" title=\"Posts de admin\" rel=\"author\">admin<\/a><\/span><\/span><span class=\"updated\" style=\"display:none;\">2024-01-03T10:13:26-03:00<\/span>Categorias: <a href=\"https:\/\/www.formularium.com.br\/inform\/categoria\/informe-saude\/\" rel=\"category tag\">Informe Sa\u00fade<\/a><span class=\"fusion-inline-sep\">|<\/span><span class=\"meta-tags\">Tags: <a href=\"https:\/\/www.formularium.com.br\/inform\/tag\/colageno\/\" rel=\"tag\">Col\u00e1geno<\/a>, <a href=\"https:\/\/www.formularium.com.br\/inform\/tag\/nutricao\/\" rel=\"tag\">Nutri\u00e7\u00e3o<\/a>, <a href=\"https:\/\/www.formularium.com.br\/inform\/tag\/suplementacao\/\" rel=\"tag\">Suplementa\u00e7\u00e3o<\/a>, <a href=\"https:\/\/www.formularium.com.br\/inform\/tag\/suplementos\/\" rel=\"tag\">Suplementos<\/a><\/span><span class=\"fusion-inline-sep\">|<\/span><\/p><div class=\"fusion-content-sep sep-single sep-solid\"><\/div><div class=\"fusion-post-content-container\"><p>O col\u00e1geno, frequentemente mencionado por especialistas do ramo da beleza e bem-estar, \u00e9 uma prote\u00edna [...]<\/p><\/div><\/div><div class=\"fusion-meta-info\"><div class=\"fusion-alignleft\"><a class=\"fusion-read-more\" href=\"https:\/\/www.formularium.com.br\/inform\/informe-saude\/melhor-horario-para-tomar-colageno\/\" aria-label=\"More on Qual o melhor hor\u00e1rio para tomar col\u00e1geno?\">Ler Mais<\/a><\/div><\/div><\/div><div class=\"fusion-clearfix\"><\/div><\/div>\n<\/article>\n<article id=\"blog-1-post-29\" class=\"fusion-post-grid fusion-sticky post-29 post type-post status-publish format-standard has-post-thumbnail hentry category-informe-saude tag-alimentacao tag-saude tag-vitaminas\">\n<div class=\"fusion-post-wrapper\" style=\"background-color:rgba(255,255,255,0);border:1px solid #ebeaea;border-bottom-width:3px;\">\n\n\t\t\t<div class=\"fusion-flexslider flexslider fusion-flexslider-loading fusion-post-slideshow\" style=\"border-color:#ebeaea;\">\n\t\t<ul class=\"slides\">\n\t\t\t\n\t\t\t\t\t\t\t\t\t\t\t\t\t\t<li><div  class=\"fusion-image-wrapper\" aria-haspopup=\"true\">\n\t\t\t\t<img decoding=\"async\" width=\"3467\" height=\"2000\" src=\"https:\/\/www.formularium.com.br\/inform\/wp-content\/uploads\/2013\/11\/ensopado-de-carne-recem-cozido-com-arroz-e-vegetais-generative-ai.jpg\" class=\"attachment-full size-full lazyload wp-post-image\" alt=\"arroz, feij\u00e3o e carne\" srcset=\"data:image\/svg+xml,%3Csvg%20xmlns%3D%27http%3A%2F%2Fwww.w3.org%2F2000%2Fsvg%27%20width%3D%273467%27%20height%3D%272000%27%20viewBox%3D%270%200%203467%202000%27%3E%3Crect%20width%3D%273467%27%20height%3D%272000%27%20fill-opacity%3D%220%22%2F%3E%3C%2Fsvg%3E\" data-orig-src=\"https:\/\/www.formularium.com.br\/inform\/wp-content\/uploads\/2013\/11\/ensopado-de-carne-recem-cozido-com-arroz-e-vegetais-generative-ai.jpg\" data-srcset=\"https:\/\/www.formularium.com.br\/inform\/wp-content\/uploads\/2013\/11\/ensopado-de-carne-recem-cozido-com-arroz-e-vegetais-generative-ai-200x115.jpg 200w, https:\/\/www.formularium.com.br\/inform\/wp-content\/uploads\/2013\/11\/ensopado-de-carne-recem-cozido-com-arroz-e-vegetais-generative-ai-400x231.jpg 400w, https:\/\/www.formularium.com.br\/inform\/wp-content\/uploads\/2013\/11\/ensopado-de-carne-recem-cozido-com-arroz-e-vegetais-generative-ai-600x346.jpg 600w, https:\/\/www.formularium.com.br\/inform\/wp-content\/uploads\/2013\/11\/ensopado-de-carne-recem-cozido-com-arroz-e-vegetais-generative-ai-800x461.jpg 800w, https:\/\/www.formularium.com.br\/inform\/wp-content\/uploads\/2013\/11\/ensopado-de-carne-recem-cozido-com-arroz-e-vegetais-generative-ai-1200x692.jpg 1200w, https:\/\/www.formularium.com.br\/inform\/wp-content\/uploads\/2013\/11\/ensopado-de-carne-recem-cozido-com-arroz-e-vegetais-generative-ai.jpg 3467w\" data-sizes=\"auto\" \/><div class=\"fusion-rollover\">\n\t<div class=\"fusion-rollover-content\">\n\n\t\t\t\t\t\t\t\t\t\t\t\t\t\t<a class=\"fusion-rollover-link\" href=\"https:\/\/www.formularium.com.br\/inform\/informe-saude\/arroz-feijao-e-carne\/\">Benef\u00edcios do prato mais tradicional dos brasileiros: arroz e feij\u00e3o e carne<\/a>\n\t\t\t\n\t\t\t\t\t\t\t\t\n\t\t\n\t\t\t\t\t\t\t\t\t\t\t\t<h4 class=\"fusion-rollover-title\">\n\t\t\t\t\t<a class=\"fusion-rollover-title-link\" href=\"https:\/\/www.formularium.com.br\/inform\/informe-saude\/arroz-feijao-e-carne\/\">\n\t\t\t\t\t\tBenef\u00edcios do prato mais tradicional dos brasileiros: arroz e feij\u00e3o e carne\t\t\t\t\t<\/a>\n\t\t\t\t<\/h4>\n\t\t\t\n\t\t\t\t\t\t\t\t\t\t<div class=\"fusion-rollover-categories\"><a href=\"https:\/\/www.formularium.com.br\/inform\/categoria\/informe-saude\/\" rel=\"tag\">Informe Sa\u00fade<\/a><\/div>\t\t\t\t\t\n\t\t\n\t\t\t\t\t\t<a class=\"fusion-link-wrapper\" href=\"https:\/\/www.formularium.com.br\/inform\/informe-saude\/arroz-feijao-e-carne\/\" aria-label=\"Benef\u00edcios do prato mais tradicional dos brasileiros: arroz e feij\u00e3o e carne\"><\/a>\n\t<\/div>\n<\/div>\n<\/div>\n<\/li>\n\t\t\t\n\t\t\t\n\t\t\t\t\t\t\t\t\t\t\t\t\t\t\t\t\t\t\t\t\t\t\t\t\t\t\t\t\t\t\t\t\t\t\t\t\t\t\t\t\t\t\t\t\t\t\t\t\t\t\t\t\t\t\t\t\t\t\t\t\t\t\t\t\t\t\t\t<\/ul>\n\t<\/div>\n\t<div class=\"fusion-post-content-wrapper\" style=\"padding:30px 25px 20px 25px;\"><div class=\"fusion-post-content post-content\"><h2 class=\"blog-shortcode-post-title entry-title\"><a href=\"https:\/\/www.formularium.com.br\/inform\/informe-saude\/arroz-feijao-e-carne\/\">Benef\u00edcios do prato mais tradicional dos brasileiros: arroz e feij\u00e3o e carne<\/a><\/h2><p class=\"fusion-single-line-meta\"><span class=\"vcard\" style=\"display: none;\"><span class=\"fn\"><a href=\"https:\/\/www.formularium.com.br\/inform\/author\/admin\/\" title=\"Posts de admin\" rel=\"author\">admin<\/a><\/span><\/span><span class=\"updated\" style=\"display:none;\">2023-12-19T20:44:49-03:00<\/span>Categorias: <a href=\"https:\/\/www.formularium.com.br\/inform\/categoria\/informe-saude\/\" rel=\"category tag\">Informe Sa\u00fade<\/a><span class=\"fusion-inline-sep\">|<\/span><span class=\"meta-tags\">Tags: <a href=\"https:\/\/www.formularium.com.br\/inform\/tag\/alimentacao\/\" rel=\"tag\">Alimenta\u00e7\u00e3o<\/a>, <a href=\"https:\/\/www.formularium.com.br\/inform\/tag\/saude\/\" rel=\"tag\">Sa\u00fade<\/a>, <a href=\"https:\/\/www.formularium.com.br\/inform\/tag\/vitaminas\/\" rel=\"tag\">Vitaminas<\/a><\/span><span class=\"fusion-inline-sep\">|<\/span><\/p><div class=\"fusion-content-sep sep-single sep-solid\"><\/div><div class=\"fusion-post-content-container\"><p> O prato com arroz, feij\u00e3o e carne, tradicional do brasileiro, \u00e9 bom para suprir [...]<\/p><\/div><\/div><div class=\"fusion-meta-info\"><div class=\"fusion-alignleft\"><a class=\"fusion-read-more\" href=\"https:\/\/www.formularium.com.br\/inform\/informe-saude\/arroz-feijao-e-carne\/\" aria-label=\"More on Benef\u00edcios do prato mais tradicional dos brasileiros: arroz e feij\u00e3o e carne\">Ler Mais<\/a><\/div><\/div><\/div><div class=\"fusion-clearfix\"><\/div><\/div>\n<\/article>\n<article id=\"blog-1-post-844\" class=\"fusion-post-grid fusion-sticky post-844 post type-post status-publish format-standard has-post-thumbnail hentry category-profissionais-da-saude tag-cicatrizacao tag-fatores-que-interferem-na-cicatrizacao\">\n<div class=\"fusion-post-wrapper\" style=\"background-color:rgba(255,255,255,0);border:1px solid #ebeaea;border-bottom-width:3px;\">\n\n\t\t\t<div class=\"fusion-flexslider flexslider fusion-flexslider-loading fusion-post-slideshow\" style=\"border-color:#ebeaea;\">\n\t\t<ul class=\"slides\">\n\t\t\t\n\t\t\t\t\t\t\t\t\t\t\t\t\t\t<li><div  class=\"fusion-image-wrapper\" aria-haspopup=\"true\">\n\t\t\t\t<img decoding=\"async\" width=\"5001\" height=\"3334\" src=\"https:\/\/www.formularium.com.br\/inform\/wp-content\/uploads\/2016\/08\/mulher-que-sofre-de-erupcao-cutanea.jpg\" class=\"attachment-full size-full lazyload wp-post-image\" alt=\"cicatriza\u00e7\u00e3o\" srcset=\"data:image\/svg+xml,%3Csvg%20xmlns%3D%27http%3A%2F%2Fwww.w3.org%2F2000%2Fsvg%27%20width%3D%275001%27%20height%3D%273334%27%20viewBox%3D%270%200%205001%203334%27%3E%3Crect%20width%3D%275001%27%20height%3D%273334%27%20fill-opacity%3D%220%22%2F%3E%3C%2Fsvg%3E\" data-orig-src=\"https:\/\/www.formularium.com.br\/inform\/wp-content\/uploads\/2016\/08\/mulher-que-sofre-de-erupcao-cutanea.jpg\" data-srcset=\"https:\/\/www.formularium.com.br\/inform\/wp-content\/uploads\/2016\/08\/mulher-que-sofre-de-erupcao-cutanea-200x133.jpg 200w, https:\/\/www.formularium.com.br\/inform\/wp-content\/uploads\/2016\/08\/mulher-que-sofre-de-erupcao-cutanea-400x267.jpg 400w, https:\/\/www.formularium.com.br\/inform\/wp-content\/uploads\/2016\/08\/mulher-que-sofre-de-erupcao-cutanea-600x400.jpg 600w, https:\/\/www.formularium.com.br\/inform\/wp-content\/uploads\/2016\/08\/mulher-que-sofre-de-erupcao-cutanea-800x533.jpg 800w, https:\/\/www.formularium.com.br\/inform\/wp-content\/uploads\/2016\/08\/mulher-que-sofre-de-erupcao-cutanea-1200x800.jpg 1200w, https:\/\/www.formularium.com.br\/inform\/wp-content\/uploads\/2016\/08\/mulher-que-sofre-de-erupcao-cutanea.jpg 5001w\" data-sizes=\"auto\" \/><div class=\"fusion-rollover\">\n\t<div class=\"fusion-rollover-content\">\n\n\t\t\t\t\t\t\t\t\t\t\t\t\t\t<a class=\"fusion-rollover-link\" href=\"https:\/\/www.formularium.com.br\/inform\/profissionais-da-saude\/fatores-que-interferem-na-cicatrizacao\/\">Cicatriza\u00e7\u00e3o: fases, fatores que interferem o processo e tratamentos<\/a>\n\t\t\t\n\t\t\t\t\t\t\t\t\n\t\t\n\t\t\t\t\t\t\t\t\t\t\t\t<h4 class=\"fusion-rollover-title\">\n\t\t\t\t\t<a class=\"fusion-rollover-title-link\" href=\"https:\/\/www.formularium.com.br\/inform\/profissionais-da-saude\/fatores-que-interferem-na-cicatrizacao\/\">\n\t\t\t\t\t\tCicatriza\u00e7\u00e3o: fases, fatores que interferem o processo e tratamentos\t\t\t\t\t<\/a>\n\t\t\t\t<\/h4>\n\t\t\t\n\t\t\t\t\t\t\t\t\t\t<div class=\"fusion-rollover-categories\"><a href=\"https:\/\/www.formularium.com.br\/inform\/categoria\/profissionais-da-saude\/\" rel=\"tag\">Profissionais da Sa\u00fade<\/a><\/div>\t\t\t\t\t\n\t\t\n\t\t\t\t\t\t<a class=\"fusion-link-wrapper\" href=\"https:\/\/www.formularium.com.br\/inform\/profissionais-da-saude\/fatores-que-interferem-na-cicatrizacao\/\" aria-label=\"Cicatriza\u00e7\u00e3o: fases, fatores que interferem o processo e tratamentos\"><\/a>\n\t<\/div>\n<\/div>\n<\/div>\n<\/li>\n\t\t\t\n\t\t\t\n\t\t\t\t\t\t\t\t\t\t\t\t\t\t\t\t\t\t\t\t\t\t\t\t\t\t\t\t\t\t\t\t\t\t\t\t\t\t\t\t\t\t\t\t\t\t\t\t\t\t\t\t\t\t\t\t\t\t\t\t\t\t\t\t\t\t\t\t<\/ul>\n\t<\/div>\n\t<div class=\"fusion-post-content-wrapper\" style=\"padding:30px 25px 20px 25px;\"><div class=\"fusion-post-content post-content\"><h2 class=\"blog-shortcode-post-title entry-title\"><a href=\"https:\/\/www.formularium.com.br\/inform\/profissionais-da-saude\/fatores-que-interferem-na-cicatrizacao\/\">Cicatriza\u00e7\u00e3o: fases, fatores que interferem o processo e tratamentos<\/a><\/h2><p class=\"fusion-single-line-meta\"><span class=\"vcard\" style=\"display: none;\"><span class=\"fn\"><a href=\"https:\/\/www.formularium.com.br\/inform\/author\/louise\/\" title=\"Posts de Autor\" rel=\"author\">Autor<\/a><\/span><\/span><span class=\"updated\" style=\"display:none;\">2023-12-19T20:37:48-03:00<\/span>Categorias: <a href=\"https:\/\/www.formularium.com.br\/inform\/categoria\/profissionais-da-saude\/\" rel=\"category tag\">Profissionais da Sa\u00fade<\/a><span class=\"fusion-inline-sep\">|<\/span><span class=\"meta-tags\">Tags: <a href=\"https:\/\/www.formularium.com.br\/inform\/tag\/cicatrizacao\/\" rel=\"tag\">Cicatriza\u00e7\u00e3o<\/a>, <a href=\"https:\/\/www.formularium.com.br\/inform\/tag\/fatores-que-interferem-na-cicatrizacao\/\" rel=\"tag\">Fatores que interferem na cicatriza\u00e7\u00e3o<\/a><\/span><span class=\"fusion-inline-sep\">|<\/span><\/p><div class=\"fusion-content-sep sep-single sep-solid\"><\/div><div class=\"fusion-post-content-container\"><p><\/p><p>     A cicatriza\u00e7\u00e3o pode ser dificultada por fatores que influenciam o [...]<\/p><\/div><\/div><div class=\"fusion-meta-info\"><div class=\"fusion-alignleft\"><a class=\"fusion-read-more\" href=\"https:\/\/www.formularium.com.br\/inform\/profissionais-da-saude\/fatores-que-interferem-na-cicatrizacao\/\" aria-label=\"More on Cicatriza\u00e7\u00e3o: fases, fatores que interferem o processo e tratamentos\">Ler Mais<\/a><\/div><\/div><\/div><div class=\"fusion-clearfix\"><\/div><\/div>\n<\/article>\n<article id=\"blog-1-post-177\" class=\"fusion-post-grid fusion-sticky post-177 post type-post status-publish format-standard has-post-thumbnail hentry category-informe-saude tag-alimentacao tag-bem-estar tag-saude tag-sementes tag-suplementos\">\n<div class=\"fusion-post-wrapper\" style=\"background-color:rgba(255,255,255,0);border:1px solid #ebeaea;border-bottom-width:3px;\">\n\n\t\t\t<div class=\"fusion-flexslider flexslider fusion-flexslider-loading fusion-post-slideshow\" style=\"border-color:#ebeaea;\">\n\t\t<ul class=\"slides\">\n\t\t\t\n\t\t\t\t\t\t\t\t\t\t\t\t\t\t<li><div  class=\"fusion-image-wrapper\" aria-haspopup=\"true\">\n\t\t\t\t<img decoding=\"async\" width=\"787\" height=\"517\" src=\"data:image\/svg+xml,%3Csvg%20xmlns%3D%27http%3A%2F%2Fwww.w3.org%2F2000%2Fsvg%27%20width%3D%27787%27%20height%3D%27517%27%20viewBox%3D%270%200%20787%20517%27%3E%3Crect%20width%3D%27787%27%20height%3D%27517%27%20fill-opacity%3D%220%22%2F%3E%3C%2Fsvg%3E\" class=\"attachment-full size-full lazyload wp-post-image\" alt=\"Semente de Linha\u00e7a\" data-orig-src=\"https:\/\/www.formularium.com.br\/inform\/wp-content\/uploads\/2013\/11\/Foto15.jpg\" \/><div class=\"fusion-rollover\">\n\t<div class=\"fusion-rollover-content\">\n\n\t\t\t\t\t\t\t\t\t\t\t\t\t\t<a class=\"fusion-rollover-link\" href=\"https:\/\/www.formularium.com.br\/inform\/informe-saude\/beneficios-da-linhaca\/\">Benef\u00edcios da linha\u00e7a: quais os principais e como consumi-la<\/a>\n\t\t\t\n\t\t\t\t\t\t\t\t\n\t\t\n\t\t\t\t\t\t\t\t\t\t\t\t<h4 class=\"fusion-rollover-title\">\n\t\t\t\t\t<a class=\"fusion-rollover-title-link\" href=\"https:\/\/www.formularium.com.br\/inform\/informe-saude\/beneficios-da-linhaca\/\">\n\t\t\t\t\t\tBenef\u00edcios da linha\u00e7a: quais os principais e como consumi-la\t\t\t\t\t<\/a>\n\t\t\t\t<\/h4>\n\t\t\t\n\t\t\t\t\t\t\t\t\t\t<div class=\"fusion-rollover-categories\"><a href=\"https:\/\/www.formularium.com.br\/inform\/categoria\/informe-saude\/\" rel=\"tag\">Informe Sa\u00fade<\/a><\/div>\t\t\t\t\t\n\t\t\n\t\t\t\t\t\t<a class=\"fusion-link-wrapper\" href=\"https:\/\/www.formularium.com.br\/inform\/informe-saude\/beneficios-da-linhaca\/\" aria-label=\"Benef\u00edcios da linha\u00e7a: quais os principais e como consumi-la\"><\/a>\n\t<\/div>\n<\/div>\n<\/div>\n<\/li>\n\t\t\t\n\t\t\t\n\t\t\t\t\t\t\t\t\t\t\t\t\t\t\t\t\t\t\t\t\t\t\t\t\t\t\t\t\t\t\t\t\t\t\t\t\t\t\t\t\t\t\t\t\t\t\t\t\t\t\t\t\t\t\t\t\t\t\t\t\t\t\t\t\t\t\t\t<\/ul>\n\t<\/div>\n\t<div class=\"fusion-post-content-wrapper\" style=\"padding:30px 25px 20px 25px;\"><div class=\"fusion-post-content post-content\"><h2 class=\"blog-shortcode-post-title entry-title\"><a href=\"https:\/\/www.formularium.com.br\/inform\/informe-saude\/beneficios-da-linhaca\/\">Benef\u00edcios da linha\u00e7a: quais os principais e como consumi-la<\/a><\/h2><p class=\"fusion-single-line-meta\"><span class=\"vcard\" style=\"display: none;\"><span class=\"fn\"><a href=\"https:\/\/www.formularium.com.br\/inform\/author\/admin\/\" title=\"Posts de admin\" rel=\"author\">admin<\/a><\/span><\/span><span class=\"updated\" style=\"display:none;\">2023-12-19T20:38:00-03:00<\/span>Categorias: <a href=\"https:\/\/www.formularium.com.br\/inform\/categoria\/informe-saude\/\" rel=\"category tag\">Informe Sa\u00fade<\/a><span class=\"fusion-inline-sep\">|<\/span><span class=\"meta-tags\">Tags: <a href=\"https:\/\/www.formularium.com.br\/inform\/tag\/alimentacao\/\" rel=\"tag\">Alimenta\u00e7\u00e3o<\/a>, <a href=\"https:\/\/www.formularium.com.br\/inform\/tag\/bem-estar\/\" rel=\"tag\">bem-estar<\/a>, <a href=\"https:\/\/www.formularium.com.br\/inform\/tag\/saude\/\" rel=\"tag\">Sa\u00fade<\/a>, <a href=\"https:\/\/www.formularium.com.br\/inform\/tag\/sementes\/\" rel=\"tag\">sementes<\/a>, <a href=\"https:\/\/www.formularium.com.br\/inform\/tag\/suplementos\/\" rel=\"tag\">Suplementos<\/a><\/span><span class=\"fusion-inline-sep\">|<\/span><\/p><div class=\"fusion-content-sep sep-single sep-solid\"><\/div><div class=\"fusion-post-content-container\"><p>Os benef\u00edcios da linha\u00e7a foram meticulosamente investigadas pelo Instituto Cient\u00edfico para Estudo da Linha\u00e7a, abrangendo [...]<\/p><\/div><\/div><div class=\"fusion-meta-info\"><div class=\"fusion-alignleft\"><a class=\"fusion-read-more\" href=\"https:\/\/www.formularium.com.br\/inform\/informe-saude\/beneficios-da-linhaca\/\" aria-label=\"More on Benef\u00edcios da linha\u00e7a: quais os principais e como consumi-la\">Ler Mais<\/a><\/div><\/div><\/div><div class=\"fusion-clearfix\"><\/div><\/div>\n<\/article>\n<article id=\"blog-1-post-19799\" class=\"fusion-post-grid fusion-sticky post-19799 post type-post status-publish format-standard has-post-thumbnail hentry category-informe-saude tag-bem-estar tag-reposicao tag-reposicao-hormonal tag-saude\">\n<div class=\"fusion-post-wrapper\" style=\"background-color:rgba(255,255,255,0);border:1px solid #ebeaea;border-bottom-width:3px;\">\n\n\t\t\t<div class=\"fusion-flexslider flexslider fusion-flexslider-loading fusion-post-slideshow\" style=\"border-color:#ebeaea;\">\n\t\t<ul class=\"slides\">\n\t\t\t\n\t\t\t\t\t\t\t\t\t\t\t\t\t\t<li><div  class=\"fusion-image-wrapper\" aria-haspopup=\"true\">\n\t\t\t\t<img decoding=\"async\" width=\"6016\" height=\"4016\" src=\"https:\/\/www.formularium.com.br\/inform\/wp-content\/uploads\/2023\/11\/mulher-doente-tomando-remedio-1.jpg\" class=\"attachment-full size-full lazyload wp-post-image\" alt=\"reposi\u00e7\u00e3o hormonal\" srcset=\"data:image\/svg+xml,%3Csvg%20xmlns%3D%27http%3A%2F%2Fwww.w3.org%2F2000%2Fsvg%27%20width%3D%276016%27%20height%3D%274016%27%20viewBox%3D%270%200%206016%204016%27%3E%3Crect%20width%3D%276016%27%20height%3D%274016%27%20fill-opacity%3D%220%22%2F%3E%3C%2Fsvg%3E\" data-orig-src=\"https:\/\/www.formularium.com.br\/inform\/wp-content\/uploads\/2023\/11\/mulher-doente-tomando-remedio-1.jpg\" data-srcset=\"https:\/\/www.formularium.com.br\/inform\/wp-content\/uploads\/2023\/11\/mulher-doente-tomando-remedio-1-200x134.jpg 200w, https:\/\/www.formularium.com.br\/inform\/wp-content\/uploads\/2023\/11\/mulher-doente-tomando-remedio-1-400x267.jpg 400w, https:\/\/www.formularium.com.br\/inform\/wp-content\/uploads\/2023\/11\/mulher-doente-tomando-remedio-1-600x401.jpg 600w, https:\/\/www.formularium.com.br\/inform\/wp-content\/uploads\/2023\/11\/mulher-doente-tomando-remedio-1-800x534.jpg 800w, https:\/\/www.formularium.com.br\/inform\/wp-content\/uploads\/2023\/11\/mulher-doente-tomando-remedio-1-1200x801.jpg 1200w, https:\/\/www.formularium.com.br\/inform\/wp-content\/uploads\/2023\/11\/mulher-doente-tomando-remedio-1.jpg 6016w\" data-sizes=\"auto\" \/><div class=\"fusion-rollover\">\n\t<div class=\"fusion-rollover-content\">\n\n\t\t\t\t\t\t\t\t\t\t\t\t\t\t<a class=\"fusion-rollover-link\" href=\"https:\/\/www.formularium.com.br\/inform\/informe-saude\/reposicao-hormonal-entenda-em-quais-situacoes-ela-e-indicada\/\">Reposi\u00e7\u00e3o hormonal: entenda em quais situa\u00e7\u00f5es ela \u00e9 indicada<\/a>\n\t\t\t\n\t\t\t\t\t\t\t\t\n\t\t\n\t\t\t\t\t\t\t\t\t\t\t\t<h4 class=\"fusion-rollover-title\">\n\t\t\t\t\t<a class=\"fusion-rollover-title-link\" href=\"https:\/\/www.formularium.com.br\/inform\/informe-saude\/reposicao-hormonal-entenda-em-quais-situacoes-ela-e-indicada\/\">\n\t\t\t\t\t\tReposi\u00e7\u00e3o hormonal: entenda em quais situa\u00e7\u00f5es ela \u00e9 indicada\t\t\t\t\t<\/a>\n\t\t\t\t<\/h4>\n\t\t\t\n\t\t\t\t\t\t\t\t\t\t<div class=\"fusion-rollover-categories\"><a href=\"https:\/\/www.formularium.com.br\/inform\/categoria\/informe-saude\/\" rel=\"tag\">Informe Sa\u00fade<\/a><\/div>\t\t\t\t\t\n\t\t\n\t\t\t\t\t\t<a class=\"fusion-link-wrapper\" href=\"https:\/\/www.formularium.com.br\/inform\/informe-saude\/reposicao-hormonal-entenda-em-quais-situacoes-ela-e-indicada\/\" aria-label=\"Reposi\u00e7\u00e3o hormonal: entenda em quais situa\u00e7\u00f5es ela \u00e9 indicada\"><\/a>\n\t<\/div>\n<\/div>\n<\/div>\n<\/li>\n\t\t\t\n\t\t\t\n\t\t\t\t\t\t\t\t\t\t\t\t\t\t\t\t\t\t\t\t\t\t\t\t\t\t\t\t\t\t\t\t\t\t\t\t\t\t\t\t\t\t\t\t\t\t\t\t\t\t\t\t\t\t\t\t\t\t\t\t\t\t\t\t\t\t\t\t<\/ul>\n\t<\/div>\n\t<div class=\"fusion-post-content-wrapper\" style=\"padding:30px 25px 20px 25px;\"><div class=\"fusion-post-content post-content\"><h2 class=\"blog-shortcode-post-title entry-title\"><a href=\"https:\/\/www.formularium.com.br\/inform\/informe-saude\/reposicao-hormonal-entenda-em-quais-situacoes-ela-e-indicada\/\">Reposi\u00e7\u00e3o hormonal: entenda em quais situa\u00e7\u00f5es ela \u00e9 indicada<\/a><\/h2><p class=\"fusion-single-line-meta\"><span class=\"vcard\" style=\"display: none;\"><span class=\"fn\"><a href=\"https:\/\/www.formularium.com.br\/inform\/author\/admin\/\" title=\"Posts de admin\" rel=\"author\">admin<\/a><\/span><\/span><span class=\"updated\" style=\"display:none;\">2023-11-22T19:07:11-03:00<\/span>Categorias: <a href=\"https:\/\/www.formularium.com.br\/inform\/categoria\/informe-saude\/\" rel=\"category tag\">Informe Sa\u00fade<\/a><span class=\"fusion-inline-sep\">|<\/span><span class=\"meta-tags\">Tags: <a href=\"https:\/\/www.formularium.com.br\/inform\/tag\/bem-estar\/\" rel=\"tag\">bem-estar<\/a>, <a href=\"https:\/\/www.formularium.com.br\/inform\/tag\/reposicao\/\" rel=\"tag\">Reposi\u00e7\u00e3o<\/a>, <a href=\"https:\/\/www.formularium.com.br\/inform\/tag\/reposicao-hormonal\/\" rel=\"tag\">Reposi\u00e7\u00e3o Hormonal<\/a>, <a href=\"https:\/\/www.formularium.com.br\/inform\/tag\/saude\/\" rel=\"tag\">Sa\u00fade<\/a><\/span><span class=\"fusion-inline-sep\">|<\/span><\/p><div class=\"fusion-content-sep sep-single sep-solid\"><\/div><div class=\"fusion-post-content-container\"><p> A reposi\u00e7\u00e3o hormonal tem sido um t\u00f3pico de discuss\u00e3o importante no mundo da sa\u00fade, [...]<\/p><\/div><\/div><div class=\"fusion-meta-info\"><div class=\"fusion-alignleft\"><a class=\"fusion-read-more\" href=\"https:\/\/www.formularium.com.br\/inform\/informe-saude\/reposicao-hormonal-entenda-em-quais-situacoes-ela-e-indicada\/\" aria-label=\"More on Reposi\u00e7\u00e3o hormonal: entenda em quais situa\u00e7\u00f5es ela \u00e9 indicada\">Ler Mais<\/a><\/div><\/div><\/div><div class=\"fusion-clearfix\"><\/div><\/div>\n<\/article>\n<article id=\"blog-1-post-313\" class=\"fusion-post-grid fusion-sticky post-313 post type-post status-publish format-standard has-post-thumbnail hentry category-profissionais-da-saude tag-saude tag-vitaminas\">\n<div class=\"fusion-post-wrapper\" style=\"background-color:rgba(255,255,255,0);border:1px solid #ebeaea;border-bottom-width:3px;\">\n\n\t\t\t<div class=\"fusion-flexslider flexslider fusion-flexslider-loading fusion-post-slideshow\" style=\"border-color:#ebeaea;\">\n\t\t<ul class=\"slides\">\n\t\t\t\n\t\t\t\t\t\t\t\t\t\t\t\t\t\t<li><div  class=\"fusion-image-wrapper\" aria-haspopup=\"true\">\n\t\t\t\t<img decoding=\"async\" width=\"1000\" height=\"630\" src=\"data:image\/svg+xml,%3Csvg%20xmlns%3D%27http%3A%2F%2Fwww.w3.org%2F2000%2Fsvg%27%20width%3D%271000%27%20height%3D%27630%27%20viewBox%3D%270%200%201000%20630%27%3E%3Crect%20width%3D%271000%27%20height%3D%27630%27%20fill-opacity%3D%220%22%2F%3E%3C%2Fsvg%3E\" class=\"attachment-full size-full lazyload wp-post-image\" alt=\"Vitamina D\" data-orig-src=\"https:\/\/www.formularium.com.br\/inform\/wp-content\/uploads\/2014\/11\/vitamina-d.jpg\" \/><div class=\"fusion-rollover\">\n\t<div class=\"fusion-rollover-content\">\n\n\t\t\t\t\t\t\t\t\t\t\t\t\t\t<a class=\"fusion-rollover-link\" href=\"https:\/\/www.formularium.com.br\/inform\/profissionais-da-saude\/na-dose-certa-um-pouco-mais-sobre-a-vitamina-d\/\">Na dose certa, um pouco mais sobre a vitamina D<\/a>\n\t\t\t\n\t\t\t\t\t\t\t\t\n\t\t\n\t\t\t\t\t\t\t\t\t\t\t\t<h4 class=\"fusion-rollover-title\">\n\t\t\t\t\t<a class=\"fusion-rollover-title-link\" href=\"https:\/\/www.formularium.com.br\/inform\/profissionais-da-saude\/na-dose-certa-um-pouco-mais-sobre-a-vitamina-d\/\">\n\t\t\t\t\t\tNa dose certa, um pouco mais sobre a vitamina D\t\t\t\t\t<\/a>\n\t\t\t\t<\/h4>\n\t\t\t\n\t\t\t\t\t\t\t\t\t\t<div class=\"fusion-rollover-categories\"><a href=\"https:\/\/www.formularium.com.br\/inform\/categoria\/profissionais-da-saude\/\" rel=\"tag\">Profissionais da Sa\u00fade<\/a><\/div>\t\t\t\t\t\n\t\t\n\t\t\t\t\t\t<a class=\"fusion-link-wrapper\" href=\"https:\/\/www.formularium.com.br\/inform\/profissionais-da-saude\/na-dose-certa-um-pouco-mais-sobre-a-vitamina-d\/\" aria-label=\"Na dose certa, um pouco mais sobre a vitamina D\"><\/a>\n\t<\/div>\n<\/div>\n<\/div>\n<\/li>\n\t\t\t\n\t\t\t\n\t\t\t\t\t\t\t\t\t\t\t\t\t\t\t\t\t\t\t\t\t\t\t\t\t\t\t\t\t\t\t\t\t\t\t\t\t\t\t\t\t\t\t\t\t\t\t\t\t\t\t\t\t\t\t\t\t\t\t\t\t\t\t\t\t\t\t\t<\/ul>\n\t<\/div>\n\t<div class=\"fusion-post-content-wrapper\" style=\"padding:30px 25px 20px 25px;\"><div class=\"fusion-post-content post-content\"><h2 class=\"blog-shortcode-post-title entry-title\"><a href=\"https:\/\/www.formularium.com.br\/inform\/profissionais-da-saude\/na-dose-certa-um-pouco-mais-sobre-a-vitamina-d\/\">Na dose certa, um pouco mais sobre a vitamina D<\/a><\/h2><p class=\"fusion-single-line-meta\"><span class=\"vcard\" style=\"display: none;\"><span class=\"fn\"><a href=\"https:\/\/www.formularium.com.br\/inform\/author\/admin\/\" title=\"Posts de admin\" rel=\"author\">admin<\/a><\/span><\/span><span class=\"updated\" style=\"display:none;\">2023-11-21T16:18:49-03:00<\/span>Categorias: <a href=\"https:\/\/www.formularium.com.br\/inform\/categoria\/profissionais-da-saude\/\" rel=\"category tag\">Profissionais da Sa\u00fade<\/a><span class=\"fusion-inline-sep\">|<\/span><span class=\"meta-tags\">Tags: <a href=\"https:\/\/www.formularium.com.br\/inform\/tag\/saude\/\" rel=\"tag\">Sa\u00fade<\/a>, <a href=\"https:\/\/www.formularium.com.br\/inform\/tag\/vitaminas\/\" rel=\"tag\">Vitaminas<\/a><\/span><span class=\"fusion-inline-sep\">|<\/span><\/p><div class=\"fusion-content-sep sep-single sep-solid\"><\/div><div class=\"fusion-post-content-container\"><p>Recentemente, houve um ressurgimento do interesse no papel da suplementa\u00e7\u00e3o de vitamina D3 na preven\u00e7\u00e3o [...]<\/p><\/div><\/div><div class=\"fusion-meta-info\"><div class=\"fusion-alignleft\"><a class=\"fusion-read-more\" href=\"https:\/\/www.formularium.com.br\/inform\/profissionais-da-saude\/na-dose-certa-um-pouco-mais-sobre-a-vitamina-d\/\" aria-label=\"More on Na dose certa, um pouco mais sobre a vitamina D\">Ler Mais<\/a><\/div><\/div><\/div><div class=\"fusion-clearfix\"><\/div><\/div>\n<\/article>\n<article id=\"blog-1-post-167\" class=\"fusion-post-grid fusion-sticky post-167 post type-post status-publish format-standard has-post-thumbnail hentry category-informe-saude tag-estilo-de-vida tag-saude\">\n<div class=\"fusion-post-wrapper\" style=\"background-color:rgba(255,255,255,0);border:1px solid #ebeaea;border-bottom-width:3px;\">\n\n\t\t\t<div class=\"fusion-flexslider flexslider fusion-flexslider-loading fusion-post-slideshow\" style=\"border-color:#ebeaea;\">\n\t\t<ul class=\"slides\">\n\t\t\t\n\t\t\t\t\t\t\t\t\t\t\t\t\t\t<li><div  class=\"fusion-image-wrapper\" aria-haspopup=\"true\">\n\t\t\t\t<img decoding=\"async\" width=\"7952\" height=\"5304\" src=\"https:\/\/www.formularium.com.br\/inform\/wp-content\/uploads\/2013\/11\/close-up-na-jovem-empresaria.jpg\" class=\"attachment-full size-full lazyload wp-post-image\" alt=\"como evitar o estresse\" srcset=\"data:image\/svg+xml,%3Csvg%20xmlns%3D%27http%3A%2F%2Fwww.w3.org%2F2000%2Fsvg%27%20width%3D%277952%27%20height%3D%275304%27%20viewBox%3D%270%200%207952%205304%27%3E%3Crect%20width%3D%277952%27%20height%3D%275304%27%20fill-opacity%3D%220%22%2F%3E%3C%2Fsvg%3E\" data-orig-src=\"https:\/\/www.formularium.com.br\/inform\/wp-content\/uploads\/2013\/11\/close-up-na-jovem-empresaria.jpg\" data-srcset=\"https:\/\/www.formularium.com.br\/inform\/wp-content\/uploads\/2013\/11\/close-up-na-jovem-empresaria-200x133.jpg 200w, https:\/\/www.formularium.com.br\/inform\/wp-content\/uploads\/2013\/11\/close-up-na-jovem-empresaria-400x267.jpg 400w, https:\/\/www.formularium.com.br\/inform\/wp-content\/uploads\/2013\/11\/close-up-na-jovem-empresaria-600x400.jpg 600w, https:\/\/www.formularium.com.br\/inform\/wp-content\/uploads\/2013\/11\/close-up-na-jovem-empresaria-800x534.jpg 800w, https:\/\/www.formularium.com.br\/inform\/wp-content\/uploads\/2013\/11\/close-up-na-jovem-empresaria-1200x800.jpg 1200w, https:\/\/www.formularium.com.br\/inform\/wp-content\/uploads\/2013\/11\/close-up-na-jovem-empresaria.jpg 7952w\" data-sizes=\"auto\" \/><div class=\"fusion-rollover\">\n\t<div class=\"fusion-rollover-content\">\n\n\t\t\t\t\t\t\t\t\t\t\t\t\t\t<a class=\"fusion-rollover-link\" href=\"https:\/\/www.formularium.com.br\/inform\/informe-saude\/dicas-para-prevencao-do-stress\/\">Como evitar o estresse? Confira 15 dicas pr\u00e1ticas e eficientes<\/a>\n\t\t\t\n\t\t\t\t\t\t\t\t\n\t\t\n\t\t\t\t\t\t\t\t\t\t\t\t<h4 class=\"fusion-rollover-title\">\n\t\t\t\t\t<a class=\"fusion-rollover-title-link\" href=\"https:\/\/www.formularium.com.br\/inform\/informe-saude\/dicas-para-prevencao-do-stress\/\">\n\t\t\t\t\t\tComo evitar o estresse? Confira 15 dicas pr\u00e1ticas e eficientes\t\t\t\t\t<\/a>\n\t\t\t\t<\/h4>\n\t\t\t\n\t\t\t\t\t\t\t\t\t\t<div class=\"fusion-rollover-categories\"><a href=\"https:\/\/www.formularium.com.br\/inform\/categoria\/informe-saude\/\" rel=\"tag\">Informe Sa\u00fade<\/a><\/div>\t\t\t\t\t\n\t\t\n\t\t\t\t\t\t<a class=\"fusion-link-wrapper\" href=\"https:\/\/www.formularium.com.br\/inform\/informe-saude\/dicas-para-prevencao-do-stress\/\" aria-label=\"Como evitar o estresse? Confira 15 dicas pr\u00e1ticas e eficientes\"><\/a>\n\t<\/div>\n<\/div>\n<\/div>\n<\/li>\n\t\t\t\n\t\t\t\n\t\t\t\t\t\t\t\t\t\t\t\t\t\t\t\t\t\t\t\t\t\t\t\t\t\t\t\t\t\t\t\t\t\t\t\t\t\t\t\t\t\t\t\t\t\t\t\t\t\t\t\t\t\t\t\t\t\t\t\t\t\t\t\t\t\t\t\t<\/ul>\n\t<\/div>\n\t<div class=\"fusion-post-content-wrapper\" style=\"padding:30px 25px 20px 25px;\"><div class=\"fusion-post-content post-content\"><h2 class=\"blog-shortcode-post-title entry-title\"><a href=\"https:\/\/www.formularium.com.br\/inform\/informe-saude\/dicas-para-prevencao-do-stress\/\">Como evitar o estresse? Confira 15 dicas pr\u00e1ticas e eficientes<\/a><\/h2><p class=\"fusion-single-line-meta\"><span class=\"vcard\" style=\"display: none;\"><span class=\"fn\"><a href=\"https:\/\/www.formularium.com.br\/inform\/author\/admin\/\" title=\"Posts de admin\" rel=\"author\">admin<\/a><\/span><\/span><span class=\"updated\" style=\"display:none;\">2024-08-29T17:50:40-03:00<\/span>Categorias: <a href=\"https:\/\/www.formularium.com.br\/inform\/categoria\/informe-saude\/\" rel=\"category tag\">Informe Sa\u00fade<\/a><span class=\"fusion-inline-sep\">|<\/span><span class=\"meta-tags\">Tags: <a href=\"https:\/\/www.formularium.com.br\/inform\/tag\/estilo-de-vida\/\" rel=\"tag\">Estilo de Vida<\/a>, <a href=\"https:\/\/www.formularium.com.br\/inform\/tag\/saude\/\" rel=\"tag\">Sa\u00fade<\/a><\/span><span class=\"fusion-inline-sep\">|<\/span><\/p><div class=\"fusion-content-sep sep-single sep-solid\"><\/div><div class=\"fusion-post-content-container\"><p> Stress \u00e9 a resposta do organismo a determinados est\u00edmulos que representam circunst\u00e2ncias s\u00fabitas ou [...]<\/p><\/div><\/div><div class=\"fusion-meta-info\"><div class=\"fusion-alignleft\"><a class=\"fusion-read-more\" href=\"https:\/\/www.formularium.com.br\/inform\/informe-saude\/dicas-para-prevencao-do-stress\/\" aria-label=\"More on Como evitar o estresse? Confira 15 dicas pr\u00e1ticas e eficientes\">Ler Mais<\/a><\/div><\/div><\/div><div class=\"fusion-clearfix\"><\/div><\/div>\n<\/article>\n<article id=\"blog-1-post-19775\" class=\"fusion-post-grid fusion-sticky post-19775 post type-post status-publish format-standard has-post-thumbnail hentry category-informe-saude tag-agua-micelar tag-cuidados-com-a-pele tag-dermatologia tag-limpeza-de-pele tag-pele\">\n<div class=\"fusion-post-wrapper\" style=\"background-color:rgba(255,255,255,0);border:1px solid #ebeaea;border-bottom-width:3px;\">\n\n\t\t\t<div class=\"fusion-flexslider flexslider fusion-flexslider-loading fusion-post-slideshow\" style=\"border-color:#ebeaea;\">\n\t\t<ul class=\"slides\">\n\t\t\t\n\t\t\t\t\t\t\t\t\t\t\t\t\t\t<li><div  class=\"fusion-image-wrapper\" aria-haspopup=\"true\">\n\t\t\t\t<img decoding=\"async\" width=\"590\" height=\"394\" src=\"https:\/\/www.formularium.com.br\/inform\/wp-content\/uploads\/2023\/09\/WhatsApp-Image-2023-09-18-at-11.01.49.jpeg\" class=\"attachment-full size-full lazyload wp-post-image\" alt=\"\u00e1gua micelar\" srcset=\"data:image\/svg+xml,%3Csvg%20xmlns%3D%27http%3A%2F%2Fwww.w3.org%2F2000%2Fsvg%27%20width%3D%27590%27%20height%3D%27394%27%20viewBox%3D%270%200%20590%20394%27%3E%3Crect%20width%3D%27590%27%20height%3D%27394%27%20fill-opacity%3D%220%22%2F%3E%3C%2Fsvg%3E\" data-orig-src=\"https:\/\/www.formularium.com.br\/inform\/wp-content\/uploads\/2023\/09\/WhatsApp-Image-2023-09-18-at-11.01.49.jpeg\" data-srcset=\"https:\/\/www.formularium.com.br\/inform\/wp-content\/uploads\/2023\/09\/WhatsApp-Image-2023-09-18-at-11.01.49-200x134.jpeg 200w, https:\/\/www.formularium.com.br\/inform\/wp-content\/uploads\/2023\/09\/WhatsApp-Image-2023-09-18-at-11.01.49-400x267.jpeg 400w, https:\/\/www.formularium.com.br\/inform\/wp-content\/uploads\/2023\/09\/WhatsApp-Image-2023-09-18-at-11.01.49.jpeg 590w\" data-sizes=\"auto\" \/><div class=\"fusion-rollover\">\n\t<div class=\"fusion-rollover-content\">\n\n\t\t\t\t\t\t\t\t\t\t\t\t\t\t<a class=\"fusion-rollover-link\" href=\"https:\/\/www.formularium.com.br\/inform\/informe-saude\/agua-micelar-beneficios\/\">Para que serve \u00e1gua micelar? Conhe\u00e7a seus benef\u00edcios<\/a>\n\t\t\t\n\t\t\t\t\t\t\t\t\n\t\t\n\t\t\t\t\t\t\t\t\t\t\t\t<h4 class=\"fusion-rollover-title\">\n\t\t\t\t\t<a class=\"fusion-rollover-title-link\" href=\"https:\/\/www.formularium.com.br\/inform\/informe-saude\/agua-micelar-beneficios\/\">\n\t\t\t\t\t\tPara que serve \u00e1gua micelar? Conhe\u00e7a seus benef\u00edcios\t\t\t\t\t<\/a>\n\t\t\t\t<\/h4>\n\t\t\t\n\t\t\t\t\t\t\t\t\t\t<div class=\"fusion-rollover-categories\"><a href=\"https:\/\/www.formularium.com.br\/inform\/categoria\/informe-saude\/\" rel=\"tag\">Informe Sa\u00fade<\/a><\/div>\t\t\t\t\t\n\t\t\n\t\t\t\t\t\t<a class=\"fusion-link-wrapper\" href=\"https:\/\/www.formularium.com.br\/inform\/informe-saude\/agua-micelar-beneficios\/\" aria-label=\"Para que serve \u00e1gua micelar? Conhe\u00e7a seus benef\u00edcios\"><\/a>\n\t<\/div>\n<\/div>\n<\/div>\n<\/li>\n\t\t\t\n\t\t\t\n\t\t\t\t\t\t\t\t\t\t\t\t\t\t\t\t\t\t\t\t\t\t\t\t\t\t\t\t\t\t\t\t\t\t\t\t\t\t\t\t\t\t\t\t\t\t\t\t\t\t\t\t\t\t\t\t\t\t\t\t\t\t\t\t\t\t\t\t<\/ul>\n\t<\/div>\n\t<div class=\"fusion-post-content-wrapper\" style=\"padding:30px 25px 20px 25px;\"><div class=\"fusion-post-content post-content\"><h2 class=\"blog-shortcode-post-title entry-title\"><a href=\"https:\/\/www.formularium.com.br\/inform\/informe-saude\/agua-micelar-beneficios\/\">Para que serve \u00e1gua micelar? Conhe\u00e7a seus benef\u00edcios<\/a><\/h2><p class=\"fusion-single-line-meta\"><span class=\"vcard\" style=\"display: none;\"><span class=\"fn\"><a href=\"https:\/\/www.formularium.com.br\/inform\/author\/louise\/\" title=\"Posts de Autor\" rel=\"author\">Autor<\/a><\/span><\/span><span class=\"updated\" style=\"display:none;\">2023-09-20T11:53:12-03:00<\/span>Categorias: <a href=\"https:\/\/www.formularium.com.br\/inform\/categoria\/informe-saude\/\" rel=\"category tag\">Informe Sa\u00fade<\/a><span class=\"fusion-inline-sep\">|<\/span><span class=\"meta-tags\">Tags: <a href=\"https:\/\/www.formularium.com.br\/inform\/tag\/agua-micelar\/\" rel=\"tag\">\u00e1gua micelar<\/a>, <a href=\"https:\/\/www.formularium.com.br\/inform\/tag\/cuidados-com-a-pele\/\" rel=\"tag\">Cuidados Com a Pele<\/a>, <a href=\"https:\/\/www.formularium.com.br\/inform\/tag\/dermatologia\/\" rel=\"tag\">Dermatologia<\/a>, <a href=\"https:\/\/www.formularium.com.br\/inform\/tag\/limpeza-de-pele\/\" rel=\"tag\">Limpeza de Pele<\/a>, <a href=\"https:\/\/www.formularium.com.br\/inform\/tag\/pele\/\" rel=\"tag\">Pele<\/a><\/span><span class=\"fusion-inline-sep\">|<\/span><\/p><div class=\"fusion-content-sep sep-single sep-solid\"><\/div><div class=\"fusion-post-content-container\"><p>A \u00e1gua micelar \u00e9 um fundamental produto de cuidados com a pele, especialmente formulado para [...]<\/p><\/div><\/div><div class=\"fusion-meta-info\"><div class=\"fusion-alignleft\"><a class=\"fusion-read-more\" href=\"https:\/\/www.formularium.com.br\/inform\/informe-saude\/agua-micelar-beneficios\/\" aria-label=\"More on Para que serve \u00e1gua micelar? Conhe\u00e7a seus benef\u00edcios\">Ler Mais<\/a><\/div><\/div><\/div><div class=\"fusion-clearfix\"><\/div><\/div>\n<\/article>\n<article id=\"blog-1-post-202\" class=\"fusion-post-grid fusion-sticky post-202 post type-post status-publish format-standard has-post-thumbnail hentry category-informe-saude tag-beleza tag-estetica tag-inverno tag-pele\">\n<div class=\"fusion-post-wrapper\" style=\"background-color:rgba(255,255,255,0);border:1px solid #ebeaea;border-bottom-width:3px;\">\n\n\t\t\t<div class=\"fusion-flexslider flexslider fusion-flexslider-loading fusion-post-slideshow\" style=\"border-color:#ebeaea;\">\n\t\t<ul class=\"slides\">\n\t\t\t\n\t\t\t\t\t\t\t\t\t\t\t\t\t\t<li><div  class=\"fusion-image-wrapper\" aria-haspopup=\"true\">\n\t\t\t\t<img decoding=\"async\" width=\"960\" height=\"638\" src=\"data:image\/svg+xml,%3Csvg%20xmlns%3D%27http%3A%2F%2Fwww.w3.org%2F2000%2Fsvg%27%20width%3D%27960%27%20height%3D%27638%27%20viewBox%3D%270%200%20960%20638%27%3E%3Crect%20width%3D%27960%27%20height%3D%27638%27%20fill-opacity%3D%220%22%2F%3E%3C%2Fsvg%3E\" class=\"attachment-full size-full lazyload wp-post-image\" alt=\"Inverno\" data-orig-src=\"https:\/\/www.formularium.com.br\/inform\/wp-content\/uploads\/2013\/11\/Foto27.jpg\" \/><div class=\"fusion-rollover\">\n\t<div class=\"fusion-rollover-content\">\n\n\t\t\t\t\t\t\t\t\t\t\t\t\t\t<a class=\"fusion-rollover-link\" href=\"https:\/\/www.formularium.com.br\/inform\/informe-saude\/cuidados-com-a-pele-no-inverno\/\">10 cuidados com a pele no inverno<\/a>\n\t\t\t\n\t\t\t\t\t\t\t\t\n\t\t\n\t\t\t\t\t\t\t\t\t\t\t\t<h4 class=\"fusion-rollover-title\">\n\t\t\t\t\t<a class=\"fusion-rollover-title-link\" href=\"https:\/\/www.formularium.com.br\/inform\/informe-saude\/cuidados-com-a-pele-no-inverno\/\">\n\t\t\t\t\t\t10 cuidados com a pele no inverno\t\t\t\t\t<\/a>\n\t\t\t\t<\/h4>\n\t\t\t\n\t\t\t\t\t\t\t\t\t\t<div class=\"fusion-rollover-categories\"><a href=\"https:\/\/www.formularium.com.br\/inform\/categoria\/informe-saude\/\" rel=\"tag\">Informe Sa\u00fade<\/a><\/div>\t\t\t\t\t\n\t\t\n\t\t\t\t\t\t<a class=\"fusion-link-wrapper\" href=\"https:\/\/www.formularium.com.br\/inform\/informe-saude\/cuidados-com-a-pele-no-inverno\/\" aria-label=\"10 cuidados com a pele no inverno\"><\/a>\n\t<\/div>\n<\/div>\n<\/div>\n<\/li>\n\t\t\t\n\t\t\t\n\t\t\t\t\t\t\t\t\t\t\t\t\t\t\t\t\t\t\t\t\t\t\t\t\t\t\t\t\t\t\t\t\t\t\t\t\t\t\t\t\t\t\t\t\t\t\t\t\t\t\t\t\t\t\t\t\t\t\t\t\t\t\t\t\t\t\t\t<\/ul>\n\t<\/div>\n\t<div class=\"fusion-post-content-wrapper\" style=\"padding:30px 25px 20px 25px;\"><div class=\"fusion-post-content post-content\"><h2 class=\"blog-shortcode-post-title entry-title\"><a href=\"https:\/\/www.formularium.com.br\/inform\/informe-saude\/cuidados-com-a-pele-no-inverno\/\">10 cuidados com a pele no inverno<\/a><\/h2><p class=\"fusion-single-line-meta\"><span class=\"vcard\" style=\"display: none;\"><span class=\"fn\"><a href=\"https:\/\/www.formularium.com.br\/inform\/author\/admin\/\" title=\"Posts de admin\" rel=\"author\">admin<\/a><\/span><\/span><span class=\"updated\" style=\"display:none;\">2023-08-22T10:30:56-03:00<\/span>Categorias: <a href=\"https:\/\/www.formularium.com.br\/inform\/categoria\/informe-saude\/\" rel=\"category tag\">Informe Sa\u00fade<\/a><span class=\"fusion-inline-sep\">|<\/span><span class=\"meta-tags\">Tags: <a href=\"https:\/\/www.formularium.com.br\/inform\/tag\/beleza\/\" rel=\"tag\">Beleza<\/a>, <a href=\"https:\/\/www.formularium.com.br\/inform\/tag\/estetica\/\" rel=\"tag\">Est\u00e9tica<\/a>, <a href=\"https:\/\/www.formularium.com.br\/inform\/tag\/inverno\/\" rel=\"tag\">inverno<\/a>, <a href=\"https:\/\/www.formularium.com.br\/inform\/tag\/pele\/\" rel=\"tag\">Pele<\/a><\/span><span class=\"fusion-inline-sep\">|<\/span><\/p><div class=\"fusion-content-sep sep-single sep-solid\"><\/div><div class=\"fusion-post-content-container\"><p>Voc\u00ea conhece a import\u00e2ncia de ter espec\u00edficos cuidados com a pele no inverno? Primeiramente, vale [...]<\/p><\/div><\/div><div class=\"fusion-meta-info\"><div class=\"fusion-alignleft\"><a class=\"fusion-read-more\" href=\"https:\/\/www.formularium.com.br\/inform\/informe-saude\/cuidados-com-a-pele-no-inverno\/\" aria-label=\"More on 10 cuidados com a pele no inverno\">Ler Mais<\/a><\/div><\/div><\/div><div class=\"fusion-clearfix\"><\/div><\/div>\n<\/article>\n<article id=\"blog-1-post-12365\" class=\"fusion-post-grid fusion-sticky post-12365 post type-post status-publish format-standard has-post-thumbnail hentry category-profissionais-da-saude category-sem-categoria tag-controle-do-peso tag-emagrecimento tag-gerenciamento-de-peso tag-peso\">\n<div class=\"fusion-post-wrapper\" style=\"background-color:rgba(255,255,255,0);border:1px solid #ebeaea;border-bottom-width:3px;\">\n\n\t\t\t<div class=\"fusion-flexslider flexslider fusion-flexslider-loading fusion-post-slideshow\" style=\"border-color:#ebeaea;\">\n\t\t<ul class=\"slides\">\n\t\t\t\n\t\t\t\t\t\t\t\t\t\t\t\t\t\t<li><div  class=\"fusion-image-wrapper\" aria-haspopup=\"true\">\n\t\t\t\t<img decoding=\"async\" width=\"6720\" height=\"4480\" src=\"https:\/\/www.formularium.com.br\/inform\/wp-content\/uploads\/2023\/08\/mulher-africana-esta-medindo-a-cintura-com-um-centimetro.jpg\" class=\"attachment-full size-full lazyload wp-post-image\" alt=\"gerenciamento de peso\" srcset=\"data:image\/svg+xml,%3Csvg%20xmlns%3D%27http%3A%2F%2Fwww.w3.org%2F2000%2Fsvg%27%20width%3D%276720%27%20height%3D%274480%27%20viewBox%3D%270%200%206720%204480%27%3E%3Crect%20width%3D%276720%27%20height%3D%274480%27%20fill-opacity%3D%220%22%2F%3E%3C%2Fsvg%3E\" data-orig-src=\"https:\/\/www.formularium.com.br\/inform\/wp-content\/uploads\/2023\/08\/mulher-africana-esta-medindo-a-cintura-com-um-centimetro.jpg\" data-srcset=\"https:\/\/www.formularium.com.br\/inform\/wp-content\/uploads\/2023\/08\/mulher-africana-esta-medindo-a-cintura-com-um-centimetro-200x133.jpg 200w, https:\/\/www.formularium.com.br\/inform\/wp-content\/uploads\/2023\/08\/mulher-africana-esta-medindo-a-cintura-com-um-centimetro-400x267.jpg 400w, https:\/\/www.formularium.com.br\/inform\/wp-content\/uploads\/2023\/08\/mulher-africana-esta-medindo-a-cintura-com-um-centimetro-600x400.jpg 600w, https:\/\/www.formularium.com.br\/inform\/wp-content\/uploads\/2023\/08\/mulher-africana-esta-medindo-a-cintura-com-um-centimetro-800x533.jpg 800w, https:\/\/www.formularium.com.br\/inform\/wp-content\/uploads\/2023\/08\/mulher-africana-esta-medindo-a-cintura-com-um-centimetro-1200x800.jpg 1200w, https:\/\/www.formularium.com.br\/inform\/wp-content\/uploads\/2023\/08\/mulher-africana-esta-medindo-a-cintura-com-um-centimetro.jpg 6720w\" data-sizes=\"auto\" \/><div class=\"fusion-rollover\">\n\t<div class=\"fusion-rollover-content\">\n\n\t\t\t\t\t\t\t\t\t\t\t\t\t\t<a class=\"fusion-rollover-link\" href=\"https:\/\/www.formularium.com.br\/inform\/sem-categoria\/o-gerenciamento-do-peso-atraves-de-formulacoes\/\">Gerenciamento do peso atrav\u00e9s de formula\u00e7\u00f5es<\/a>\n\t\t\t\n\t\t\t\t\t\t\t\t\n\t\t\n\t\t\t\t\t\t\t\t\t\t\t\t<h4 class=\"fusion-rollover-title\">\n\t\t\t\t\t<a class=\"fusion-rollover-title-link\" href=\"https:\/\/www.formularium.com.br\/inform\/sem-categoria\/o-gerenciamento-do-peso-atraves-de-formulacoes\/\">\n\t\t\t\t\t\tGerenciamento do peso atrav\u00e9s de formula\u00e7\u00f5es\t\t\t\t\t<\/a>\n\t\t\t\t<\/h4>\n\t\t\t\n\t\t\t\t\t\t\t\t\t\t<div class=\"fusion-rollover-categories\"><a href=\"https:\/\/www.formularium.com.br\/inform\/categoria\/profissionais-da-saude\/\" rel=\"tag\">Profissionais da Sa\u00fade<\/a>, <a href=\"https:\/\/www.formularium.com.br\/inform\/categoria\/sem-categoria\/\" rel=\"tag\">Sem categoria<\/a><\/div>\t\t\t\t\t\n\t\t\n\t\t\t\t\t\t<a class=\"fusion-link-wrapper\" href=\"https:\/\/www.formularium.com.br\/inform\/sem-categoria\/o-gerenciamento-do-peso-atraves-de-formulacoes\/\" aria-label=\"Gerenciamento do peso atrav\u00e9s de formula\u00e7\u00f5es\"><\/a>\n\t<\/div>\n<\/div>\n<\/div>\n<\/li>\n\t\t\t\n\t\t\t\n\t\t\t\t\t\t\t\t\t\t\t\t\t\t\t\t\t\t\t\t\t\t\t\t\t\t\t\t\t\t\t\t\t\t\t\t\t\t\t\t\t\t\t\t\t\t\t\t\t\t\t\t\t\t\t\t\t\t\t\t\t\t\t\t\t\t\t\t<\/ul>\n\t<\/div>\n\t<div class=\"fusion-post-content-wrapper\" style=\"padding:30px 25px 20px 25px;\"><div class=\"fusion-post-content post-content\"><h2 class=\"blog-shortcode-post-title entry-title\"><a href=\"https:\/\/www.formularium.com.br\/inform\/sem-categoria\/o-gerenciamento-do-peso-atraves-de-formulacoes\/\">Gerenciamento do peso atrav\u00e9s de formula\u00e7\u00f5es<\/a><\/h2><p class=\"fusion-single-line-meta\"><span class=\"vcard\" style=\"display: none;\"><span class=\"fn\"><a href=\"https:\/\/www.formularium.com.br\/inform\/author\/louise\/\" title=\"Posts de Autor\" rel=\"author\">Autor<\/a><\/span><\/span><span class=\"updated\" style=\"display:none;\">2023-09-13T15:01:16-03:00<\/span>Categorias: <a href=\"https:\/\/www.formularium.com.br\/inform\/categoria\/profissionais-da-saude\/\" rel=\"category tag\">Profissionais da Sa\u00fade<\/a>, <a href=\"https:\/\/www.formularium.com.br\/inform\/categoria\/sem-categoria\/\" rel=\"category tag\">Sem categoria<\/a><span class=\"fusion-inline-sep\">|<\/span><span class=\"meta-tags\">Tags: <a href=\"https:\/\/www.formularium.com.br\/inform\/tag\/controle-do-peso\/\" rel=\"tag\">Controle do Peso<\/a>, <a href=\"https:\/\/www.formularium.com.br\/inform\/tag\/emagrecimento\/\" rel=\"tag\">Emagrecimento<\/a>, <a href=\"https:\/\/www.formularium.com.br\/inform\/tag\/gerenciamento-de-peso\/\" rel=\"tag\">Gerenciamento de Peso<\/a>, <a href=\"https:\/\/www.formularium.com.br\/inform\/tag\/peso\/\" rel=\"tag\">Peso<\/a><\/span><span class=\"fusion-inline-sep\">|<\/span><\/p><div class=\"fusion-content-sep sep-single sep-solid\"><\/div><div class=\"fusion-post-content-container\"><p>  A busca pelo peso ideal de modo saud\u00e1vel \u00e9 um desafio para muitos. [...]<\/p><\/div><\/div><div class=\"fusion-meta-info\"><div class=\"fusion-alignleft\"><a class=\"fusion-read-more\" href=\"https:\/\/www.formularium.com.br\/inform\/sem-categoria\/o-gerenciamento-do-peso-atraves-de-formulacoes\/\" aria-label=\"More on Gerenciamento do peso atrav\u00e9s de formula\u00e7\u00f5es\">Ler Mais<\/a><\/div><\/div><\/div><div class=\"fusion-clearfix\"><\/div><\/div>\n<\/article>\n<article id=\"blog-1-post-19678\" class=\"fusion-post-grid fusion-sticky post-19678 post type-post status-publish format-standard has-post-thumbnail hentry category-informe-saude tag-diabetes tag-diabetes-gestacional tag-gestacao tag-gravidez\">\n<div class=\"fusion-post-wrapper\" style=\"background-color:rgba(255,255,255,0);border:1px solid #ebeaea;border-bottom-width:3px;\">\n\n\t\t\t<div class=\"fusion-flexslider flexslider fusion-flexslider-loading fusion-post-slideshow\" style=\"border-color:#ebeaea;\">\n\t\t<ul class=\"slides\">\n\t\t\t\n\t\t\t\t\t\t\t\t\t\t\t\t\t\t<li><div  class=\"fusion-image-wrapper\" aria-haspopup=\"true\">\n\t\t\t\t<img decoding=\"async\" width=\"7360\" height=\"4912\" src=\"https:\/\/www.formularium.com.br\/inform\/wp-content\/uploads\/2023\/08\/mulher-gravida-sentada-perto.jpg\" class=\"attachment-full size-full lazyload wp-post-image\" alt=\"diabetes-gestacional\" srcset=\"data:image\/svg+xml,%3Csvg%20xmlns%3D%27http%3A%2F%2Fwww.w3.org%2F2000%2Fsvg%27%20width%3D%277360%27%20height%3D%274912%27%20viewBox%3D%270%200%207360%204912%27%3E%3Crect%20width%3D%277360%27%20height%3D%274912%27%20fill-opacity%3D%220%22%2F%3E%3C%2Fsvg%3E\" data-orig-src=\"https:\/\/www.formularium.com.br\/inform\/wp-content\/uploads\/2023\/08\/mulher-gravida-sentada-perto.jpg\" data-srcset=\"https:\/\/www.formularium.com.br\/inform\/wp-content\/uploads\/2023\/08\/mulher-gravida-sentada-perto-200x133.jpg 200w, https:\/\/www.formularium.com.br\/inform\/wp-content\/uploads\/2023\/08\/mulher-gravida-sentada-perto-400x267.jpg 400w, https:\/\/www.formularium.com.br\/inform\/wp-content\/uploads\/2023\/08\/mulher-gravida-sentada-perto-600x400.jpg 600w, https:\/\/www.formularium.com.br\/inform\/wp-content\/uploads\/2023\/08\/mulher-gravida-sentada-perto-800x534.jpg 800w, https:\/\/www.formularium.com.br\/inform\/wp-content\/uploads\/2023\/08\/mulher-gravida-sentada-perto-1200x801.jpg 1200w, https:\/\/www.formularium.com.br\/inform\/wp-content\/uploads\/2023\/08\/mulher-gravida-sentada-perto.jpg 7360w\" data-sizes=\"auto\" \/><div class=\"fusion-rollover\">\n\t<div class=\"fusion-rollover-content\">\n\n\t\t\t\t\t\t\t\t\t\t\t\t\t\t<a class=\"fusion-rollover-link\" href=\"https:\/\/www.formularium.com.br\/inform\/informe-saude\/diabetes-gestacional\/\">Diabetes gestacional: diagn\u00f3stico e tratamento<\/a>\n\t\t\t\n\t\t\t\t\t\t\t\t\n\t\t\n\t\t\t\t\t\t\t\t\t\t\t\t<h4 class=\"fusion-rollover-title\">\n\t\t\t\t\t<a class=\"fusion-rollover-title-link\" href=\"https:\/\/www.formularium.com.br\/inform\/informe-saude\/diabetes-gestacional\/\">\n\t\t\t\t\t\tDiabetes gestacional: diagn\u00f3stico e tratamento\t\t\t\t\t<\/a>\n\t\t\t\t<\/h4>\n\t\t\t\n\t\t\t\t\t\t\t\t\t\t<div class=\"fusion-rollover-categories\"><a href=\"https:\/\/www.formularium.com.br\/inform\/categoria\/informe-saude\/\" rel=\"tag\">Informe Sa\u00fade<\/a><\/div>\t\t\t\t\t\n\t\t\n\t\t\t\t\t\t<a class=\"fusion-link-wrapper\" href=\"https:\/\/www.formularium.com.br\/inform\/informe-saude\/diabetes-gestacional\/\" aria-label=\"Diabetes gestacional: diagn\u00f3stico e tratamento\"><\/a>\n\t<\/div>\n<\/div>\n<\/div>\n<\/li>\n\t\t\t\n\t\t\t\n\t\t\t\t\t\t\t\t\t\t\t\t\t\t\t\t\t\t\t\t\t\t\t\t\t\t\t\t\t\t\t\t\t\t\t\t\t\t\t\t\t\t\t\t\t\t\t\t\t\t\t\t\t\t\t\t\t\t\t\t\t\t\t\t\t\t\t\t<\/ul>\n\t<\/div>\n\t<div class=\"fusion-post-content-wrapper\" style=\"padding:30px 25px 20px 25px;\"><div class=\"fusion-post-content post-content\"><h2 class=\"blog-shortcode-post-title entry-title\"><a href=\"https:\/\/www.formularium.com.br\/inform\/informe-saude\/diabetes-gestacional\/\">Diabetes gestacional: diagn\u00f3stico e tratamento<\/a><\/h2><p class=\"fusion-single-line-meta\"><span class=\"vcard\" style=\"display: none;\"><span class=\"fn\"><a href=\"https:\/\/www.formularium.com.br\/inform\/author\/admin\/\" title=\"Posts de admin\" rel=\"author\">admin<\/a><\/span><\/span><span class=\"updated\" style=\"display:none;\">2023-08-17T15:32:23-03:00<\/span>Categorias: <a href=\"https:\/\/www.formularium.com.br\/inform\/categoria\/informe-saude\/\" rel=\"category tag\">Informe Sa\u00fade<\/a><span class=\"fusion-inline-sep\">|<\/span><span class=\"meta-tags\">Tags: <a href=\"https:\/\/www.formularium.com.br\/inform\/tag\/diabetes\/\" rel=\"tag\">Diabetes<\/a>, <a href=\"https:\/\/www.formularium.com.br\/inform\/tag\/diabetes-gestacional\/\" rel=\"tag\">Diabetes Gestacional<\/a>, <a href=\"https:\/\/www.formularium.com.br\/inform\/tag\/gestacao\/\" rel=\"tag\">Gesta\u00e7\u00e3o<\/a>, <a href=\"https:\/\/www.formularium.com.br\/inform\/tag\/gravidez\/\" rel=\"tag\">Gravidez<\/a><\/span><span class=\"fusion-inline-sep\">|<\/span><\/p><div class=\"fusion-content-sep sep-single sep-solid\"><\/div><div class=\"fusion-post-content-container\"><p>A diabetes gestacional: diagn\u00f3stico e tratamento \u00e9 caracterizada pelo aumento dos n\u00edveis de glicose no [...]<\/p><\/div><\/div><div class=\"fusion-meta-info\"><div class=\"fusion-alignleft\"><a class=\"fusion-read-more\" href=\"https:\/\/www.formularium.com.br\/inform\/informe-saude\/diabetes-gestacional\/\" aria-label=\"More on Diabetes gestacional: diagn\u00f3stico e tratamento\">Ler Mais<\/a><\/div><\/div><\/div><div class=\"fusion-clearfix\"><\/div><\/div>\n<\/article>\n<article id=\"blog-1-post-19605\" class=\"fusion-post-grid fusion-sticky post-19605 post type-post status-publish format-standard has-post-thumbnail hentry category-informe-saude tag-burnout tag-estresse tag-estresse-cronico tag-saude-mental\">\n<div class=\"fusion-post-wrapper\" style=\"background-color:rgba(255,255,255,0);border:1px solid #ebeaea;border-bottom-width:3px;\">\n\n\t\t\t<div class=\"fusion-flexslider flexslider fusion-flexslider-loading fusion-post-slideshow\" style=\"border-color:#ebeaea;\">\n\t\t<ul class=\"slides\">\n\t\t\t\n\t\t\t\t\t\t\t\t\t\t\t\t\t\t<li><div  class=\"fusion-image-wrapper\" aria-haspopup=\"true\">\n\t\t\t\t<img decoding=\"async\" width=\"4104\" height=\"2736\" src=\"https:\/\/www.formularium.com.br\/inform\/wp-content\/uploads\/2023\/07\/empregada-exausta-trabalhando-no-projeto.jpg\" class=\"attachment-full size-full lazyload wp-post-image\" alt=\"burnout\" srcset=\"data:image\/svg+xml,%3Csvg%20xmlns%3D%27http%3A%2F%2Fwww.w3.org%2F2000%2Fsvg%27%20width%3D%274104%27%20height%3D%272736%27%20viewBox%3D%270%200%204104%202736%27%3E%3Crect%20width%3D%274104%27%20height%3D%272736%27%20fill-opacity%3D%220%22%2F%3E%3C%2Fsvg%3E\" data-orig-src=\"https:\/\/www.formularium.com.br\/inform\/wp-content\/uploads\/2023\/07\/empregada-exausta-trabalhando-no-projeto.jpg\" data-srcset=\"https:\/\/www.formularium.com.br\/inform\/wp-content\/uploads\/2023\/07\/empregada-exausta-trabalhando-no-projeto-200x133.jpg 200w, https:\/\/www.formularium.com.br\/inform\/wp-content\/uploads\/2023\/07\/empregada-exausta-trabalhando-no-projeto-400x267.jpg 400w, https:\/\/www.formularium.com.br\/inform\/wp-content\/uploads\/2023\/07\/empregada-exausta-trabalhando-no-projeto-600x400.jpg 600w, https:\/\/www.formularium.com.br\/inform\/wp-content\/uploads\/2023\/07\/empregada-exausta-trabalhando-no-projeto-800x533.jpg 800w, https:\/\/www.formularium.com.br\/inform\/wp-content\/uploads\/2023\/07\/empregada-exausta-trabalhando-no-projeto-1200x800.jpg 1200w, https:\/\/www.formularium.com.br\/inform\/wp-content\/uploads\/2023\/07\/empregada-exausta-trabalhando-no-projeto.jpg 4104w\" data-sizes=\"auto\" \/><div class=\"fusion-rollover\">\n\t<div class=\"fusion-rollover-content\">\n\n\t\t\t\t\t\t\t\t\t\t\t\t\t\t<a class=\"fusion-rollover-link\" href=\"https:\/\/www.formularium.com.br\/inform\/informe-saude\/o-que-e-burnout\/\">O que \u00e9 burnout? Reconhe\u00e7a os sintomas e trate!<\/a>\n\t\t\t\n\t\t\t\t\t\t\t\t\n\t\t\n\t\t\t\t\t\t\t\t\t\t\t\t<h4 class=\"fusion-rollover-title\">\n\t\t\t\t\t<a class=\"fusion-rollover-title-link\" href=\"https:\/\/www.formularium.com.br\/inform\/informe-saude\/o-que-e-burnout\/\">\n\t\t\t\t\t\tO que \u00e9 burnout? Reconhe\u00e7a os sintomas e trate!\t\t\t\t\t<\/a>\n\t\t\t\t<\/h4>\n\t\t\t\n\t\t\t\t\t\t\t\t\t\t<div class=\"fusion-rollover-categories\"><a href=\"https:\/\/www.formularium.com.br\/inform\/categoria\/informe-saude\/\" rel=\"tag\">Informe Sa\u00fade<\/a><\/div>\t\t\t\t\t\n\t\t\n\t\t\t\t\t\t<a class=\"fusion-link-wrapper\" href=\"https:\/\/www.formularium.com.br\/inform\/informe-saude\/o-que-e-burnout\/\" aria-label=\"O que \u00e9 burnout? Reconhe\u00e7a os sintomas e trate!\"><\/a>\n\t<\/div>\n<\/div>\n<\/div>\n<\/li>\n\t\t\t\n\t\t\t\n\t\t\t\t\t\t\t\t\t\t\t\t\t\t\t\t\t\t\t\t\t\t\t\t\t\t\t\t\t\t\t\t\t\t\t\t\t\t\t\t\t\t\t\t\t\t\t\t\t\t\t\t\t\t\t\t\t\t\t\t\t\t\t\t\t\t\t\t<\/ul>\n\t<\/div>\n\t<div class=\"fusion-post-content-wrapper\" style=\"padding:30px 25px 20px 25px;\"><div class=\"fusion-post-content post-content\"><h2 class=\"blog-shortcode-post-title entry-title\"><a href=\"https:\/\/www.formularium.com.br\/inform\/informe-saude\/o-que-e-burnout\/\">O que \u00e9 burnout? Reconhe\u00e7a os sintomas e trate!<\/a><\/h2><p class=\"fusion-single-line-meta\"><span class=\"vcard\" style=\"display: none;\"><span class=\"fn\"><a href=\"https:\/\/www.formularium.com.br\/inform\/author\/louise\/\" title=\"Posts de Autor\" rel=\"author\">Autor<\/a><\/span><\/span><span class=\"updated\" style=\"display:none;\">2023-08-22T10:29:02-03:00<\/span>Categorias: <a href=\"https:\/\/www.formularium.com.br\/inform\/categoria\/informe-saude\/\" rel=\"category tag\">Informe Sa\u00fade<\/a><span class=\"fusion-inline-sep\">|<\/span><span class=\"meta-tags\">Tags: <a href=\"https:\/\/www.formularium.com.br\/inform\/tag\/burnout\/\" rel=\"tag\">burnout<\/a>, <a href=\"https:\/\/www.formularium.com.br\/inform\/tag\/estresse\/\" rel=\"tag\">Estresse<\/a>, <a href=\"https:\/\/www.formularium.com.br\/inform\/tag\/estresse-cronico\/\" rel=\"tag\">Estresse Cr\u00f4nico<\/a>, <a href=\"https:\/\/www.formularium.com.br\/inform\/tag\/saude-mental\/\" rel=\"tag\">Sa\u00fade Mental<\/a><\/span><span class=\"fusion-inline-sep\">|<\/span><\/p><div class=\"fusion-content-sep sep-single sep-solid\"><\/div><div class=\"fusion-post-content-container\"><p> O burnout \u00e9 um termo muito usado atualmente, mas muitos de n\u00f3s talvez n\u00e3o [...]<\/p><\/div><\/div><div class=\"fusion-meta-info\"><div class=\"fusion-alignleft\"><a class=\"fusion-read-more\" href=\"https:\/\/www.formularium.com.br\/inform\/informe-saude\/o-que-e-burnout\/\" aria-label=\"More on O que \u00e9 burnout? Reconhe\u00e7a os sintomas e trate!\">Ler Mais<\/a><\/div><\/div><\/div><div class=\"fusion-clearfix\"><\/div><\/div>\n<\/article>\n<article id=\"blog-1-post-184\" class=\"fusion-post-grid fusion-sticky post-184 post type-post status-publish format-standard has-post-thumbnail hentry category-informe-saude tag-alimentacao tag-celulite tag-nutricao-funcional tag-pele\">\n<div class=\"fusion-post-wrapper\" style=\"background-color:rgba(255,255,255,0);border:1px solid #ebeaea;border-bottom-width:3px;\">\n\n\t\t\t<div class=\"fusion-flexslider flexslider fusion-flexslider-loading fusion-post-slideshow\" style=\"border-color:#ebeaea;\">\n\t\t<ul class=\"slides\">\n\t\t\t\n\t\t\t\t\t\t\t\t\t\t\t\t\t\t<li><div  class=\"fusion-image-wrapper\" aria-haspopup=\"true\">\n\t\t\t\t<img decoding=\"async\" width=\"960\" height=\"640\" src=\"data:image\/svg+xml,%3Csvg%20xmlns%3D%27http%3A%2F%2Fwww.w3.org%2F2000%2Fsvg%27%20width%3D%27960%27%20height%3D%27640%27%20viewBox%3D%270%200%20960%20640%27%3E%3Crect%20width%3D%27960%27%20height%3D%27640%27%20fill-opacity%3D%220%22%2F%3E%3C%2Fsvg%3E\" class=\"attachment-full size-full lazyload wp-post-image\" alt=\"Celulite\" data-orig-src=\"https:\/\/www.formularium.com.br\/inform\/wp-content\/uploads\/2013\/11\/Foto19.jpg\" \/><div class=\"fusion-rollover\">\n\t<div class=\"fusion-rollover-content\">\n\n\t\t\t\t\t\t\t\t\t\t\t\t\t\t<a class=\"fusion-rollover-link\" href=\"https:\/\/www.formularium.com.br\/inform\/informe-saude\/nutricao-funcional-celulite\/\">Nutri\u00e7\u00e3o funcional: o que \u00e9 e seus benef\u00edcios no tratamento da celulite<\/a>\n\t\t\t\n\t\t\t\t\t\t\t\t\n\t\t\n\t\t\t\t\t\t\t\t\t\t\t\t<h4 class=\"fusion-rollover-title\">\n\t\t\t\t\t<a class=\"fusion-rollover-title-link\" href=\"https:\/\/www.formularium.com.br\/inform\/informe-saude\/nutricao-funcional-celulite\/\">\n\t\t\t\t\t\tNutri\u00e7\u00e3o funcional: o que \u00e9 e seus benef\u00edcios no tratamento da celulite\t\t\t\t\t<\/a>\n\t\t\t\t<\/h4>\n\t\t\t\n\t\t\t\t\t\t\t\t\t\t<div class=\"fusion-rollover-categories\"><a href=\"https:\/\/www.formularium.com.br\/inform\/categoria\/informe-saude\/\" rel=\"tag\">Informe Sa\u00fade<\/a><\/div>\t\t\t\t\t\n\t\t\n\t\t\t\t\t\t<a class=\"fusion-link-wrapper\" href=\"https:\/\/www.formularium.com.br\/inform\/informe-saude\/nutricao-funcional-celulite\/\" aria-label=\"Nutri\u00e7\u00e3o funcional: o que \u00e9 e seus benef\u00edcios no tratamento da celulite\"><\/a>\n\t<\/div>\n<\/div>\n<\/div>\n<\/li>\n\t\t\t\n\t\t\t\n\t\t\t\t\t\t\t\t\t\t\t\t\t\t\t\t\t\t\t\t\t\t\t\t\t\t\t\t\t\t\t\t\t\t\t\t\t\t\t\t\t\t\t\t\t\t\t\t\t\t\t\t\t\t\t\t\t\t\t\t\t\t\t\t\t\t\t\t<\/ul>\n\t<\/div>\n\t<div class=\"fusion-post-content-wrapper\" style=\"padding:30px 25px 20px 25px;\"><div class=\"fusion-post-content post-content\"><h2 class=\"blog-shortcode-post-title entry-title\"><a href=\"https:\/\/www.formularium.com.br\/inform\/informe-saude\/nutricao-funcional-celulite\/\">Nutri\u00e7\u00e3o funcional: o que \u00e9 e seus benef\u00edcios no tratamento da celulite<\/a><\/h2><p class=\"fusion-single-line-meta\"><span class=\"vcard\" style=\"display: none;\"><span class=\"fn\"><a href=\"https:\/\/www.formularium.com.br\/inform\/author\/admin\/\" title=\"Posts de admin\" rel=\"author\">admin<\/a><\/span><\/span><span class=\"updated\" style=\"display:none;\">2024-01-16T14:55:28-03:00<\/span>Categorias: <a href=\"https:\/\/www.formularium.com.br\/inform\/categoria\/informe-saude\/\" rel=\"category tag\">Informe Sa\u00fade<\/a><span class=\"fusion-inline-sep\">|<\/span><span class=\"meta-tags\">Tags: <a href=\"https:\/\/www.formularium.com.br\/inform\/tag\/alimentacao\/\" rel=\"tag\">Alimenta\u00e7\u00e3o<\/a>, <a href=\"https:\/\/www.formularium.com.br\/inform\/tag\/celulite\/\" rel=\"tag\">Celulite<\/a>, <a href=\"https:\/\/www.formularium.com.br\/inform\/tag\/nutricao-funcional\/\" rel=\"tag\">Nutri\u00e7\u00e3o Funcional<\/a>, <a href=\"https:\/\/www.formularium.com.br\/inform\/tag\/pele\/\" rel=\"tag\">Pele<\/a><\/span><span class=\"fusion-inline-sep\">|<\/span><\/p><div class=\"fusion-content-sep sep-single sep-solid\"><\/div><div class=\"fusion-post-content-container\"><p>Muito se fala sobre as causas da celulite. Entre as explica\u00e7\u00f5es, destacam-se as teorias al\u00e9rgicas, [...]<\/p><\/div><\/div><div class=\"fusion-meta-info\"><div class=\"fusion-alignleft\"><a class=\"fusion-read-more\" href=\"https:\/\/www.formularium.com.br\/inform\/informe-saude\/nutricao-funcional-celulite\/\" aria-label=\"More on Nutri\u00e7\u00e3o funcional: o que \u00e9 e seus benef\u00edcios no tratamento da celulite\">Ler Mais<\/a><\/div><\/div><\/div><div class=\"fusion-clearfix\"><\/div><\/div>\n<\/article>\n<article id=\"blog-1-post-18897\" class=\"fusion-post-grid fusion-sticky post-18897 post type-post status-publish format-standard has-post-thumbnail hentry category-informe-saude tag-alergia-infantil tag-alergias tag-alergias-na-pele tag-cuidados-com-a-pele tag-dicas-de-saude tag-infantil\">\n<div class=\"fusion-post-wrapper\" style=\"background-color:rgba(255,255,255,0);border:1px solid #ebeaea;border-bottom-width:3px;\">\n\n\t\t\t<div class=\"fusion-flexslider flexslider fusion-flexslider-loading fusion-post-slideshow\" style=\"border-color:#ebeaea;\">\n\t\t<ul class=\"slides\">\n\t\t\t\n\t\t\t\t\t\t\t\t\t\t\t\t\t\t<li><div  class=\"fusion-image-wrapper\" aria-haspopup=\"true\">\n\t\t\t\t<img decoding=\"async\" width=\"3864\" height=\"2576\" src=\"https:\/\/www.formularium.com.br\/inform\/wp-content\/uploads\/2022\/07\/iStock-1046974214.jpg\" class=\"attachment-full size-full lazyload wp-post-image\" alt=\"A alergia infantil na pele tende a melhorar durante o crescimento da crian\u00e7a. Entretanto, se n\u00e3o forem tratadas da forma correta, as rea\u00e7\u00f5es al\u00e9rgicas podem se agravar, causando problemas mais s\u00e9rios.\" srcset=\"data:image\/svg+xml,%3Csvg%20xmlns%3D%27http%3A%2F%2Fwww.w3.org%2F2000%2Fsvg%27%20width%3D%273864%27%20height%3D%272576%27%20viewBox%3D%270%200%203864%202576%27%3E%3Crect%20width%3D%273864%27%20height%3D%272576%27%20fill-opacity%3D%220%22%2F%3E%3C%2Fsvg%3E\" data-orig-src=\"https:\/\/www.formularium.com.br\/inform\/wp-content\/uploads\/2022\/07\/iStock-1046974214.jpg\" data-srcset=\"https:\/\/www.formularium.com.br\/inform\/wp-content\/uploads\/2022\/07\/iStock-1046974214-200x133.jpg 200w, https:\/\/www.formularium.com.br\/inform\/wp-content\/uploads\/2022\/07\/iStock-1046974214-400x267.jpg 400w, https:\/\/www.formularium.com.br\/inform\/wp-content\/uploads\/2022\/07\/iStock-1046974214-600x400.jpg 600w, https:\/\/www.formularium.com.br\/inform\/wp-content\/uploads\/2022\/07\/iStock-1046974214-800x533.jpg 800w, https:\/\/www.formularium.com.br\/inform\/wp-content\/uploads\/2022\/07\/iStock-1046974214-1200x800.jpg 1200w, https:\/\/www.formularium.com.br\/inform\/wp-content\/uploads\/2022\/07\/iStock-1046974214.jpg 3864w\" data-sizes=\"auto\" \/><div class=\"fusion-rollover\">\n\t<div class=\"fusion-rollover-content\">\n\n\t\t\t\t\t\t\t\t\t\t\t\t\t\t<a class=\"fusion-rollover-link\" href=\"https:\/\/www.formularium.com.br\/inform\/informe-saude\/alergia-infantil-na-pele-principais-causas-cuidados-e-o-que-fazer\/\">Alergia infantil na pele: principais causas, cuidados e o que fazer<\/a>\n\t\t\t\n\t\t\t\t\t\t\t\t\n\t\t\n\t\t\t\t\t\t\t\t\t\t\t\t<h4 class=\"fusion-rollover-title\">\n\t\t\t\t\t<a class=\"fusion-rollover-title-link\" href=\"https:\/\/www.formularium.com.br\/inform\/informe-saude\/alergia-infantil-na-pele-principais-causas-cuidados-e-o-que-fazer\/\">\n\t\t\t\t\t\tAlergia infantil na pele: principais causas, cuidados e o que fazer\t\t\t\t\t<\/a>\n\t\t\t\t<\/h4>\n\t\t\t\n\t\t\t\t\t\t\t\t\t\t<div class=\"fusion-rollover-categories\"><a href=\"https:\/\/www.formularium.com.br\/inform\/categoria\/informe-saude\/\" rel=\"tag\">Informe Sa\u00fade<\/a><\/div>\t\t\t\t\t\n\t\t\n\t\t\t\t\t\t<a class=\"fusion-link-wrapper\" href=\"https:\/\/www.formularium.com.br\/inform\/informe-saude\/alergia-infantil-na-pele-principais-causas-cuidados-e-o-que-fazer\/\" aria-label=\"Alergia infantil na pele: principais causas, cuidados e o que fazer\"><\/a>\n\t<\/div>\n<\/div>\n<\/div>\n<\/li>\n\t\t\t\n\t\t\t\n\t\t\t\t\t\t\t\t\t\t\t\t\t\t\t\t\t\t\t\t\t\t\t\t\t\t\t\t\t\t\t\t\t\t\t\t\t\t\t\t\t\t\t\t\t\t\t\t\t\t\t\t\t\t\t\t\t\t\t\t\t\t\t\t\t\t\t\t<\/ul>\n\t<\/div>\n\t<div class=\"fusion-post-content-wrapper\" style=\"padding:30px 25px 20px 25px;\"><div class=\"fusion-post-content post-content\"><h2 class=\"blog-shortcode-post-title entry-title\"><a href=\"https:\/\/www.formularium.com.br\/inform\/informe-saude\/alergia-infantil-na-pele-principais-causas-cuidados-e-o-que-fazer\/\">Alergia infantil na pele: principais causas, cuidados e o que fazer<\/a><\/h2><p class=\"fusion-single-line-meta\"><span class=\"vcard\" style=\"display: none;\"><span class=\"fn\"><a href=\"https:\/\/www.formularium.com.br\/inform\/author\/louise\/\" title=\"Posts de Autor\" rel=\"author\">Autor<\/a><\/span><\/span><span class=\"updated\" style=\"display:none;\">2022-07-14T09:34:54-03:00<\/span>Categorias: <a href=\"https:\/\/www.formularium.com.br\/inform\/categoria\/informe-saude\/\" rel=\"category tag\">Informe Sa\u00fade<\/a><span class=\"fusion-inline-sep\">|<\/span><span class=\"meta-tags\">Tags: <a href=\"https:\/\/www.formularium.com.br\/inform\/tag\/alergia-infantil\/\" rel=\"tag\">alergia infantil<\/a>, <a href=\"https:\/\/www.formularium.com.br\/inform\/tag\/alergias\/\" rel=\"tag\">Alergias<\/a>, <a href=\"https:\/\/www.formularium.com.br\/inform\/tag\/alergias-na-pele\/\" rel=\"tag\">alergias na pele<\/a>, <a href=\"https:\/\/www.formularium.com.br\/inform\/tag\/cuidados-com-a-pele\/\" rel=\"tag\">Cuidados Com a Pele<\/a>, <a href=\"https:\/\/www.formularium.com.br\/inform\/tag\/dicas-de-saude\/\" rel=\"tag\">Dicas de Sa\u00fade<\/a>, <a href=\"https:\/\/www.formularium.com.br\/inform\/tag\/infantil\/\" rel=\"tag\">Infantil<\/a><\/span><span class=\"fusion-inline-sep\">|<\/span><\/p><div class=\"fusion-content-sep sep-single sep-solid\"><\/div><div class=\"fusion-post-content-container\"><p>A alergia infantil na pele tende a melhorar durante o crescimento da crian\u00e7a. Entretanto, se [...]<\/p><\/div><\/div><div class=\"fusion-meta-info\"><div class=\"fusion-alignleft\"><a class=\"fusion-read-more\" href=\"https:\/\/www.formularium.com.br\/inform\/informe-saude\/alergia-infantil-na-pele-principais-causas-cuidados-e-o-que-fazer\/\" aria-label=\"More on Alergia infantil na pele: principais causas, cuidados e o que fazer\">Ler Mais<\/a><\/div><\/div><\/div><div class=\"fusion-clearfix\"><\/div><\/div>\n<\/article>\n<article id=\"blog-1-post-20653\" class=\"fusion-post-grid post-20653 post type-post status-publish format-standard has-post-thumbnail hentry category-nutricao category-sedap tag-alzheimer tag-antioxidantes tag-estresse-oxidativo tag-inflamacao tag-neurodegeneracao tag-saude-cerebral tag-silimarina tag-suplementacao-adjuvante\">\n<div class=\"fusion-post-wrapper\" style=\"background-color:rgba(255,255,255,0);border:1px solid #ebeaea;border-bottom-width:3px;\">\n\n\t\t\t<div class=\"fusion-flexslider flexslider fusion-flexslider-loading fusion-post-slideshow\" style=\"border-color:#ebeaea;\">\n\t\t<ul class=\"slides\">\n\t\t\t\n\t\t\t\t\t\t\t\t\t\t\t\t\t\t<li><div  class=\"fusion-image-wrapper\" aria-haspopup=\"true\">\n\t\t\t\t<img decoding=\"async\" width=\"1000\" height=\"420\" src=\"https:\/\/www.formularium.com.br\/inform\/wp-content\/uploads\/2026\/02\/capa-silimarina-no-estresse-oxidativo-em-pacientes-com-alzheimer.jpg\" class=\"attachment-full size-full lazyload wp-post-image\" alt=\"Silimarina no Estresse Oxidativo em Pacientes com Alzheimer\" srcset=\"data:image\/svg+xml,%3Csvg%20xmlns%3D%27http%3A%2F%2Fwww.w3.org%2F2000%2Fsvg%27%20width%3D%271000%27%20height%3D%27420%27%20viewBox%3D%270%200%201000%20420%27%3E%3Crect%20width%3D%271000%27%20height%3D%27420%27%20fill-opacity%3D%220%22%2F%3E%3C%2Fsvg%3E\" data-orig-src=\"https:\/\/www.formularium.com.br\/inform\/wp-content\/uploads\/2026\/02\/capa-silimarina-no-estresse-oxidativo-em-pacientes-com-alzheimer.jpg\" data-srcset=\"https:\/\/www.formularium.com.br\/inform\/wp-content\/uploads\/2026\/02\/capa-silimarina-no-estresse-oxidativo-em-pacientes-com-alzheimer-200x84.jpg 200w, https:\/\/www.formularium.com.br\/inform\/wp-content\/uploads\/2026\/02\/capa-silimarina-no-estresse-oxidativo-em-pacientes-com-alzheimer-400x168.jpg 400w, https:\/\/www.formularium.com.br\/inform\/wp-content\/uploads\/2026\/02\/capa-silimarina-no-estresse-oxidativo-em-pacientes-com-alzheimer-600x252.jpg 600w, https:\/\/www.formularium.com.br\/inform\/wp-content\/uploads\/2026\/02\/capa-silimarina-no-estresse-oxidativo-em-pacientes-com-alzheimer-800x336.jpg 800w, https:\/\/www.formularium.com.br\/inform\/wp-content\/uploads\/2026\/02\/capa-silimarina-no-estresse-oxidativo-em-pacientes-com-alzheimer.jpg 1000w\" data-sizes=\"auto\" \/><div class=\"fusion-rollover\">\n\t<div class=\"fusion-rollover-content\">\n\n\t\t\t\t\t\t\t\t\t\t\t\t\t\t<a class=\"fusion-rollover-link\" href=\"https:\/\/www.formularium.com.br\/inform\/sedap\/silimarina-no-estresse-oxidativo-em-pacientes-com-alzheimer\/\">Silimarina no Estresse Oxidativo em Pacientes com Alzheimer<\/a>\n\t\t\t\n\t\t\t\t\t\t\t\t\n\t\t\n\t\t\t\t\t\t\t\t\t\t\t\t<h4 class=\"fusion-rollover-title\">\n\t\t\t\t\t<a class=\"fusion-rollover-title-link\" href=\"https:\/\/www.formularium.com.br\/inform\/sedap\/silimarina-no-estresse-oxidativo-em-pacientes-com-alzheimer\/\">\n\t\t\t\t\t\tSilimarina no Estresse Oxidativo em Pacientes com Alzheimer\t\t\t\t\t<\/a>\n\t\t\t\t<\/h4>\n\t\t\t\n\t\t\t\t\t\t\t\t\t\t<div class=\"fusion-rollover-categories\"><a href=\"https:\/\/www.formularium.com.br\/inform\/categoria\/sedap\/nutricao\/\" rel=\"tag\">Nutri\u00e7\u00e3o<\/a>, <a href=\"https:\/\/www.formularium.com.br\/inform\/categoria\/sedap\/\" rel=\"tag\">SEDAP<\/a><\/div>\t\t\t\t\t\n\t\t\n\t\t\t\t\t\t<a class=\"fusion-link-wrapper\" href=\"https:\/\/www.formularium.com.br\/inform\/sedap\/silimarina-no-estresse-oxidativo-em-pacientes-com-alzheimer\/\" aria-label=\"Silimarina no Estresse Oxidativo em Pacientes com Alzheimer\"><\/a>\n\t<\/div>\n<\/div>\n<\/div>\n<\/li>\n\t\t\t\n\t\t\t\n\t\t\t\t\t\t\t\t\t\t\t\t\t\t\t\t\t\t\t\t\t\t\t\t\t\t\t\t\t\t\t\t\t\t\t\t\t\t\t\t\t\t\t\t\t\t\t\t\t\t\t\t\t\t\t\t\t\t\t\t\t\t\t\t\t\t\t\t<\/ul>\n\t<\/div>\n\t<div class=\"fusion-post-content-wrapper\" style=\"padding:30px 25px 20px 25px;\"><div class=\"fusion-post-content post-content\"><h2 class=\"blog-shortcode-post-title entry-title\"><a href=\"https:\/\/www.formularium.com.br\/inform\/sedap\/silimarina-no-estresse-oxidativo-em-pacientes-com-alzheimer\/\">Silimarina no Estresse Oxidativo em Pacientes com Alzheimer<\/a><\/h2><p class=\"fusion-single-line-meta\"><span class=\"vcard\" style=\"display: none;\"><span class=\"fn\"><a href=\"https:\/\/www.formularium.com.br\/inform\/author\/admin\/\" title=\"Posts de admin\" rel=\"author\">admin<\/a><\/span><\/span><span class=\"updated\" style=\"display:none;\">2026-02-22T15:08:41-03:00<\/span>Categorias: <a href=\"https:\/\/www.formularium.com.br\/inform\/categoria\/sedap\/nutricao\/\" rel=\"category tag\">Nutri\u00e7\u00e3o<\/a>, <a href=\"https:\/\/www.formularium.com.br\/inform\/categoria\/sedap\/\" rel=\"category tag\">SEDAP<\/a><span class=\"fusion-inline-sep\">|<\/span><span class=\"meta-tags\">Tags: <a href=\"https:\/\/www.formularium.com.br\/inform\/tag\/alzheimer\/\" rel=\"tag\">Alzheimer<\/a>, <a href=\"https:\/\/www.formularium.com.br\/inform\/tag\/antioxidantes\/\" rel=\"tag\">Antioxidantes<\/a>, <a href=\"https:\/\/www.formularium.com.br\/inform\/tag\/estresse-oxidativo\/\" rel=\"tag\">Estresse Oxidativo<\/a>, <a href=\"https:\/\/www.formularium.com.br\/inform\/tag\/inflamacao\/\" rel=\"tag\">Inflama\u00e7\u00e3o<\/a>, <a href=\"https:\/\/www.formularium.com.br\/inform\/tag\/neurodegeneracao\/\" rel=\"tag\">neurodegenera\u00e7\u00e3o<\/a>, <a href=\"https:\/\/www.formularium.com.br\/inform\/tag\/saude-cerebral\/\" rel=\"tag\">sa\u00fade cerebral<\/a>, <a href=\"https:\/\/www.formularium.com.br\/inform\/tag\/silimarina\/\" rel=\"tag\">Silimarina<\/a>, <a href=\"https:\/\/www.formularium.com.br\/inform\/tag\/suplementacao-adjuvante\/\" rel=\"tag\">suplementa\u00e7\u00e3o adjuvante<\/a><\/span><span class=\"fusion-inline-sep\">|<\/span><\/p><div class=\"fusion-content-sep sep-single sep-solid\"><\/div><div class=\"fusion-post-content-container\"><p>O estresse oxidativo desempenha papel central na fisiopatologia da doen\u00e7a de Alzheimer, contribuindo para inflama\u00e7\u00e3o neuronal e perda progressiva da fun\u00e7\u00e3o cognitiva. A silimarina, reconhecida por sua potente atividade antioxidante, tem demonstrado redu\u00e7\u00e3o de marcadores oxidativos e melhora de par\u00e2metros cognitivos quando utilizada como terapia adjuvante, atuando na prote\u00e7\u00e3o celular e no equil\u00edbrio redox cerebral.<\/p><\/div><\/div><div class=\"fusion-meta-info\"><div class=\"fusion-alignleft\"><a class=\"fusion-read-more\" href=\"https:\/\/www.formularium.com.br\/inform\/sedap\/silimarina-no-estresse-oxidativo-em-pacientes-com-alzheimer\/\" aria-label=\"More on Silimarina no Estresse Oxidativo em Pacientes com Alzheimer\">Ler Mais<\/a><\/div><\/div><\/div><div class=\"fusion-clearfix\"><\/div><\/div>\n<\/article>\n<article id=\"blog-1-post-20642\" class=\"fusion-post-grid post-20642 post type-post status-publish format-standard has-post-thumbnail hentry category-nutricao category-sedap tag-alzheimer-prodromico tag-beta-amiloide tag-demencia-inicial tag-genisteina tag-inflamacao-cerebral tag-neuroprotecao tag-saude-neurologica tag-suplementacao-cognitiva\">\n<div class=\"fusion-post-wrapper\" style=\"background-color:rgba(255,255,255,0);border:1px solid #ebeaea;border-bottom-width:3px;\">\n\n\t\t\t<div class=\"fusion-flexslider flexslider fusion-flexslider-loading fusion-post-slideshow\" style=\"border-color:#ebeaea;\">\n\t\t<ul class=\"slides\">\n\t\t\t\n\t\t\t\t\t\t\t\t\t\t\t\t\t\t<li><div  class=\"fusion-image-wrapper\" aria-haspopup=\"true\">\n\t\t\t\t<img decoding=\"async\" width=\"1000\" height=\"420\" src=\"https:\/\/www.formularium.com.br\/inform\/wp-content\/uploads\/2026\/02\/capa-genisteina-no-gerenciamento-da-demencia-na-doenca-de-alzheimer-prodromica.jpg\" class=\"attachment-full size-full lazyload wp-post-image\" alt=\"Geniste\u00edna no Gerenciamento da Dem\u00eancia na Doen\u00e7a de Alzheimer Prodr\u00f4mica\" srcset=\"data:image\/svg+xml,%3Csvg%20xmlns%3D%27http%3A%2F%2Fwww.w3.org%2F2000%2Fsvg%27%20width%3D%271000%27%20height%3D%27420%27%20viewBox%3D%270%200%201000%20420%27%3E%3Crect%20width%3D%271000%27%20height%3D%27420%27%20fill-opacity%3D%220%22%2F%3E%3C%2Fsvg%3E\" data-orig-src=\"https:\/\/www.formularium.com.br\/inform\/wp-content\/uploads\/2026\/02\/capa-genisteina-no-gerenciamento-da-demencia-na-doenca-de-alzheimer-prodromica.jpg\" data-srcset=\"https:\/\/www.formularium.com.br\/inform\/wp-content\/uploads\/2026\/02\/capa-genisteina-no-gerenciamento-da-demencia-na-doenca-de-alzheimer-prodromica-200x84.jpg 200w, https:\/\/www.formularium.com.br\/inform\/wp-content\/uploads\/2026\/02\/capa-genisteina-no-gerenciamento-da-demencia-na-doenca-de-alzheimer-prodromica-400x168.jpg 400w, https:\/\/www.formularium.com.br\/inform\/wp-content\/uploads\/2026\/02\/capa-genisteina-no-gerenciamento-da-demencia-na-doenca-de-alzheimer-prodromica-600x252.jpg 600w, https:\/\/www.formularium.com.br\/inform\/wp-content\/uploads\/2026\/02\/capa-genisteina-no-gerenciamento-da-demencia-na-doenca-de-alzheimer-prodromica-800x336.jpg 800w, https:\/\/www.formularium.com.br\/inform\/wp-content\/uploads\/2026\/02\/capa-genisteina-no-gerenciamento-da-demencia-na-doenca-de-alzheimer-prodromica.jpg 1000w\" data-sizes=\"auto\" \/><div class=\"fusion-rollover\">\n\t<div class=\"fusion-rollover-content\">\n\n\t\t\t\t\t\t\t\t\t\t\t\t\t\t<a class=\"fusion-rollover-link\" href=\"https:\/\/www.formularium.com.br\/inform\/sedap\/genisteina-no-gerenciamento-da-demencia-na-doenca-de-alzheimer-prodromica\/\">Geniste\u00edna no Gerenciamento da Dem\u00eancia na Doen\u00e7a de Alzheimer Prodr\u00f4mica<\/a>\n\t\t\t\n\t\t\t\t\t\t\t\t\n\t\t\n\t\t\t\t\t\t\t\t\t\t\t\t<h4 class=\"fusion-rollover-title\">\n\t\t\t\t\t<a class=\"fusion-rollover-title-link\" href=\"https:\/\/www.formularium.com.br\/inform\/sedap\/genisteina-no-gerenciamento-da-demencia-na-doenca-de-alzheimer-prodromica\/\">\n\t\t\t\t\t\tGeniste\u00edna no Gerenciamento da Dem\u00eancia na Doen\u00e7a de Alzheimer Prodr\u00f4mica\t\t\t\t\t<\/a>\n\t\t\t\t<\/h4>\n\t\t\t\n\t\t\t\t\t\t\t\t\t\t<div class=\"fusion-rollover-categories\"><a href=\"https:\/\/www.formularium.com.br\/inform\/categoria\/sedap\/nutricao\/\" rel=\"tag\">Nutri\u00e7\u00e3o<\/a>, <a href=\"https:\/\/www.formularium.com.br\/inform\/categoria\/sedap\/\" rel=\"tag\">SEDAP<\/a><\/div>\t\t\t\t\t\n\t\t\n\t\t\t\t\t\t<a class=\"fusion-link-wrapper\" href=\"https:\/\/www.formularium.com.br\/inform\/sedap\/genisteina-no-gerenciamento-da-demencia-na-doenca-de-alzheimer-prodromica\/\" aria-label=\"Geniste\u00edna no Gerenciamento da Dem\u00eancia na Doen\u00e7a de Alzheimer Prodr\u00f4mica\"><\/a>\n\t<\/div>\n<\/div>\n<\/div>\n<\/li>\n\t\t\t\n\t\t\t\n\t\t\t\t\t\t\t\t\t\t\t\t\t\t\t\t\t\t\t\t\t\t\t\t\t\t\t\t\t\t\t\t\t\t\t\t\t\t\t\t\t\t\t\t\t\t\t\t\t\t\t\t\t\t\t\t\t\t\t\t\t\t\t\t\t\t\t\t<\/ul>\n\t<\/div>\n\t<div class=\"fusion-post-content-wrapper\" style=\"padding:30px 25px 20px 25px;\"><div class=\"fusion-post-content post-content\"><h2 class=\"blog-shortcode-post-title entry-title\"><a href=\"https:\/\/www.formularium.com.br\/inform\/sedap\/genisteina-no-gerenciamento-da-demencia-na-doenca-de-alzheimer-prodromica\/\">Geniste\u00edna no Gerenciamento da Dem\u00eancia na Doen\u00e7a de Alzheimer Prodr\u00f4mica<\/a><\/h2><p class=\"fusion-single-line-meta\"><span class=\"vcard\" style=\"display: none;\"><span class=\"fn\"><a href=\"https:\/\/www.formularium.com.br\/inform\/author\/admin\/\" title=\"Posts de admin\" rel=\"author\">admin<\/a><\/span><\/span><span class=\"updated\" style=\"display:none;\">2026-02-22T13:53:10-03:00<\/span>Categorias: <a href=\"https:\/\/www.formularium.com.br\/inform\/categoria\/sedap\/nutricao\/\" rel=\"category tag\">Nutri\u00e7\u00e3o<\/a>, <a href=\"https:\/\/www.formularium.com.br\/inform\/categoria\/sedap\/\" rel=\"category tag\">SEDAP<\/a><span class=\"fusion-inline-sep\">|<\/span><span class=\"meta-tags\">Tags: <a href=\"https:\/\/www.formularium.com.br\/inform\/tag\/alzheimer-prodromico\/\" rel=\"tag\">Alzheimer prodr\u00f4mico<\/a>, <a href=\"https:\/\/www.formularium.com.br\/inform\/tag\/beta-amiloide\/\" rel=\"tag\">beta-amiloide<\/a>, <a href=\"https:\/\/www.formularium.com.br\/inform\/tag\/demencia-inicial\/\" rel=\"tag\">dem\u00eancia inicial<\/a>, <a href=\"https:\/\/www.formularium.com.br\/inform\/tag\/genisteina\/\" rel=\"tag\">Geniste\u00edna<\/a>, <a href=\"https:\/\/www.formularium.com.br\/inform\/tag\/inflamacao-cerebral\/\" rel=\"tag\">inflama\u00e7\u00e3o cerebral<\/a>, <a href=\"https:\/\/www.formularium.com.br\/inform\/tag\/neuroprotecao\/\" rel=\"tag\">Neuroprote\u00e7\u00e3o<\/a>, <a href=\"https:\/\/www.formularium.com.br\/inform\/tag\/saude-neurologica\/\" rel=\"tag\">sa\u00fade neurol\u00f3gica<\/a>, <a href=\"https:\/\/www.formularium.com.br\/inform\/tag\/suplementacao-cognitiva\/\" rel=\"tag\">suplementa\u00e7\u00e3o cognitiva<\/a><\/span><span class=\"fusion-inline-sep\">|<\/span><\/p><div class=\"fusion-content-sep sep-single sep-solid\"><\/div><div class=\"fusion-post-content-container\"><p>A geniste\u00edna tem sido estudada como uma estrat\u00e9gia promissora no manejo da doen\u00e7a de Alzheimer em fase prodr\u00f4mica, especialmente por sua a\u00e7\u00e3o anti-inflamat\u00f3ria, antioxidante e anti-beta-amiloide. Evid\u00eancias cl\u00ednicas demonstram impacto positivo em testes neurocognitivos e na estabiliza\u00e7\u00e3o de marcadores associados \u00e0 progress\u00e3o da doen\u00e7a, com potencial para retardar o decl\u00ednio cognitivo e preservar a fun\u00e7\u00e3o neurol\u00f3gica em est\u00e1gios iniciais.<\/p><\/div><\/div><div class=\"fusion-meta-info\"><div class=\"fusion-alignleft\"><a class=\"fusion-read-more\" href=\"https:\/\/www.formularium.com.br\/inform\/sedap\/genisteina-no-gerenciamento-da-demencia-na-doenca-de-alzheimer-prodromica\/\" aria-label=\"More on Geniste\u00edna no Gerenciamento da Dem\u00eancia na Doen\u00e7a de Alzheimer Prodr\u00f4mica\">Ler Mais<\/a><\/div><\/div><\/div><div class=\"fusion-clearfix\"><\/div><\/div>\n<\/article>\n<article id=\"blog-1-post-20640\" class=\"fusion-post-grid post-20640 post type-post status-publish format-standard has-post-thumbnail hentry category-informe-saude tag-emagrecimento tag-formularium tag-saude tag-suplementacao\">\n<div class=\"fusion-post-wrapper\" style=\"background-color:rgba(255,255,255,0);border:1px solid #ebeaea;border-bottom-width:3px;\">\n\n\t\t\t<div class=\"fusion-flexslider flexslider fusion-flexslider-loading fusion-post-slideshow\" style=\"border-color:#ebeaea;\">\n\t\t<ul class=\"slides\">\n\t\t\t\n\t\t\t\t\t\t\t\t\t\t\t\t\t\t<li><div  class=\"fusion-image-wrapper\" aria-haspopup=\"true\">\n\t\t\t\t<img decoding=\"async\" width=\"1600\" height=\"1066\" src=\"https:\/\/www.formularium.com.br\/inform\/wp-content\/uploads\/2026\/02\/Banner-Nutrigenetica.webp\" class=\"attachment-full size-full lazyload wp-post-image\" alt=\"\" srcset=\"data:image\/svg+xml,%3Csvg%20xmlns%3D%27http%3A%2F%2Fwww.w3.org%2F2000%2Fsvg%27%20width%3D%271600%27%20height%3D%271066%27%20viewBox%3D%270%200%201600%201066%27%3E%3Crect%20width%3D%271600%27%20height%3D%271066%27%20fill-opacity%3D%220%22%2F%3E%3C%2Fsvg%3E\" data-orig-src=\"https:\/\/www.formularium.com.br\/inform\/wp-content\/uploads\/2026\/02\/Banner-Nutrigenetica.webp\" data-srcset=\"https:\/\/www.formularium.com.br\/inform\/wp-content\/uploads\/2026\/02\/Banner-Nutrigenetica-200x133.webp 200w, https:\/\/www.formularium.com.br\/inform\/wp-content\/uploads\/2026\/02\/Banner-Nutrigenetica-400x267.webp 400w, https:\/\/www.formularium.com.br\/inform\/wp-content\/uploads\/2026\/02\/Banner-Nutrigenetica-600x400.webp 600w, https:\/\/www.formularium.com.br\/inform\/wp-content\/uploads\/2026\/02\/Banner-Nutrigenetica-800x533.webp 800w, https:\/\/www.formularium.com.br\/inform\/wp-content\/uploads\/2026\/02\/Banner-Nutrigenetica-1200x800.webp 1200w, https:\/\/www.formularium.com.br\/inform\/wp-content\/uploads\/2026\/02\/Banner-Nutrigenetica.webp 1600w\" data-sizes=\"auto\" \/><div class=\"fusion-rollover\">\n\t<div class=\"fusion-rollover-content\">\n\n\t\t\t\t\t\t\t\t\t\t\t\t\t\t<a class=\"fusion-rollover-link\" href=\"https:\/\/www.formularium.com.br\/inform\/informe-saude\/nutrigenetica-como-seu-dna-pode-definir-o-que-voce-deve-comer\/\">Nutrigen\u00e9tica. Como seu DNA Pode Definir o que Voc\u00ea Deve Comer?<\/a>\n\t\t\t\n\t\t\t\t\t\t\t\t\n\t\t\n\t\t\t\t\t\t\t\t\t\t\t\t<h4 class=\"fusion-rollover-title\">\n\t\t\t\t\t<a class=\"fusion-rollover-title-link\" href=\"https:\/\/www.formularium.com.br\/inform\/informe-saude\/nutrigenetica-como-seu-dna-pode-definir-o-que-voce-deve-comer\/\">\n\t\t\t\t\t\tNutrigen\u00e9tica. Como seu DNA Pode Definir o que Voc\u00ea Deve Comer?\t\t\t\t\t<\/a>\n\t\t\t\t<\/h4>\n\t\t\t\n\t\t\t\t\t\t\t\t\t\t<div class=\"fusion-rollover-categories\"><a href=\"https:\/\/www.formularium.com.br\/inform\/categoria\/informe-saude\/\" rel=\"tag\">Informe Sa\u00fade<\/a><\/div>\t\t\t\t\t\n\t\t\n\t\t\t\t\t\t<a class=\"fusion-link-wrapper\" href=\"https:\/\/www.formularium.com.br\/inform\/informe-saude\/nutrigenetica-como-seu-dna-pode-definir-o-que-voce-deve-comer\/\" aria-label=\"Nutrigen\u00e9tica. Como seu DNA Pode Definir o que Voc\u00ea Deve Comer?\"><\/a>\n\t<\/div>\n<\/div>\n<\/div>\n<\/li>\n\t\t\t\n\t\t\t\n\t\t\t\t\t\t\t\t\t\t\t\t\t\t\t\t\t\t\t\t\t\t\t\t\t\t\t\t\t\t\t\t\t\t\t\t\t\t\t\t\t\t\t\t\t\t\t\t\t\t\t\t\t\t\t\t\t\t\t\t\t\t\t\t\t\t\t\t<\/ul>\n\t<\/div>\n\t<div class=\"fusion-post-content-wrapper\" style=\"padding:30px 25px 20px 25px;\"><div class=\"fusion-post-content post-content\"><h2 class=\"blog-shortcode-post-title entry-title\"><a href=\"https:\/\/www.formularium.com.br\/inform\/informe-saude\/nutrigenetica-como-seu-dna-pode-definir-o-que-voce-deve-comer\/\">Nutrigen\u00e9tica. Como seu DNA Pode Definir o que Voc\u00ea Deve Comer?<\/a><\/h2><p class=\"fusion-single-line-meta\"><span class=\"vcard\" style=\"display: none;\"><span class=\"fn\"><a href=\"https:\/\/www.formularium.com.br\/inform\/author\/pedropizolato\/\" title=\"Posts de Pedro Pizolato\" rel=\"author\">Pedro Pizolato<\/a><\/span><\/span><span class=\"updated\" style=\"display:none;\">2026-02-03T11:15:23-03:00<\/span>Categorias: <a href=\"https:\/\/www.formularium.com.br\/inform\/categoria\/informe-saude\/\" rel=\"category tag\">Informe Sa\u00fade<\/a><span class=\"fusion-inline-sep\">|<\/span><span class=\"meta-tags\">Tags: <a href=\"https:\/\/www.formularium.com.br\/inform\/tag\/emagrecimento\/\" rel=\"tag\">Emagrecimento<\/a>, <a href=\"https:\/\/www.formularium.com.br\/inform\/tag\/formularium\/\" rel=\"tag\">Formularium<\/a>, <a href=\"https:\/\/www.formularium.com.br\/inform\/tag\/saude\/\" rel=\"tag\">Sa\u00fade<\/a>, <a href=\"https:\/\/www.formularium.com.br\/inform\/tag\/suplementacao\/\" rel=\"tag\">Suplementa\u00e7\u00e3o<\/a><\/span><span class=\"fusion-inline-sep\">|<\/span><\/p><div class=\"fusion-content-sep sep-single sep-solid\"><\/div><div class=\"fusion-post-content-container\"><p>Voc\u00ea j\u00e1 se perguntou por que algumas pessoas parecem reagir de forma diferente a alimentos, [...]<\/p><\/div><\/div><div class=\"fusion-meta-info\"><div class=\"fusion-alignleft\"><a class=\"fusion-read-more\" href=\"https:\/\/www.formularium.com.br\/inform\/informe-saude\/nutrigenetica-como-seu-dna-pode-definir-o-que-voce-deve-comer\/\" aria-label=\"More on Nutrigen\u00e9tica. Como seu DNA Pode Definir o que Voc\u00ea Deve Comer?\">Ler Mais<\/a><\/div><\/div><\/div><div class=\"fusion-clearfix\"><\/div><\/div>\n<\/article>\n<div class=\"fusion-clearfix\"><\/div><\/div><div class=\"fusion-infinite-scroll-trigger\"><\/div><div class=\"pagination infinite-scroll clearfix\" style=\"display:none;\"><span class=\"current\">1<\/span><a href=\"https:\/\/www.formularium.com.br\/inform\/wp-json\/wp\/v2\/pages\/10602\/page\/2\/\" class=\"inactive\">2<\/a><a class=\"pagination-next\" rel=\"next\" href=\"https:\/\/www.formularium.com.br\/inform\/wp-json\/wp\/v2\/pages\/10602\/page\/2\/\"><span class=\"page-text\">Pr\u00f3ximo<\/span><span class=\"page-next\"><\/span><\/a><\/div><div class=\"fusion-clearfix\"><\/div><\/div><div class=\"fusion-clearfix\"><\/div><\/div><\/div><\/div><\/div>\n","protected":false},"excerpt":{"rendered":"","protected":false},"author":1,"featured_media":0,"parent":0,"menu_order":0,"comment_status":"closed","ping_status":"closed","template":"100-width.php","meta":{"inline_featured_image":false,"_joinchat":[],"footnotes":""},"class_list":["post-10602","page","type-page","status-publish","hentry"],"aioseo_notices":[],"_links":{"self":[{"href":"https:\/\/www.formularium.com.br\/inform\/wp-json\/wp\/v2\/pages\/10602","targetHints":{"allow":["GET"]}}],"collection":[{"href":"https:\/\/www.formularium.com.br\/inform\/wp-json\/wp\/v2\/pages"}],"about":[{"href":"https:\/\/www.formularium.com.br\/inform\/wp-json\/wp\/v2\/types\/page"}],"author":[{"embeddable":true,"href":"https:\/\/www.formularium.com.br\/inform\/wp-json\/wp\/v2\/users\/1"}],"replies":[{"embeddable":true,"href":"https:\/\/www.formularium.com.br\/inform\/wp-json\/wp\/v2\/comments?post=10602"}],"version-history":[{"count":0,"href":"https:\/\/www.formularium.com.br\/inform\/wp-json\/wp\/v2\/pages\/10602\/revisions"}],"wp:attachment":[{"href":"https:\/\/www.formularium.com.br\/inform\/wp-json\/wp\/v2\/media?parent=10602"}],"curies":[{"name":"wp","href":"https:\/\/api.w.org\/{rel}","templated":true}]}}